{"id":436,"date":"2020-06-01T03:00:00","date_gmt":"2020-06-01T01:00:00","guid":{"rendered":"http:\/\/asso.unilim.fr\/fedros\/?page_id=436"},"modified":"2020-06-05T19:51:11","modified_gmt":"2020-06-05T17:51:11","slug":"aderire-alla-fedros","status":"publish","type":"page","link":"https:\/\/asso.unilim.fr\/fedros\/it\/aderire-alla-fedros\/","title":{"rendered":"ADERIRE A FEDROS"},"content":{"rendered":"                        <div class=\"container-fluid bg-grad-right-gray-lighter ul-element-page-header \">\n                            <div class=\"container\">\n                                <div class=\"row\">\n                                    <div class=\"col-xs-12 hidden-xs text-dark\">\n                                                                            <\/div>\n                                    <div class=\"col-xs-0 hidden-xs\">\n                                                                            <\/div>\n\n                                                                            <div class=\"col-sm-12 text-dark\">\n\n                                                                                                    <h1 class=\"blog-title text-primary ul-bold\">ADERIRE A FEDROS                                                                                                            <\/h1>\n\n                                                    <br\/>\n                                                \n\n\n                                                \n                                                                                        <\/div>\n                                    \n                                <\/div>\n                            <\/div>\n                        <\/div>\n                                <div class=\"container-fluid  \" style=\"\">\n                      <div class=\"container\">\n                <div class=\"row \" style=\"margin-top: 30px;margin-bottom: 30px\">        <div class=\"col-sm-12 \">\n                    <div class=\"clearfix ul-element-text \">\n            \n<p style=\"text-align: justify\">Poich\u00e9 una Federazione \u00e8, per definizione, formata dall\u2019associazione di gruppi istituiti, la Federazione Romanza di Semiotica (FedRoS) riunisce Centri di ricerca, Istituti, gruppi all\u2019interno di scuole di dottorato, Dipartimenti universitari o qualsiasi altro gruppo istituzionale abbia esperienza di scambi attraverso pubblicazioni, conferenze, lezioni o incontri di ogni genere. Questi gruppi condivideranno in modo pi\u00f9 efficace le loro ricerche nel quadro istituzionale della Federazione.<\/p>\n<p style=\"text-align: justify\">\n        <\/div>\n                <div class=\"clearfix ul-element-text \">\n            \n<p>In questo contesto, ti invitiamo a leggere lo statuto di FedRoS al link in basso.<\/p>\n<p>&nbsp;<\/p>\n        <\/div>\n                <div class=\"clearfix ul-element-text \">\n            \n<p>Per ulteriori informazioni, si prega di\u00a0<strong><a href=\"http:\/\/asso.unilim.fr\/fedros\/it\/contatto\/\" rel=\"noopener noreferrer\">contattarci.<\/a><\/strong><\/p>\n<p>&nbsp;<\/p>\n        <\/div>\n                <div class=\"clearfix ul-element-text \">\n            \n<p><strong><a href=\"https:\/\/asso.unilim.fr\/fedros\/wp-content\/uploads\/sites\/12\/2020\/05\/Statut-FEDROS-FR-1.pdf\" target=\"_blank\" rel=\"noopener noreferrer\">Statuto della Federazione romanica di semiotica.<\/a><\/strong><\/p>\n<p>&nbsp;<\/p>\n        <\/div>\n                <\/div>\n        <\/div>\n            <\/div>\n                  <\/div>\n        \n","protected":false},"excerpt":{"rendered":"","protected":false},"author":104,"featured_media":0,"parent":0,"menu_order":0,"comment_status":"closed","ping_status":"closed","template":"page-le.php","meta":{"footnotes":""},"class_list":["post-436","page","type-page","status-publish","hentry"],"yoast_head":"<!-- This site is optimized with the Yoast SEO plugin v26.3 - https:\/\/yoast.com\/wordpress\/plugins\/seo\/ -->\n<title>ADERIRE A FEDROS - F\u00e9d\u00e9ration Romane de S\u00e9miotique<\/title>\n<meta name=\"robots\" content=\"index, follow, max-snippet:-1, max-image-preview:large, max-video-preview:-1\" \/>\n<link rel=\"canonical\" href=\"https:\/\/asso.unilim.fr\/fedros\/it\/aderire-alla-fedros\/\" \/>\n<meta property=\"og:locale\" content=\"it_IT\" \/>\n<meta property=\"og:type\" content=\"article\" \/>\n<meta property=\"og:title\" content=\"ADERIRE A FEDROS - F\u00e9d\u00e9ration Romane de S\u00e9miotique\" \/>\n<meta property=\"og:url\" content=\"https:\/\/asso.unilim.fr\/fedros\/it\/aderire-alla-fedros\/\" \/>\n<meta property=\"og:site_name\" content=\"F\u00e9d\u00e9ration Romane de S\u00e9miotique\" \/>\n<meta property=\"article:publisher\" content=\"https:\/\/www.facebook.com\/fedrosemioticaromanza\" \/>\n<meta property=\"article:modified_time\" content=\"2020-06-05T17:51:11+00:00\" \/>\n<meta name=\"twitter:card\" content=\"summary_large_image\" \/>\n<meta name=\"twitter:label1\" content=\"Est. reading time\" \/>\n\t<meta name=\"twitter:data1\" content=\"1 minute\" \/>\n<script type=\"application\/ld+json\" class=\"yoast-schema-graph\">{\"@context\":\"https:\/\/schema.org\",\"@graph\":[{\"@type\":\"WebPage\",\"@id\":\"https:\/\/asso.unilim.fr\/fedros\/it\/aderire-alla-fedros\/\",\"url\":\"https:\/\/asso.unilim.fr\/fedros\/it\/aderire-alla-fedros\/\",\"name\":\"ADERIRE A FEDROS - F\u00e9d\u00e9ration Romane de S\u00e9miotique\",\"isPartOf\":{\"@id\":\"https:\/\/asso.unilim.fr\/fedros\/es\/#website\"},\"datePublished\":\"2020-06-01T01:00:00+00:00\",\"dateModified\":\"2020-06-05T17:51:11+00:00\",\"breadcrumb\":{\"@id\":\"https:\/\/asso.unilim.fr\/fedros\/it\/aderire-alla-fedros\/#breadcrumb\"},\"inLanguage\":\"it-IT\",\"potentialAction\":[{\"@type\":\"ReadAction\",\"target\":[\"https:\/\/asso.unilim.fr\/fedros\/it\/aderire-alla-fedros\/\"]}]},{\"@type\":\"BreadcrumbList\",\"@id\":\"https:\/\/asso.unilim.fr\/fedros\/it\/aderire-alla-fedros\/#breadcrumb\",\"itemListElement\":[{\"@type\":\"ListItem\",\"position\":1,\"name\":\"Accueil\",\"item\":\"https:\/\/asso.unilim.fr\/fedros\/\"},{\"@type\":\"ListItem\",\"position\":2,\"name\":\"ADERIRE A FEDROS\"}]},{\"@type\":\"WebSite\",\"@id\":\"https:\/\/asso.unilim.fr\/fedros\/es\/#website\",\"url\":\"https:\/\/asso.unilim.fr\/fedros\/es\/\",\"name\":\"F\u00e9d\u00e9ration Romane de S\u00e9miotique\",\"description\":\"\",\"publisher\":{\"@id\":\"https:\/\/asso.unilim.fr\/fedros\/es\/#organization\"},\"potentialAction\":[{\"@type\":\"SearchAction\",\"target\":{\"@type\":\"EntryPoint\",\"urlTemplate\":\"https:\/\/asso.unilim.fr\/fedros\/es\/?s={search_term_string}\"},\"query-input\":{\"@type\":\"PropertyValueSpecification\",\"valueRequired\":true,\"valueName\":\"search_term_string\"}}],\"inLanguage\":\"it-IT\"},{\"@type\":\"Organization\",\"@id\":\"https:\/\/asso.unilim.fr\/fedros\/es\/#organization\",\"name\":\"F\u00e9d\u00e9ration Romane de S\u00e9miotique\",\"url\":\"https:\/\/asso.unilim.fr\/fedros\/es\/\",\"logo\":{\"@type\":\"ImageObject\",\"inLanguage\":\"it-IT\",\"@id\":\"https:\/\/asso.unilim.fr\/fedros\/es\/#\/schema\/logo\/image\/\",\"url\":\"https:\/\/asso.unilim.fr\/fedros\/wp-content\/uploads\/sites\/12\/2020\/04\/FRSLOGO-sans-nom.png\",\"contentUrl\":\"https:\/\/asso.unilim.fr\/fedros\/wp-content\/uploads\/sites\/12\/2020\/04\/FRSLOGO-sans-nom.png\",\"width\":624,\"height\":624,\"caption\":\"F\u00e9d\u00e9ration Romane de S\u00e9miotique\"},\"image\":{\"@id\":\"https:\/\/asso.unilim.fr\/fedros\/es\/#\/schema\/logo\/image\/\"},\"sameAs\":[\"https:\/\/www.facebook.com\/fedrosemioticaromanza\",\"https:\/\/www.youtube.com\/channel\/UCaCtzbiSKoIKaZlc9DErntA\"]}]}<\/script>\n<!-- \/ Yoast SEO plugin. -->","yoast_head_json":{"title":"ADERIRE A FEDROS - F\u00e9d\u00e9ration Romane de S\u00e9miotique","robots":{"index":"index","follow":"follow","max-snippet":"max-snippet:-1","max-image-preview":"max-image-preview:large","max-video-preview":"max-video-preview:-1"},"canonical":"https:\/\/asso.unilim.fr\/fedros\/it\/aderire-alla-fedros\/","og_locale":"it_IT","og_type":"article","og_title":"ADERIRE A FEDROS - F\u00e9d\u00e9ration Romane de S\u00e9miotique","og_url":"https:\/\/asso.unilim.fr\/fedros\/it\/aderire-alla-fedros\/","og_site_name":"F\u00e9d\u00e9ration Romane de S\u00e9miotique","article_publisher":"https:\/\/www.facebook.com\/fedrosemioticaromanza","article_modified_time":"2020-06-05T17:51:11+00:00","twitter_card":"summary_large_image","twitter_misc":{"Est. reading time":"1 minute"},"schema":{"@context":"https:\/\/schema.org","@graph":[{"@type":"WebPage","@id":"https:\/\/asso.unilim.fr\/fedros\/it\/aderire-alla-fedros\/","url":"https:\/\/asso.unilim.fr\/fedros\/it\/aderire-alla-fedros\/","name":"ADERIRE A FEDROS - F\u00e9d\u00e9ration Romane de S\u00e9miotique","isPartOf":{"@id":"https:\/\/asso.unilim.fr\/fedros\/es\/#website"},"datePublished":"2020-06-01T01:00:00+00:00","dateModified":"2020-06-05T17:51:11+00:00","breadcrumb":{"@id":"https:\/\/asso.unilim.fr\/fedros\/it\/aderire-alla-fedros\/#breadcrumb"},"inLanguage":"it-IT","potentialAction":[{"@type":"ReadAction","target":["https:\/\/asso.unilim.fr\/fedros\/it\/aderire-alla-fedros\/"]}]},{"@type":"BreadcrumbList","@id":"https:\/\/asso.unilim.fr\/fedros\/it\/aderire-alla-fedros\/#breadcrumb","itemListElement":[{"@type":"ListItem","position":1,"name":"Accueil","item":"https:\/\/asso.unilim.fr\/fedros\/"},{"@type":"ListItem","position":2,"name":"ADERIRE A FEDROS"}]},{"@type":"WebSite","@id":"https:\/\/asso.unilim.fr\/fedros\/es\/#website","url":"https:\/\/asso.unilim.fr\/fedros\/es\/","name":"F\u00e9d\u00e9ration Romane de S\u00e9miotique","description":"","publisher":{"@id":"https:\/\/asso.unilim.fr\/fedros\/es\/#organization"},"potentialAction":[{"@type":"SearchAction","target":{"@type":"EntryPoint","urlTemplate":"https:\/\/asso.unilim.fr\/fedros\/es\/?s={search_term_string}"},"query-input":{"@type":"PropertyValueSpecification","valueRequired":true,"valueName":"search_term_string"}}],"inLanguage":"it-IT"},{"@type":"Organization","@id":"https:\/\/asso.unilim.fr\/fedros\/es\/#organization","name":"F\u00e9d\u00e9ration Romane de S\u00e9miotique","url":"https:\/\/asso.unilim.fr\/fedros\/es\/","logo":{"@type":"ImageObject","inLanguage":"it-IT","@id":"https:\/\/asso.unilim.fr\/fedros\/es\/#\/schema\/logo\/image\/","url":"https:\/\/asso.unilim.fr\/fedros\/wp-content\/uploads\/sites\/12\/2020\/04\/FRSLOGO-sans-nom.png","contentUrl":"https:\/\/asso.unilim.fr\/fedros\/wp-content\/uploads\/sites\/12\/2020\/04\/FRSLOGO-sans-nom.png","width":624,"height":624,"caption":"F\u00e9d\u00e9ration Romane de S\u00e9miotique"},"image":{"@id":"https:\/\/asso.unilim.fr\/fedros\/es\/#\/schema\/logo\/image\/"},"sameAs":["https:\/\/www.facebook.com\/fedrosemioticaromanza","https:\/\/www.youtube.com\/channel\/UCaCtzbiSKoIKaZlc9DErntA"]}]}},"_links":{"self":[{"href":"https:\/\/asso.unilim.fr\/fedros\/it\/wp-json\/wp\/v2\/pages\/436","targetHints":{"allow":["GET"]}}],"collection":[{"href":"https:\/\/asso.unilim.fr\/fedros\/it\/wp-json\/wp\/v2\/pages"}],"about":[{"href":"https:\/\/asso.unilim.fr\/fedros\/it\/wp-json\/wp\/v2\/types\/page"}],"author":[{"embeddable":true,"href":"https:\/\/asso.unilim.fr\/fedros\/it\/wp-json\/wp\/v2\/users\/104"}],"replies":[{"embeddable":true,"href":"https:\/\/asso.unilim.fr\/fedros\/it\/wp-json\/wp\/v2\/comments?post=436"}],"version-history":[{"count":0,"href":"https:\/\/asso.unilim.fr\/fedros\/it\/wp-json\/wp\/v2\/pages\/436\/revisions"}],"wp:attachment":[{"href":"https:\/\/asso.unilim.fr\/fedros\/it\/wp-json\/wp\/v2\/media?parent=436"}],"curies":[{"name":"wp","href":"https:\/\/api.w.org\/{rel}","templated":true}]}}