{"id":370,"date":"2024-01-31T23:00:00","date_gmt":"2019-03-08T00:00:00","guid":{"rendered":"http:\/\/asso.unilim.fr\/fablab19\/association\/assemblees-generales\/"},"modified":"2024-02-05T10:11:54","modified_gmt":"2024-02-05T09:11:54","slug":"assemblees-generales","status":"publish","type":"page","link":"https:\/\/asso.unilim.fr\/fablab19\/association\/assemblees-generales\/","title":{"rendered":"Assembl\u00e9es g\u00e9n\u00e9rales"},"content":{"rendered":"        <div class=\"container-fluid  \" style=\"\">\n                      <div class=\"container\">\n                <div class=\"row \" style=\"margin-top: 30px;margin-bottom: 30px\">        <div class=\"col-sm-8 \">\n                    <div class=\"\">\n                        <div class=\"panel panel-primary\">\n                              <div class=\"panel-heading\">\n                    <h3 class=\"panel-title\"><i class=\"fa fa-fw fa-\"><\/i>COMPTE RENDU DE L\u2019ASSEMBLEE GENERALE DU FABLAB19<\/h3>\n                <\/div>\n                              <div class=\"panel-body\">\n                  \n<h3 class=\"ul-bold\">Compte Rendu de L&rsquo;AG 2024 du Fablab19<strong><a href=\"https:\/\/www.unilim.fr\/fablab19\/wp-content\/uploads\/sites\/8\/2024\/01\/AG_2024.png\" class=\"\"><img loading=\"lazy\" decoding=\"async\" alt=\"\" src=\"https:\/\/www.unilim.fr\/fablab19\/wp-content\/uploads\/sites\/8\/2024\/01\/AG_2024-300x166.png\" class=\"alignnone wp-image-1014\" style=\"float: left\" width=\"235\" height=\"130\" srcset=\"https:\/\/www.unilim.fr\/fablab19\/wp-content\/uploads\/sites\/8\/2024\/01\/AG_2024-300x166.png 300w, https:\/\/www.unilim.fr\/fablab19\/wp-content\/uploads\/sites\/8\/2024\/01\/AG_2024-1024x565.png 1024w, https:\/\/www.unilim.fr\/fablab19\/wp-content\/uploads\/sites\/8\/2024\/01\/AG_2024-768x424.png 768w, https:\/\/www.unilim.fr\/fablab19\/wp-content\/uploads\/sites\/8\/2024\/01\/AG_2024.png 1346w\" sizes=\"auto, (max-width: 235px) 100vw, 235px\" \/><\/a><\/strong><\/h3>\n<p>Retrouvez dans le compte rendu et le rapport moral&nbsp; de l&rsquo;ann&eacute;e&nbsp; en&nbsp;cliquant sur le lien ci-dessous<\/p>\n<p>Les tarifs ont &eacute;t&eacute; revus<\/p>\n<p style=\"text-align: left\"><strong>A savoir<\/strong><\/p>\n<p>( Voir dans le compte rendu de l&rsquo;AG 2024 )<\/p>\n<p>Tarifs cotisations<\/p>\n<p>&#8211; &Eacute;tudiants GEII &amp; GEA : pris en charge par l&rsquo;IUT via convention&nbsp;<\/p>\n<p>&#8211; Jeunes -18 ans : Un parent doit &ecirc;tre obligatoirement adh&eacute;rent au tarif adulte&nbsp;<\/p>\n<p>&#8211; Jeunes 18-25 ans : 20&euro;&nbsp;<\/p>\n<p>&#8211; Adulte : 70&euro;&nbsp;<\/p>\n<p>&#8211; Entreprise CE \/ Associations :&nbsp;<\/p>\n<ul>\n<li>1 &agrave; 10 salari&eacute;s ou adh&eacute;rents : 200&euro;<\/li>\n<li>1 &agrave; 50 salari&eacute;s ou adh&eacute;rents : 400&euro;&nbsp;<\/li>\n<li>51 salari&eacute;s ou adh&eacute;rents et plus : 600&euro;&nbsp;<\/li>\n<\/ul>\n<p>Adh&eacute;sion minor&eacute;e pour les collaborateurs ou membres : 40&euro;&nbsp;<\/p>\n<p>&#8211; Activit&eacute; Groupe : 100&euro; ! journ&eacute;e, max 30 personnes.&nbsp;<\/p>\n<p>Pour les activit&eacute;s r&eacute;currentes une convention devra &ecirc;tre sign&eacute;e avec le FabLab19 et le tarif sera adapt&eacute;<\/p>\n<\/p>\n                <\/div>\n                              <div class=\"panel-footer  text-left\">\n                  <a class=\"\" href=\"https:\/\/www.unilim.fr\/fablab19\/wp-content\/uploads\/sites\/8\/2024\/02\/cr_ag_fablab_2024.pdf\" target=\"_self\"><i class=\"fa fa-fw fa-file-pdf-o\"><\/i>T\u00e9l\u00e9charger le rapport moral et le compte rendu<\/a>\n                <\/div>\n                          <\/div>\n                    <\/div>\n                <\/div>\n                <div class=\"col-sm-4 \">\n                    <div class=\"ul-element-image \">\n            <a href=\"https:\/\/www.unilim.fr\/fablab19\/wp-content\/uploads\/sites\/8\/2019\/03\/Smartflower.jpg\" target=\"\"  rel=\"lightbox\">\n                <img decoding=\"async\" class=\"img-responsive\" src=\"https:\/\/www.unilim.fr\/fablab19\/wp-content\/uploads\/sites\/8\/2019\/03\/Smartflower.jpg\"\/>\n            <\/a>\n        <\/div>\n                <div class=\"\">\n                        <div class=\"panel panel-default\">\n                              <div class=\"panel-body\">\n                  \n<p>A cette occasion, Alain Picasso, le directeur de l&rsquo;agence EDF une rivi&egrave;re-un territoire-D&eacute;veloppement, Joseph Absi , le vice-pr&eacute;sident d&eacute;l&eacute;gu&eacute; au d&eacute;veloppement durable de l&rsquo;Universit&eacute; de Limoges et Christian Redon-Sarrazy, directeur de l&rsquo;IUT du Limousin, ont pr&eacute;sent&eacute; tour &agrave; tour la gen&egrave;se, l&rsquo;int&eacute;r&ecirc;t et l&rsquo;impact de ce projet, en pr&eacute;sence d&rsquo;un &eacute;lu de la mairie de Brive, de repr&eacute;sentants d&rsquo;EDF, des adh&eacute;rents du FABLAB19, des personnels de l&rsquo;IUT du Limousin du site de Brive et des &eacute;tudiants.<\/p>\n                <\/div>\n                          <\/div>\n                    <\/div>\n                <\/div>\n        <\/div>\n            <\/div>\n                  <\/div>\n                <div class=\"container-fluid  \" style=\"\">\n                      <div class=\"container\">\n                <div class=\"row \" style=\"margin-top: 30px;margin-bottom: 30px\">        <div class=\"col-sm-8 \">\n            \n        \n        <div class=\"ul-element-header text-center page-header \">\n\n            <h2 class=\"ul-bold  \" style=\"\">\n                                Archives des AG                            <\/h2>\n        <\/div>\n                <div class=\" text-center btn-fullwidth \">\n            <a role=\"button\" href=\"https:\/\/www.unilim.fr\/fablab19\/wp-content\/uploads\/sites\/8\/2024\/02\/cr_ag_fablab_2024.pdf\" target=\"_self\" class=\"ul-btn-margin ul-bold btn btn-default btn-lg\">\n                                    <i class=\"fa fa-fw fa-file-pdf-o\"><\/i>\n                                Compte rendu 2024            <\/a>\n        <\/div>\n                <div class=\" text-center btn-fullwidth \">\n            <a role=\"button\" href=\"https:\/\/www.unilim.fr\/fablab19\/wp-content\/uploads\/sites\/8\/2024\/01\/CR_AG2023.pdf\" target=\"_self\" class=\"ul-btn-margin ul-bold btn btn-link btn-lg\">\n                                    <i class=\"fa fa-fw fa-file-pdf-o\"><\/i>\n                                Compte rendu 2023            <\/a>\n        <\/div>\n                <div class=\" text-center btn-fullwidth \">\n            <a role=\"button\" href=\"https:\/\/www.unilim.fr\/fablab19\/wp-content\/uploads\/sites\/8\/2022\/02\/cr_ag_fablab_2022.pdf\" target=\"_self\" class=\"ul-btn-margin ul-bold btn btn-link btn-lg\">\n                                    <i class=\"fa fa-fw fa-file-pdf-o\"><\/i>\n                                Compte rendu 2022            <\/a>\n        <\/div>\n                <div class=\" text-center btn-fullwidth \">\n            <a role=\"button\" href=\"https:\/\/www.unilim.fr\/fablab19\/wp-content\/uploads\/sites\/8\/2019\/03\/CR_AG6mars2019.pdf\" target=\"_self\" class=\"ul-btn-margin ul-bold btn btn-link btn-lg\">\n                                    <i class=\"fa fa-fw fa-file-pdf-o\"><\/i>\n                                Compte rendu 2019            <\/a>\n        <\/div>\n                <div class=\" text-center btn-fullwidth \">\n            <a role=\"button\" href=\"https:\/\/www.unilim.fr\/fablab19\/wp-content\/uploads\/sites\/8\/2019\/03\/CR_AG-2018.pdf\" target=\"_self\" class=\"ul-btn-margin ul-bold btn btn-link btn-lg\">\n                                    <i class=\"fa fa-fw fa-file-pdf-o\"><\/i>\n                                Compte rendu 2018            <\/a>\n        <\/div>\n                <div class=\" text-center \">\n            <a role=\"button\" href=\"https:\/\/www.unilim.fr\/fablab19\/wp-content\/uploads\/sites\/8\/2019\/03\/CR_AG_fablab_11avril2017.pdf\" target=\"_self\" class=\"ul-btn-margin ul-bold btn btn-link btn-lg\">\n                                    <i class=\"fa fa-fw fa-file-pdf-o\"><\/i>\n                                Compte rendu 2017            <\/a>\n        <\/div>\n                <div class=\" text-center btn-fullwidth \">\n            <a role=\"button\" href=\"https:\/\/www.unilim.fr\/fablab19\/wp-content\/uploads\/sites\/8\/2019\/03\/cr_ag_fablab_mars-2016.pdf\" target=\"_self\" class=\"ul-btn-margin ul-bold btn btn-link btn-lg\">\n                                    <i class=\"fa fa-fw fa-file-pdf-o\"><\/i>\n                                Compte rendu 2016            <\/a>\n        <\/div>\n                <\/div>\n                <div class=\"col-sm-4 \">\n                    <div class=\"ul-element-image \">\n            <a href=\"https:\/\/www.unilim.fr\/fablab19\/wp-content\/uploads\/sites\/8\/2018\/11\/ds1064b.jpg\" target=\"\"  rel=\"lightbox\">\n                <img decoding=\"async\" class=\"img-responsive\" src=\"https:\/\/www.unilim.fr\/fablab19\/wp-content\/uploads\/sites\/8\/2018\/11\/ds1064b.jpg\"\/>\n            <\/a>\n        <\/div>\n                <div class=\"\">\n                        <div class=\"panel panel-default\">\n                              <div class=\"panel-body\">\n                  \n<p>Oscilloscope 4 voies 50Mhz<\/p>\n                <\/div>\n                          <\/div>\n                    <\/div>\n                <\/div>\n        <\/div>\n            <\/div>\n                  <\/div>\n                <div class=\"container-fluid  \" style=\"\">\n                      <div class=\"container\">\n                <div class=\"row \" style=\"margin-top: 30px;margin-bottom: 30px\">        <div class=\"col-sm-8 \">\n                                            <h2 class=\"text-gray\" style=\"margin-top:0; padding: 10px 0; border-top: 10px solid;\">Actualit\u00e9s                                    <\/h2>\n                \n                <div class=\"row ul-fix-height ul-element-post ul-element-post--col  \">\n                                                <div class=\"col-sm-4\">\n                            <div class=\"bg-gray-lighter ul-fix-height-to-me\">\n                                <article class=\"\" id=\"post-1106\"  role=\"article\" >\n\n                                    <a href=\"https:\/\/asso.unilim.fr\/fablab19\/2024\/09\/30\/formation-initiation-logiciel-de-cao-fusion-360\/\" rel=\"bookmark\" title=\"formation initiation logiciel de CAO FUSION 360.\" class=\"\">\n                                                                                                                                    <img loading=\"lazy\" decoding=\"async\" width=\"640\" height=\"480\" src=\"https:\/\/www.unilim.fr\/fablab19\/wp-content\/uploads\/sites\/8\/2024\/09\/Fusion360-640x480.jpg\" class=\"img-responsive wp-post-image\" alt=\"\" \/>                                                                                                                                                                    <\/a>\n\n                                    \n                                    <div class=\"content panel-body\" style=\"padding:10px;\">\n                                        \n                                        <h4 class=\"ul-bold\">\n                                            <a class=\"text-gray header-readmore-arrow\" href=\"https:\/\/asso.unilim.fr\/fablab19\/2024\/09\/30\/formation-initiation-logiciel-de-cao-fusion-360\/\" rel=\"bookmark\" title=\"formation initiation logiciel de CAO FUSION 360.\">\n                                                formation initiation logiciel de CAO FUSION 360.&nbsp;<i class='text-primary fa fa-location-arrow hidden'><\/i>\n                                            <\/a>\n\n                                        <\/h4>\n\n                                                                                    <p>\n                                                Suite \u00e0 certaines demandes, nous lan\u00e7ons une formation de base au logiciel de CAO FUSION 360 pour nos adh\u00e9rents . Nous pr\u00e9voyons 2 fois 2h <a href='https:\/\/asso.unilim.fr\/fablab19\/2024\/09\/30\/formation-initiation-logiciel-de-cao-fusion-360\/' alt='Lire la suite' class='text-readmore-arrow'>[...]<\/a>                                            <\/p>\n                                        \n                                                                            <\/div>\n                                <\/article>\n                            <\/div>\n                        <\/div>\n                                                                        <div class=\"col-sm-4\">\n                            <div class=\"bg-gray-lighter ul-fix-height-to-me\">\n                                <article class=\"\" id=\"post-1099\"  role=\"article\" >\n\n                                    <a href=\"https:\/\/asso.unilim.fr\/fablab19\/2024\/09\/16\/le-fablab19-au-forum-des-associations\/\" rel=\"bookmark\" title=\"Le Fablab19 au forum des associations 2024\" class=\"\">\n                                                                                                                                    <img loading=\"lazy\" decoding=\"async\" width=\"602\" height=\"480\" src=\"https:\/\/www.unilim.fr\/fablab19\/wp-content\/uploads\/sites\/8\/2024\/09\/Forum_asso_2024-602x480.jpg\" class=\"img-responsive wp-post-image\" alt=\"\" \/>                                                                                                                                                                    <\/a>\n\n                                    \n                                    <div class=\"content panel-body\" style=\"padding:10px;\">\n                                        \n                                        <h4 class=\"ul-bold\">\n                                            <a class=\"text-gray header-readmore-arrow\" href=\"https:\/\/asso.unilim.fr\/fablab19\/2024\/09\/16\/le-fablab19-au-forum-des-associations\/\" rel=\"bookmark\" title=\"Le Fablab19 au forum des associations 2024\">\n                                                Le Fablab19 au forum des associations 2024&nbsp;<i class='text-primary fa fa-location-arrow hidden'><\/i>\n                                            <\/a>\n\n                                        <\/h4>\n\n                                                                                    <p>\n                                                Ce Dimanche 15 septembre, le fablab19 \u00e9tait pr\u00e9sent au forum des associations et Alexandre\u00a0 pr\u00e9sentait une CNC construite par ses soins. <a href='https:\/\/asso.unilim.fr\/fablab19\/2024\/09\/16\/le-fablab19-au-forum-des-associations\/' alt='Lire la suite' class='text-readmore-arrow'>[...]<\/a>                                            <\/p>\n                                        \n                                                                            <\/div>\n                                <\/article>\n                            <\/div>\n                        <\/div>\n                                                                        <div class=\"col-sm-4\">\n                            <div class=\"bg-gray-lighter ul-fix-height-to-me\">\n                                <article class=\"\" id=\"post-1092\"  role=\"article\" >\n\n                                    <a href=\"https:\/\/asso.unilim.fr\/fablab19\/2024\/09\/05\/nouvelle-machine-dimpression-3d\/\" rel=\"bookmark\" title=\"Nouvelle machine d&rsquo;impression 3D\" class=\"\">\n                                                                                                                                    <img loading=\"lazy\" decoding=\"async\" width=\"512\" height=\"480\" src=\"https:\/\/www.unilim.fr\/fablab19\/wp-content\/uploads\/sites\/8\/2024\/09\/Bambulab_X1-512x480.jpg\" class=\"img-responsive wp-post-image\" alt=\"\" \/>                                                                                                                                                                    <\/a>\n\n                                    \n                                    <div class=\"content panel-body\" style=\"padding:10px;\">\n                                        \n                                        <h4 class=\"ul-bold\">\n                                            <a class=\"text-gray header-readmore-arrow\" href=\"https:\/\/asso.unilim.fr\/fablab19\/2024\/09\/05\/nouvelle-machine-dimpression-3d\/\" rel=\"bookmark\" title=\"Nouvelle machine d&rsquo;impression 3D\">\n                                                Nouvelle machine d&rsquo;impression 3D&nbsp;<i class='text-primary fa fa-location-arrow hidden'><\/i>\n                                            <\/a>\n\n                                        <\/h4>\n\n                                                                                    <p>\n                                                En cette rentr\u00e9e de\u00a0 septembre 2024, le fablab19 vient de se doter d&rsquo;une nouvelle machine d&rsquo;impression 3D. C&rsquo;est une Bambu <a href='https:\/\/asso.unilim.fr\/fablab19\/2024\/09\/05\/nouvelle-machine-dimpression-3d\/' alt='Lire la suite' class='text-readmore-arrow'>[...]<\/a>                                            <\/p>\n                                        \n                                                                            <\/div>\n                                <\/article>\n                            <\/div>\n                        <\/div>\n                                                                    <\/div>\n                        <\/div>\n                <div class=\"col-sm-4 \">\n                    <div class=\"ul-element-image \">\n            <a href=\"https:\/\/www.unilim.fr\/fablab19\/wp-content\/uploads\/sites\/8\/2019\/03\/medaillebronze_jean_grand.jpg\" target=\"\"  rel=\"lightbox\">\n                <img decoding=\"async\" class=\"img-responsive\" src=\"https:\/\/www.unilim.fr\/fablab19\/wp-content\/uploads\/sites\/8\/2019\/03\/medaillebronze_jean_grand.jpg\"\/>\n            <\/a>\n        <\/div>\n                <div class=\"\">\n                        <div class=\"panel panel-warning\">\n                              <div class=\"panel-body\">\n                  \n<p><strong>Distinction<\/strong> : M&eacute;daille L&eacute;pine de Jean Grand et Alexandre Labure. C&rsquo;est la deuxi&egrave;me distinction de M Grand .<\/p>\n                <\/div>\n                          <\/div>\n                    <\/div>\n                <\/div>\n        <\/div>\n            <\/div>\n                  <\/div>\n        \n","protected":false},"excerpt":{"rendered":"","protected":false},"author":89,"featured_media":332,"parent":33,"menu_order":0,"comment_status":"closed","ping_status":"closed","template":"page-le.php","meta":{"footnotes":""},"class_list":["post-370","page","type-page","status-publish","has-post-thumbnail","hentry"],"yoast_head":"<!-- This site is optimized with the Yoast SEO plugin v26.3 - https:\/\/yoast.com\/wordpress\/plugins\/seo\/ -->\n<title>Assembl\u00e9es g\u00e9n\u00e9rales - FABLAB19<\/title>\n<meta name=\"robots\" content=\"index, follow, max-snippet:-1, max-image-preview:large, max-video-preview:-1\" \/>\n<link rel=\"canonical\" href=\"https:\/\/asso.unilim.fr\/fablab19\/association\/assemblees-generales\/\" \/>\n<meta property=\"og:locale\" content=\"fr_FR\" \/>\n<meta property=\"og:type\" content=\"article\" \/>\n<meta property=\"og:title\" content=\"Assembl\u00e9es g\u00e9n\u00e9rales - FABLAB19\" \/>\n<meta property=\"og:url\" content=\"https:\/\/asso.unilim.fr\/fablab19\/association\/assemblees-generales\/\" \/>\n<meta property=\"og:site_name\" content=\"FABLAB19\" \/>\n<meta property=\"article:modified_time\" content=\"2024-02-05T09:11:54+00:00\" \/>\n<meta property=\"og:image\" content=\"https:\/\/www.unilim.fr\/fablab19\/wp-content\/uploads\/sites\/8\/2019\/02\/MobileMonstreAile2.png\" \/>\n\t<meta property=\"og:image:width\" content=\"1122\" \/>\n\t<meta property=\"og:image:height\" content=\"848\" \/>\n\t<meta property=\"og:image:type\" content=\"image\/png\" \/>\n<meta name=\"twitter:card\" content=\"summary_large_image\" \/>\n<meta name=\"twitter:label1\" content=\"Dur\u00e9e de lecture estim\u00e9e\" \/>\n\t<meta name=\"twitter:data1\" content=\"5 minutes\" \/>\n<script type=\"application\/ld+json\" class=\"yoast-schema-graph\">{\"@context\":\"https:\/\/schema.org\",\"@graph\":[{\"@type\":\"WebPage\",\"@id\":\"https:\/\/asso.unilim.fr\/fablab19\/association\/assemblees-generales\/\",\"url\":\"https:\/\/asso.unilim.fr\/fablab19\/association\/assemblees-generales\/\",\"name\":\"Assembl\u00e9es g\u00e9n\u00e9rales - FABLAB19\",\"isPartOf\":{\"@id\":\"https:\/\/asso.unilim.fr\/fablab19\/#website\"},\"primaryImageOfPage\":{\"@id\":\"https:\/\/asso.unilim.fr\/fablab19\/association\/assemblees-generales\/#primaryimage\"},\"image\":{\"@id\":\"https:\/\/asso.unilim.fr\/fablab19\/association\/assemblees-generales\/#primaryimage\"},\"thumbnailUrl\":\"https:\/\/www.unilim.fr\/fablab19\/wp-content\/uploads\/sites\/8\/2019\/02\/MobileMonstreAile2.png\",\"datePublished\":\"2019-03-08T00:00:00+00:00\",\"dateModified\":\"2024-02-05T09:11:54+00:00\",\"breadcrumb\":{\"@id\":\"https:\/\/asso.unilim.fr\/fablab19\/association\/assemblees-generales\/#breadcrumb\"},\"inLanguage\":\"fr-FR\",\"potentialAction\":[{\"@type\":\"ReadAction\",\"target\":[\"https:\/\/asso.unilim.fr\/fablab19\/association\/assemblees-generales\/\"]}]},{\"@type\":\"ImageObject\",\"inLanguage\":\"fr-FR\",\"@id\":\"https:\/\/asso.unilim.fr\/fablab19\/association\/assemblees-generales\/#primaryimage\",\"url\":\"https:\/\/www.unilim.fr\/fablab19\/wp-content\/uploads\/sites\/8\/2019\/02\/MobileMonstreAile2.png\",\"contentUrl\":\"https:\/\/www.unilim.fr\/fablab19\/wp-content\/uploads\/sites\/8\/2019\/02\/MobileMonstreAile2.png\",\"width\":1122,\"height\":848},{\"@type\":\"BreadcrumbList\",\"@id\":\"https:\/\/asso.unilim.fr\/fablab19\/association\/assemblees-generales\/#breadcrumb\",\"itemListElement\":[{\"@type\":\"ListItem\",\"position\":1,\"name\":\"Accueil\",\"item\":\"https:\/\/asso.unilim.fr\/fablab19\/\"},{\"@type\":\"ListItem\",\"position\":2,\"name\":\"Association\",\"item\":\"https:\/\/asso.unilim.fr\/fablab19\/association\/\"},{\"@type\":\"ListItem\",\"position\":3,\"name\":\"Assembl\u00e9es g\u00e9n\u00e9rales\"}]},{\"@type\":\"WebSite\",\"@id\":\"https:\/\/asso.unilim.fr\/fablab19\/#website\",\"url\":\"https:\/\/asso.unilim.fr\/fablab19\/\",\"name\":\"FABLAB19\",\"description\":\"Fablab19 source de r\u00e9ussites\",\"potentialAction\":[{\"@type\":\"SearchAction\",\"target\":{\"@type\":\"EntryPoint\",\"urlTemplate\":\"https:\/\/asso.unilim.fr\/fablab19\/?s={search_term_string}\"},\"query-input\":{\"@type\":\"PropertyValueSpecification\",\"valueRequired\":true,\"valueName\":\"search_term_string\"}}],\"inLanguage\":\"fr-FR\"}]}<\/script>\n<!-- \/ Yoast SEO plugin. -->","yoast_head_json":{"title":"Assembl\u00e9es g\u00e9n\u00e9rales - FABLAB19","robots":{"index":"index","follow":"follow","max-snippet":"max-snippet:-1","max-image-preview":"max-image-preview:large","max-video-preview":"max-video-preview:-1"},"canonical":"https:\/\/asso.unilim.fr\/fablab19\/association\/assemblees-generales\/","og_locale":"fr_FR","og_type":"article","og_title":"Assembl\u00e9es g\u00e9n\u00e9rales - FABLAB19","og_url":"https:\/\/asso.unilim.fr\/fablab19\/association\/assemblees-generales\/","og_site_name":"FABLAB19","article_modified_time":"2024-02-05T09:11:54+00:00","og_image":[{"width":1122,"height":848,"url":"https:\/\/www.unilim.fr\/fablab19\/wp-content\/uploads\/sites\/8\/2019\/02\/MobileMonstreAile2.png","type":"image\/png"}],"twitter_card":"summary_large_image","twitter_misc":{"Dur\u00e9e de lecture estim\u00e9e":"5 minutes"},"schema":{"@context":"https:\/\/schema.org","@graph":[{"@type":"WebPage","@id":"https:\/\/asso.unilim.fr\/fablab19\/association\/assemblees-generales\/","url":"https:\/\/asso.unilim.fr\/fablab19\/association\/assemblees-generales\/","name":"Assembl\u00e9es g\u00e9n\u00e9rales - FABLAB19","isPartOf":{"@id":"https:\/\/asso.unilim.fr\/fablab19\/#website"},"primaryImageOfPage":{"@id":"https:\/\/asso.unilim.fr\/fablab19\/association\/assemblees-generales\/#primaryimage"},"image":{"@id":"https:\/\/asso.unilim.fr\/fablab19\/association\/assemblees-generales\/#primaryimage"},"thumbnailUrl":"https:\/\/www.unilim.fr\/fablab19\/wp-content\/uploads\/sites\/8\/2019\/02\/MobileMonstreAile2.png","datePublished":"2019-03-08T00:00:00+00:00","dateModified":"2024-02-05T09:11:54+00:00","breadcrumb":{"@id":"https:\/\/asso.unilim.fr\/fablab19\/association\/assemblees-generales\/#breadcrumb"},"inLanguage":"fr-FR","potentialAction":[{"@type":"ReadAction","target":["https:\/\/asso.unilim.fr\/fablab19\/association\/assemblees-generales\/"]}]},{"@type":"ImageObject","inLanguage":"fr-FR","@id":"https:\/\/asso.unilim.fr\/fablab19\/association\/assemblees-generales\/#primaryimage","url":"https:\/\/www.unilim.fr\/fablab19\/wp-content\/uploads\/sites\/8\/2019\/02\/MobileMonstreAile2.png","contentUrl":"https:\/\/www.unilim.fr\/fablab19\/wp-content\/uploads\/sites\/8\/2019\/02\/MobileMonstreAile2.png","width":1122,"height":848},{"@type":"BreadcrumbList","@id":"https:\/\/asso.unilim.fr\/fablab19\/association\/assemblees-generales\/#breadcrumb","itemListElement":[{"@type":"ListItem","position":1,"name":"Accueil","item":"https:\/\/asso.unilim.fr\/fablab19\/"},{"@type":"ListItem","position":2,"name":"Association","item":"https:\/\/asso.unilim.fr\/fablab19\/association\/"},{"@type":"ListItem","position":3,"name":"Assembl\u00e9es g\u00e9n\u00e9rales"}]},{"@type":"WebSite","@id":"https:\/\/asso.unilim.fr\/fablab19\/#website","url":"https:\/\/asso.unilim.fr\/fablab19\/","name":"FABLAB19","description":"Fablab19 source de r\u00e9ussites","potentialAction":[{"@type":"SearchAction","target":{"@type":"EntryPoint","urlTemplate":"https:\/\/asso.unilim.fr\/fablab19\/?s={search_term_string}"},"query-input":{"@type":"PropertyValueSpecification","valueRequired":true,"valueName":"search_term_string"}}],"inLanguage":"fr-FR"}]}},"_links":{"self":[{"href":"https:\/\/asso.unilim.fr\/fablab19\/wp-json\/wp\/v2\/pages\/370","targetHints":{"allow":["GET"]}}],"collection":[{"href":"https:\/\/asso.unilim.fr\/fablab19\/wp-json\/wp\/v2\/pages"}],"about":[{"href":"https:\/\/asso.unilim.fr\/fablab19\/wp-json\/wp\/v2\/types\/page"}],"author":[{"embeddable":true,"href":"https:\/\/asso.unilim.fr\/fablab19\/wp-json\/wp\/v2\/users\/89"}],"replies":[{"embeddable":true,"href":"https:\/\/asso.unilim.fr\/fablab19\/wp-json\/wp\/v2\/comments?post=370"}],"version-history":[{"count":0,"href":"https:\/\/asso.unilim.fr\/fablab19\/wp-json\/wp\/v2\/pages\/370\/revisions"}],"up":[{"embeddable":true,"href":"https:\/\/asso.unilim.fr\/fablab19\/wp-json\/wp\/v2\/pages\/33"}],"wp:featuredmedia":[{"embeddable":true,"href":"https:\/\/asso.unilim.fr\/fablab19\/wp-json\/wp\/v2\/media\/332"}],"wp:attachment":[{"href":"https:\/\/asso.unilim.fr\/fablab19\/wp-json\/wp\/v2\/media?parent=370"}],"curies":[{"name":"wp","href":"https:\/\/api.w.org\/{rel}","templated":true}]}}