{"id":236,"date":"2020-09-13T22:00:00","date_gmt":"2018-11-12T13:52:16","guid":{"rendered":"http:\/\/asso.unilim.fr\/fablab19\/nous-contacter-2\/"},"modified":"2020-09-18T16:45:02","modified_gmt":"2020-09-18T14:45:02","slug":"nous-contacter-2","status":"publish","type":"page","link":"https:\/\/asso.unilim.fr\/fablab19\/nous-contacter-2\/","title":{"rendered":"Nous contacter"},"content":{"rendered":"        <div class=\"container-fluid  \" style=\"\">\n                      <div class=\"container\">\n                <div class=\"row \" style=\"margin-top: 30px;margin-bottom: 30px\">        <div class=\"col-sm-6 \">\n                    <div class=\"clearfix ul-element-text \">\n            \n<h4 class=\"ul-bold\">Pour contacter le Fablab19 merci de renseigner le formulaire ci-dessous<br \/><\/h4>\n<p>Avant de poser une question , vous pouvez regarder nos questions fr\u00e9quentes<a href=\"http:\/\/www.unilim.fr\/fablab19\/2020\/09\/14\/auriez-vous-des-tutoriels\/\" target=\"_blank\" data-mce-href=\"http:\/\/www.unilim.fr\/fablab19\/2020\/09\/14\/auriez-vous-des-tutoriels\/\" rel=\"noopener noreferrer\"> (FAQs)<\/a>&nbsp; ci-contre<\/p>\n<p>Vous pouvez aussi&nbsp; nous rendre visite au&nbsp; 7 rue Jules vall\u00e8s 19100 Brive la Gaillarde sur le Campus Universitaire. <strong>De pr\u00e9f\u00e9rence les jeudis<\/strong> apr\u00e8s midi car nous assurons une permanence de 16h jusqu&rsquo;\u00e0 20 heures. Si vous ne pouvez vous lib\u00e9rer dans ce cr\u00e9neau n&rsquo;h\u00e9sitez pas \u00e0&nbsp; nous laisser un message nous conviendrons d&rsquo;un rendez-vous. <\/p>\n<p><strong>T\u00e9l\u00e9phone&nbsp; Standard<\/strong> : 05 55 86 48 00<\/p>\n<p><\/p>\n        <\/div>\n                <div class=\"clearfix ul-element-text \">\n            \n\n<div class=\"wpcf7 no-js\" id=\"wpcf7-f235-o1\" lang=\"fr-FR\" dir=\"ltr\" data-wpcf7-id=\"235\">\n<div class=\"screen-reader-response\"><p role=\"status\" aria-live=\"polite\" aria-atomic=\"true\"><\/p> <ul><\/ul><\/div>\n<form action=\"\/fablab19\/wp-json\/wp\/v2\/pages\/236\/#wpcf7-f235-o1\" method=\"post\" class=\"wpcf7-form init\" aria-label=\"Formulaire de contact\" novalidate=\"novalidate\" data-status=\"init\">\n<fieldset class=\"hidden-fields-container\"><input type=\"hidden\" name=\"_wpcf7\" value=\"235\" \/><input type=\"hidden\" name=\"_wpcf7_version\" value=\"6.1.3\" \/><input type=\"hidden\" name=\"_wpcf7_locale\" value=\"fr_FR\" \/><input type=\"hidden\" name=\"_wpcf7_unit_tag\" value=\"wpcf7-f235-o1\" \/><input type=\"hidden\" name=\"_wpcf7_container_post\" value=\"0\" \/><input type=\"hidden\" name=\"_wpcf7_posted_data_hash\" value=\"\" \/>\n<\/fieldset>\n<p><label> Entrez votre Nom<br \/>\n<span class=\"wpcf7-form-control-wrap\" data-name=\"your-name\"><input size=\"40\" maxlength=\"400\" class=\"wpcf7-form-control wpcf7-text wpcf7-validates-as-required\" aria-required=\"true\" aria-invalid=\"false\" value=\"\" type=\"text\" name=\"your-name\" \/><\/span> <\/label>\n<\/p>\n<p><label> veuillez renseigner votre adresse mail<br \/>\n<span class=\"wpcf7-form-control-wrap\" data-name=\"your-email\"><input size=\"40\" maxlength=\"400\" class=\"wpcf7-form-control wpcf7-email wpcf7-validates-as-required wpcf7-text wpcf7-validates-as-email\" aria-required=\"true\" aria-invalid=\"false\" value=\"\" type=\"email\" name=\"your-email\" \/><\/span> <\/label>\n<\/p>\n<p><label> Objet<br \/>\n<span class=\"wpcf7-form-control-wrap\" data-name=\"your-subject\"><input size=\"40\" maxlength=\"400\" class=\"wpcf7-form-control wpcf7-text wpcf7-validates-as-required\" aria-required=\"true\" aria-invalid=\"false\" value=\"\" type=\"text\" name=\"your-subject\" \/><\/span> <\/label>\n<\/p>\n<p><label> Votre message<br \/>\n<span class=\"wpcf7-form-control-wrap\" data-name=\"your-message\"><textarea cols=\"40\" rows=\"10\" maxlength=\"2000\" class=\"wpcf7-form-control wpcf7-textarea\" aria-invalid=\"false\" name=\"your-message\"><\/textarea><\/span> <\/label>\n<\/p>\n<p><input class=\"wpcf7-form-control wpcf7-submit has-spinner\" type=\"submit\" value=\"Envoyer\" \/>\n<\/p><div class=\"wpcf7-response-output\" aria-hidden=\"true\"><\/div>\n<\/form>\n<\/div>\n\n<p><\/p>\n        <\/div>\n                <\/div>\n                <div class=\"col-sm-6 \">\n                    <div class=\"\">\n                        <div class=\"panel panel-info\">\n                              <div class=\"panel-heading\">\n                    <h3 class=\"panel-title\"><i class=\"fa fa-fw fa-hand-o-right\"><\/i>Questions fr\u00e9quentes  - Voir les questions d\u00e9j\u00e0 pos\u00e9es<\/h3>\n                <\/div>\n                              <div class=\"panel-body\">\n                  \n<p>Bonjour, nous sommes une association et nous mettons &agrave; dispositions des outils num&eacute;riques pour nos adh&eacute;rents.<\/p>\n<p>Nous ne r&eacute;alisons pas de prestation. Les Fablabs sont des lieux de partage ou chacun donne un peu de ses comp&eacute;tences.&nbsp; Vous d&eacute;sirer r&eacute;aliser une pi&egrave;ce ? Vous devez&nbsp;<a href=\"http:\/\/www.unilim.fr\/fablab19\/adhesion-au-fablab19\/\">adh&eacute;rer &agrave; notre association<\/a>&nbsp; et participer activement &agrave; votre projet. Nous vous assurons un soutien&nbsp; et le partage de nos connaissances pour la prise en main des machines.&nbsp; Les consommables sont &agrave; la charge des adh&eacute;rents.<\/p>\n<p><a href=\"https:\/\/www.unilim.fr\/fablab19\/equipements\/\">Pour voir nos machines rendez vous dans la rubrique &eacute;quipements..<\/a><\/p>\n<p><a href=\"https:\/\/www.unilim.fr\/fablab19\/nos-realisations\/\">Pour voir nos r&eacute;alisations ..<\/a><\/p>\n<p><strong>Permanence<\/strong> : Tous les Jeudis de 16h &agrave; 20h<\/p>\n                <\/div>\n                          <\/div>\n                    <\/div>\n                        \n                <div class=\"row ul-fix-height ul-element-post ul-element-post--col  \">\n                                                <div class=\"col-sm-3\">\n                            <div class=\"bg-gray-lighter ul-fix-height-to-me\">\n                                <article class=\"\" id=\"post-1064\"  role=\"article\" >\n\n                                    <a href=\"https:\/\/asso.unilim.fr\/fablab19\/2024\/03\/08\/nouveau-creneau-douverture-les-samedis\/\" rel=\"bookmark\" title=\"Nouveau cr\u00e9neau d&rsquo;ouverture les Samedis\" class=\"\">\n                                                                                                                                    <img loading=\"lazy\" decoding=\"async\" width=\"640\" height=\"403\" src=\"https:\/\/www.unilim.fr\/fablab19\/wp-content\/uploads\/sites\/8\/2023\/05\/Bat-fab_ancien-640x403.jpg\" class=\"img-responsive wp-post-image\" alt=\"\" \/>                                                                                                                                                                    <\/a>\n\n                                                                        <p class=\"bg-primary text-light text-right ul-bold\" style=\"padding:10px;\">\n                                        <a href=\"https:\/\/asso.unilim.fr\/fablab19\/category\/actualite\/\" rel=\"category tag\">Actualit\u00e9<\/a> | <a href=\"https:\/\/asso.unilim.fr\/fablab19\/category\/equipements\/decoupe-laser\/\" rel=\"category tag\">Decoupe Laser<\/a> | <a href=\"https:\/\/asso.unilim.fr\/fablab19\/category\/equipements\/\" rel=\"category tag\">Equipements<\/a> | <a href=\"https:\/\/asso.unilim.fr\/fablab19\/category\/faqs\/\" rel=\"category tag\">FAQs<\/a>                                        <\/p>\n                                    \n                                    <div class=\"content panel-body\" style=\"padding:10px;\">\n                                        \n                                        <h4 class=\"ul-bold\">\n                                            <a class=\"text-gray header-readmore-arrow\" href=\"https:\/\/asso.unilim.fr\/fablab19\/2024\/03\/08\/nouveau-creneau-douverture-les-samedis\/\" rel=\"bookmark\" title=\"Nouveau cr\u00e9neau d&rsquo;ouverture les Samedis\">\n                                                Nouveau cr\u00e9neau d&rsquo;ouverture les Samedis&nbsp;<i class='text-primary fa fa-location-arrow hidden'><\/i>\n                                            <\/a>\n\n                                        <\/h4>\n\n                                                                                    <p>\n                                                Le fablab19 s&rsquo;installe dans ses nouveaux locaux avec de nouvelles activit\u00e9s et p\u00e9riodes d&rsquo;ouvertures. En compl\u00e9ment des mardi et <a href='https:\/\/asso.unilim.fr\/fablab19\/2024\/03\/08\/nouveau-creneau-douverture-les-samedis\/' alt='Lire la suite' class='text-readmore-arrow'>[...]<\/a>                                            <\/p>\n                                        \n                                                                            <\/div>\n                                <\/article>\n                            <\/div>\n                        <\/div>\n                                                                        <div class=\"col-sm-3\">\n                            <div class=\"bg-gray-lighter ul-fix-height-to-me\">\n                                <article class=\"\" id=\"post-667\"  role=\"article\" >\n\n                                    <a href=\"https:\/\/asso.unilim.fr\/fablab19\/2020\/09\/15\/devenir-membre-de-lassociation-fablab19\/\" rel=\"bookmark\" title=\"Devenir  membre  de l\u2019association Fablab19\" class=\"\">\n                                                                                                                                    <img loading=\"lazy\" decoding=\"async\" width=\"640\" height=\"480\" src=\"https:\/\/www.unilim.fr\/fablab19\/wp-content\/uploads\/sites\/8\/2019\/01\/Kicad5-640x480.jpg\" class=\"img-responsive wp-post-image\" alt=\"\" \/>                                                                                                                                                                    <\/a>\n\n                                                                        <p class=\"bg-primary text-light text-right ul-bold\" style=\"padding:10px;\">\n                                        <a href=\"https:\/\/asso.unilim.fr\/fablab19\/category\/faqs\/\" rel=\"category tag\">FAQs<\/a>                                        <\/p>\n                                    \n                                    <div class=\"content panel-body\" style=\"padding:10px;\">\n                                        \n                                        <h4 class=\"ul-bold\">\n                                            <a class=\"text-gray header-readmore-arrow\" href=\"https:\/\/asso.unilim.fr\/fablab19\/2020\/09\/15\/devenir-membre-de-lassociation-fablab19\/\" rel=\"bookmark\" title=\"Devenir  membre  de l\u2019association Fablab19\">\n                                                Devenir  membre  de l\u2019association Fablab19&nbsp;<i class='text-primary fa fa-location-arrow hidden'><\/i>\n                                            <\/a>\n\n                                        <\/h4>\n\n                                                                                    <p>\n                                                Bonjour , Comment faire pour devenir membre de l\u2019association ? Cordialement. &nbsp; Bonjour, C&rsquo;est tr\u00e8s simple , remplissez le <a href='https:\/\/asso.unilim.fr\/fablab19\/2020\/09\/15\/devenir-membre-de-lassociation-fablab19\/' alt='Lire la suite' class='text-readmore-arrow'>[...]<\/a>                                            <\/p>\n                                        \n                                                                            <\/div>\n                                <\/article>\n                            <\/div>\n                        <\/div>\n                                                                        <div class=\"col-sm-3\">\n                            <div class=\"bg-gray-lighter ul-fix-height-to-me\">\n                                <article class=\"\" id=\"post-665\"  role=\"article\" >\n\n                                    <a href=\"https:\/\/asso.unilim.fr\/fablab19\/2020\/09\/14\/est-il-possible-de-venir-visiter-votre-fablab\/\" rel=\"bookmark\" title=\"Est-il possible de venir visiter votre fablab ?\" class=\"\">\n                                                                                                                                    <img loading=\"lazy\" decoding=\"async\" width=\"640\" height=\"480\" src=\"https:\/\/www.unilim.fr\/fablab19\/wp-content\/uploads\/sites\/8\/2019\/01\/local-640x480.jpg\" class=\"img-responsive wp-post-image\" alt=\"\" \/>                                                                                                                                                                    <\/a>\n\n                                                                        <p class=\"bg-primary text-light text-right ul-bold\" style=\"padding:10px;\">\n                                        <a href=\"https:\/\/asso.unilim.fr\/fablab19\/category\/faqs\/\" rel=\"category tag\">FAQs<\/a>                                        <\/p>\n                                    \n                                    <div class=\"content panel-body\" style=\"padding:10px;\">\n                                        \n                                        <h4 class=\"ul-bold\">\n                                            <a class=\"text-gray header-readmore-arrow\" href=\"https:\/\/asso.unilim.fr\/fablab19\/2020\/09\/14\/est-il-possible-de-venir-visiter-votre-fablab\/\" rel=\"bookmark\" title=\"Est-il possible de venir visiter votre fablab ?\">\n                                                Est-il possible de venir visiter votre fablab ?&nbsp;<i class='text-primary fa fa-location-arrow hidden'><\/i>\n                                            <\/a>\n\n                                        <\/h4>\n\n                                                                                    <p>\n                                                Objet : visite Bonjour, je cherche un endroit pour travailler sur un prototype en vu d&rsquo;une pr\u00e9sentation. Est-il possible de venir <a href='https:\/\/asso.unilim.fr\/fablab19\/2020\/09\/14\/est-il-possible-de-venir-visiter-votre-fablab\/' alt='Lire la suite' class='text-readmore-arrow'>[...]<\/a>                                            <\/p>\n                                        \n                                                                            <\/div>\n                                <\/article>\n                            <\/div>\n                        <\/div>\n                                                                        <div class=\"col-sm-3\">\n                            <div class=\"bg-gray-lighter ul-fix-height-to-me\">\n                                <article class=\"\" id=\"post-661\"  role=\"article\" >\n\n                                    <a href=\"https:\/\/asso.unilim.fr\/fablab19\/2020\/09\/14\/661\/\" rel=\"bookmark\" title=\"Mon fils de 13 ans est int\u00e9ress\u00e9 par de l&rsquo;impression 3D\" class=\"\">\n                                                                                                                                    <img loading=\"lazy\" decoding=\"async\" width=\"640\" height=\"480\" src=\"https:\/\/www.unilim.fr\/fablab19\/wp-content\/uploads\/sites\/8\/2019\/03\/Fablab19-1-640x480.jpeg\" class=\"img-responsive wp-post-image\" alt=\"\" srcset=\"https:\/\/www.unilim.fr\/fablab19\/wp-content\/uploads\/sites\/8\/2019\/03\/Fablab19-1-640x480.jpeg 640w, https:\/\/www.unilim.fr\/fablab19\/wp-content\/uploads\/sites\/8\/2019\/03\/Fablab19-1-300x225.jpeg 300w, https:\/\/www.unilim.fr\/fablab19\/wp-content\/uploads\/sites\/8\/2019\/03\/Fablab19-1-768x576.jpeg 768w, https:\/\/www.unilim.fr\/fablab19\/wp-content\/uploads\/sites\/8\/2019\/03\/Fablab19-1-1024x768.jpeg 1024w, https:\/\/www.unilim.fr\/fablab19\/wp-content\/uploads\/sites\/8\/2019\/03\/Fablab19-1.jpeg 2016w\" sizes=\"auto, (max-width: 640px) 100vw, 640px\" \/>                                                                                                                                                                    <\/a>\n\n                                                                        <p class=\"bg-primary text-light text-right ul-bold\" style=\"padding:10px;\">\n                                        <a href=\"https:\/\/asso.unilim.fr\/fablab19\/category\/faqs\/\" rel=\"category tag\">FAQs<\/a>                                        <\/p>\n                                    \n                                    <div class=\"content panel-body\" style=\"padding:10px;\">\n                                        \n                                        <h4 class=\"ul-bold\">\n                                            <a class=\"text-gray header-readmore-arrow\" href=\"https:\/\/asso.unilim.fr\/fablab19\/2020\/09\/14\/661\/\" rel=\"bookmark\" title=\"Mon fils de 13 ans est int\u00e9ress\u00e9 par de l&rsquo;impression 3D\">\n                                                Mon fils de 13 ans est int\u00e9ress\u00e9 par de l&rsquo;impression 3D&nbsp;<i class='text-primary fa fa-location-arrow hidden'><\/i>\n                                            <\/a>\n\n                                        <\/h4>\n\n                                                                                    <p>\n                                                Objet : Demande d&rsquo;infos Bonjour, mon fils de 13 ans est int\u00e9ress\u00e9 par de l&rsquo;impression 3D pour r\u00e9aliser un objet, cela est-il <a href='https:\/\/asso.unilim.fr\/fablab19\/2020\/09\/14\/661\/' alt='Lire la suite' class='text-readmore-arrow'>[...]<\/a>                                            <\/p>\n                                        \n                                                                            <\/div>\n                                <\/article>\n                            <\/div>\n                        <\/div>\n                                                                    <\/div>\n                        <\/div>\n        <\/div>\n            <\/div>\n                  <\/div>\n        \n","protected":false},"excerpt":{"rendered":"","protected":false},"author":89,"featured_media":0,"parent":0,"menu_order":0,"comment_status":"closed","ping_status":"closed","template":"page-le.php","meta":{"footnotes":""},"class_list":["post-236","page","type-page","status-publish","hentry"],"yoast_head":"<!-- This site is optimized with the Yoast SEO plugin v26.3 - https:\/\/yoast.com\/wordpress\/plugins\/seo\/ -->\n<title>Nous contacter - FABLAB19<\/title>\n<meta name=\"robots\" content=\"index, follow, max-snippet:-1, max-image-preview:large, max-video-preview:-1\" \/>\n<link rel=\"canonical\" href=\"https:\/\/asso.unilim.fr\/fablab19\/nous-contacter-2\/\" \/>\n<meta property=\"og:locale\" content=\"fr_FR\" \/>\n<meta property=\"og:type\" content=\"article\" \/>\n<meta property=\"og:title\" content=\"Nous contacter - FABLAB19\" \/>\n<meta property=\"og:url\" content=\"https:\/\/asso.unilim.fr\/fablab19\/nous-contacter-2\/\" \/>\n<meta property=\"og:site_name\" content=\"FABLAB19\" \/>\n<meta property=\"article:modified_time\" content=\"2020-09-18T14:45:02+00:00\" \/>\n<meta name=\"twitter:card\" content=\"summary_large_image\" \/>\n<meta name=\"twitter:label1\" content=\"Dur\u00e9e de lecture estim\u00e9e\" \/>\n\t<meta name=\"twitter:data1\" content=\"2 minutes\" \/>\n<script type=\"application\/ld+json\" class=\"yoast-schema-graph\">{\"@context\":\"https:\/\/schema.org\",\"@graph\":[{\"@type\":\"WebPage\",\"@id\":\"https:\/\/asso.unilim.fr\/fablab19\/nous-contacter-2\/\",\"url\":\"https:\/\/asso.unilim.fr\/fablab19\/nous-contacter-2\/\",\"name\":\"Nous contacter - FABLAB19\",\"isPartOf\":{\"@id\":\"https:\/\/asso.unilim.fr\/fablab19\/#website\"},\"datePublished\":\"2018-11-12T13:52:16+00:00\",\"dateModified\":\"2020-09-18T14:45:02+00:00\",\"breadcrumb\":{\"@id\":\"https:\/\/asso.unilim.fr\/fablab19\/nous-contacter-2\/#breadcrumb\"},\"inLanguage\":\"fr-FR\",\"potentialAction\":[{\"@type\":\"ReadAction\",\"target\":[\"https:\/\/asso.unilim.fr\/fablab19\/nous-contacter-2\/\"]}]},{\"@type\":\"BreadcrumbList\",\"@id\":\"https:\/\/asso.unilim.fr\/fablab19\/nous-contacter-2\/#breadcrumb\",\"itemListElement\":[{\"@type\":\"ListItem\",\"position\":1,\"name\":\"Accueil\",\"item\":\"https:\/\/asso.unilim.fr\/fablab19\/\"},{\"@type\":\"ListItem\",\"position\":2,\"name\":\"Nous contacter\"}]},{\"@type\":\"WebSite\",\"@id\":\"https:\/\/asso.unilim.fr\/fablab19\/#website\",\"url\":\"https:\/\/asso.unilim.fr\/fablab19\/\",\"name\":\"FABLAB19\",\"description\":\"Fablab19 source de r\u00e9ussites\",\"potentialAction\":[{\"@type\":\"SearchAction\",\"target\":{\"@type\":\"EntryPoint\",\"urlTemplate\":\"https:\/\/asso.unilim.fr\/fablab19\/?s={search_term_string}\"},\"query-input\":{\"@type\":\"PropertyValueSpecification\",\"valueRequired\":true,\"valueName\":\"search_term_string\"}}],\"inLanguage\":\"fr-FR\"}]}<\/script>\n<!-- \/ Yoast SEO plugin. -->","yoast_head_json":{"title":"Nous contacter - FABLAB19","robots":{"index":"index","follow":"follow","max-snippet":"max-snippet:-1","max-image-preview":"max-image-preview:large","max-video-preview":"max-video-preview:-1"},"canonical":"https:\/\/asso.unilim.fr\/fablab19\/nous-contacter-2\/","og_locale":"fr_FR","og_type":"article","og_title":"Nous contacter - FABLAB19","og_url":"https:\/\/asso.unilim.fr\/fablab19\/nous-contacter-2\/","og_site_name":"FABLAB19","article_modified_time":"2020-09-18T14:45:02+00:00","twitter_card":"summary_large_image","twitter_misc":{"Dur\u00e9e de lecture estim\u00e9e":"2 minutes"},"schema":{"@context":"https:\/\/schema.org","@graph":[{"@type":"WebPage","@id":"https:\/\/asso.unilim.fr\/fablab19\/nous-contacter-2\/","url":"https:\/\/asso.unilim.fr\/fablab19\/nous-contacter-2\/","name":"Nous contacter - FABLAB19","isPartOf":{"@id":"https:\/\/asso.unilim.fr\/fablab19\/#website"},"datePublished":"2018-11-12T13:52:16+00:00","dateModified":"2020-09-18T14:45:02+00:00","breadcrumb":{"@id":"https:\/\/asso.unilim.fr\/fablab19\/nous-contacter-2\/#breadcrumb"},"inLanguage":"fr-FR","potentialAction":[{"@type":"ReadAction","target":["https:\/\/asso.unilim.fr\/fablab19\/nous-contacter-2\/"]}]},{"@type":"BreadcrumbList","@id":"https:\/\/asso.unilim.fr\/fablab19\/nous-contacter-2\/#breadcrumb","itemListElement":[{"@type":"ListItem","position":1,"name":"Accueil","item":"https:\/\/asso.unilim.fr\/fablab19\/"},{"@type":"ListItem","position":2,"name":"Nous contacter"}]},{"@type":"WebSite","@id":"https:\/\/asso.unilim.fr\/fablab19\/#website","url":"https:\/\/asso.unilim.fr\/fablab19\/","name":"FABLAB19","description":"Fablab19 source de r\u00e9ussites","potentialAction":[{"@type":"SearchAction","target":{"@type":"EntryPoint","urlTemplate":"https:\/\/asso.unilim.fr\/fablab19\/?s={search_term_string}"},"query-input":{"@type":"PropertyValueSpecification","valueRequired":true,"valueName":"search_term_string"}}],"inLanguage":"fr-FR"}]}},"_links":{"self":[{"href":"https:\/\/asso.unilim.fr\/fablab19\/wp-json\/wp\/v2\/pages\/236","targetHints":{"allow":["GET"]}}],"collection":[{"href":"https:\/\/asso.unilim.fr\/fablab19\/wp-json\/wp\/v2\/pages"}],"about":[{"href":"https:\/\/asso.unilim.fr\/fablab19\/wp-json\/wp\/v2\/types\/page"}],"author":[{"embeddable":true,"href":"https:\/\/asso.unilim.fr\/fablab19\/wp-json\/wp\/v2\/users\/89"}],"replies":[{"embeddable":true,"href":"https:\/\/asso.unilim.fr\/fablab19\/wp-json\/wp\/v2\/comments?post=236"}],"version-history":[{"count":0,"href":"https:\/\/asso.unilim.fr\/fablab19\/wp-json\/wp\/v2\/pages\/236\/revisions"}],"wp:attachment":[{"href":"https:\/\/asso.unilim.fr\/fablab19\/wp-json\/wp\/v2\/media?parent=236"}],"curies":[{"name":"wp","href":"https:\/\/api.w.org\/{rel}","templated":true}]}}