{"id":205,"date":"2018-11-05T13:38:33","date_gmt":"2018-11-05T13:38:32","guid":{"rendered":"http:\/\/asso.unilim.fr\/fablab19\/equipements\/espace-soudure\/"},"modified":"2018-11-05T15:53:45","modified_gmt":"2018-11-05T14:53:45","slug":"espace-soudage","status":"publish","type":"page","link":"https:\/\/asso.unilim.fr\/fablab19\/equipements\/espace-soudage\/","title":{"rendered":"Espace soudage"},"content":{"rendered":"        <div class=\"container-fluid  \" style=\"\">\n                      <div class=\"container\">\n                <div class=\"row \" style=\"margin-top: 30px;margin-bottom: 30px\">        <div class=\"col-sm-6 \">\n                    <div class=\"\">\n                        <div class=\"panel panel-primary\">\n                              <div class=\"panel-heading\">\n                    <h3 class=\"panel-title\"><i class=\"fa fa-fw fa-\"><\/i>Station de soudage Weller<\/h3>\n                <\/div>\n                              <div class=\"panel-body\">\n                  \n<p><span style=\"font-size: small\"><strong><span style=\"font-family: Arial,Helvetica,sans-serif\"><a href=\"https:\/\/www.unilim.fr\/fablab19\/wp-content\/uploads\/sites\/8\/2018\/10\/weller-3000.jpg\" class=\"\"><img loading=\"lazy\" decoding=\"async\" alt=\"\" src=\"https:\/\/www.unilim.fr\/fablab19\/wp-content\/uploads\/sites\/8\/2018\/10\/weller-3000.jpg\" class=\"alignnone wp-image-133\" style=\"float: left\" width=\"141\" height=\"68\" srcset=\"https:\/\/www.unilim.fr\/fablab19\/wp-content\/uploads\/sites\/8\/2018\/10\/weller-3000.jpg 320w, https:\/\/www.unilim.fr\/fablab19\/wp-content\/uploads\/sites\/8\/2018\/10\/weller-3000-300x144.jpg 300w\" sizes=\"auto, (max-width: 141px) 100vw, 141px\" \/><\/a>Station de soudage&nbsp; Weller<br \/><\/span><\/strong><\/span><\/p>\n<p><span style=\"font-size: small\">Station de brasage\/d&eacute;brasage &agrave; air chaud&nbsp; qui permet de monter ou r&eacute;parer des cartes &eacute;lectroniques<\/span><\/p>\n<p>Vous pouvez consulter la notice d&rsquo;utilisation ci-contre .<\/p>\n<h4 class=\"ul-bold\"><span style=\"text-decoration: underline\"><strong>Attention<\/strong><\/span>: Il est n&eacute;cessaire de bien nettoyer les buses en fin d&rsquo;utilisation afin d&eacute;viter de les boucher.<\/h4>\n                <\/div>\n                          <\/div>\n                    <\/div>\n                <div class=\"\">\n                        <div class=\"panel panel-primary\">\n                              <div class=\"panel-heading\">\n                    <h3 class=\"panel-title\"><i class=\"fa fa-fw fa-\"><\/i>Four \u00e0 refusion<\/h3>\n                <\/div>\n                              <div class=\"panel-body\">\n                  \n<p><strong>&nbsp;<\/strong><\/p>\n<p><span style=\"font-size: small\">id&eacute;al pour de petites s&eacute;ries le FT02&nbsp; est un mod&egrave;le compact mais offrant une <strong>surface utile de refusion de 190 x 290 mm<\/strong><\/span><\/p>\n<p><span style=\"font-size: small\"><a href=\"https:\/\/www.unilim.fr\/fablab19\/wp-content\/uploads\/sites\/8\/2018\/10\/four-de-refusion-cif.jpg\" class=\"\"><img loading=\"lazy\" decoding=\"async\" alt=\"\" src=\"https:\/\/www.unilim.fr\/fablab19\/wp-content\/uploads\/sites\/8\/2018\/10\/four-de-refusion-cif.jpg\" class=\"alignnone wp-image-132\" style=\"float: right\" width=\"250\" height=\"250\" srcset=\"https:\/\/www.unilim.fr\/fablab19\/wp-content\/uploads\/sites\/8\/2018\/10\/four-de-refusion-cif.jpg 600w, https:\/\/www.unilim.fr\/fablab19\/wp-content\/uploads\/sites\/8\/2018\/10\/four-de-refusion-cif-300x300.jpg 300w\" sizes=\"auto, (max-width: 250px) 100vw, 250px\" \/><\/a><br \/>&bull; M&eacute;morisation de 10 programmes de s&eacute;rie <br \/>&bull; Compatible sans plomb <br \/>&bull; Distribution de la chaleur par convection forc&eacute;e. <br \/>&bull; Contr&ocirc;le de la temp&eacute;rature par microprocesseur. <br \/>&bull; Affichage LCD des diff&eacute;rentes consignes : temp&eacute;rature et temps. <br \/>&bull; Programmation tr&egrave;s simple pour une prise en main imm&eacute;diate <br \/>&bull; S&eacute;curit&eacute; : double vitrage avec circulation d&rsquo;air, verrouillage de la porte d&rsquo;acc&egrave;s<\/span><\/p>\n                <\/div>\n                          <\/div>\n                    <\/div>\n                <\/div>\n                <div class=\"col-sm-6 \">\n                    <div class=\"\">\n                        <div class=\"panel panel-primary\">\n                              <div class=\"panel-heading\">\n                    <h3 class=\"panel-title\"><i class=\"fa fa-fw fa-\"><\/i>Documents \u00e0 T\u00e9l\u00e9charger<\/h3>\n                <\/div>\n                              <div class=\"panel-body\">\n                  \n<p><a href=\"https:\/\/www.unilim.fr\/fablab19\/wp-content\/uploads\/sites\/8\/2018\/11\/FourFt02.pdf\" target=\"_blank\">Manuel utilisateur Four &agrave; refusion FT02<\/a><\/p>\n<p><a href=\"https:\/\/www.unilim.fr\/fablab19\/wp-content\/uploads\/sites\/8\/2018\/11\/StationWellerWr3000.pdf\" target=\"_blank\">Station de soudage Weller Wr3000<\/a><\/p>\n                <\/div>\n                          <\/div>\n                    <\/div>\n                        \n                <div class=\"row ul-fix-height ul-element-post ul-element-post--col  \">\n                                                <div class=\"col-sm-4\">\n                            <div class=\"bg-gray-lighter ul-fix-height-to-me\">\n                                <article class=\"\" id=\"post-1078\"  role=\"article\" >\n\n                                    <a href=\"https:\/\/asso.unilim.fr\/fablab19\/2024\/06\/13\/premiers-contacts-au-radioclub-f4kki\/\" rel=\"bookmark\" title=\"PREMIERS CONTACTS AU RADIOCLUB F4KKI\" class=\"\">\n                                                                                                                                    <img loading=\"lazy\" decoding=\"async\" width=\"448\" height=\"480\" src=\"https:\/\/www.unilim.fr\/fablab19\/wp-content\/uploads\/sites\/8\/2024\/06\/Radio_Q-448x480.jpg\" class=\"img-responsive wp-post-image\" alt=\"\" \/>                                                                                                                                                                    <\/a>\n\n                                                                        <p class=\"bg-primary text-light text-right ul-bold\" style=\"padding:10px;\">\n                                        <a href=\"https:\/\/asso.unilim.fr\/fablab19\/category\/actualite\/\" rel=\"category tag\">Actualit\u00e9<\/a> | <a href=\"https:\/\/asso.unilim.fr\/fablab19\/category\/actualite\/presse\/\" rel=\"category tag\">Presse<\/a>                                        <\/p>\n                                    \n                                    <div class=\"content panel-body\" style=\"padding:10px;\">\n                                        \n                                        <h4 class=\"ul-bold\">\n                                            <a class=\"text-gray header-readmore-arrow\" href=\"https:\/\/asso.unilim.fr\/fablab19\/2024\/06\/13\/premiers-contacts-au-radioclub-f4kki\/\" rel=\"bookmark\" title=\"PREMIERS CONTACTS AU RADIOCLUB F4KKI\">\n                                                PREMIERS CONTACTS AU RADIOCLUB F4KKI&nbsp;<i class='text-primary fa fa-location-arrow hidden'><\/i>\n                                            <\/a>\n\n                                        <\/h4>\n\n                                                                                    <p>\n                                                Jeudi 23 mai 2024, les premiers contacts radio ont \u00e9t\u00e9 r\u00e9alis\u00e9s au radioclub du Fablab19, F4KKI. Afin de rendre possibles ces <a href='https:\/\/asso.unilim.fr\/fablab19\/2024\/06\/13\/premiers-contacts-au-radioclub-f4kki\/' alt='Lire la suite' class='text-readmore-arrow'>[...]<\/a>                                            <\/p>\n                                        \n                                                                            <\/div>\n                                <\/article>\n                            <\/div>\n                        <\/div>\n                                                                        <div class=\"col-sm-4\">\n                            <div class=\"bg-gray-lighter ul-fix-height-to-me\">\n                                <article class=\"\" id=\"post-1064\"  role=\"article\" >\n\n                                    <a href=\"https:\/\/asso.unilim.fr\/fablab19\/2024\/03\/08\/nouveau-creneau-douverture-les-samedis\/\" rel=\"bookmark\" title=\"Nouveau cr\u00e9neau d&rsquo;ouverture les Samedis\" class=\"\">\n                                                                                                                                    <img loading=\"lazy\" decoding=\"async\" width=\"640\" height=\"403\" src=\"https:\/\/www.unilim.fr\/fablab19\/wp-content\/uploads\/sites\/8\/2023\/05\/Bat-fab_ancien-640x403.jpg\" class=\"img-responsive wp-post-image\" alt=\"\" \/>                                                                                                                                                                    <\/a>\n\n                                                                        <p class=\"bg-primary text-light text-right ul-bold\" style=\"padding:10px;\">\n                                        <a href=\"https:\/\/asso.unilim.fr\/fablab19\/category\/actualite\/\" rel=\"category tag\">Actualit\u00e9<\/a> | <a href=\"https:\/\/asso.unilim.fr\/fablab19\/category\/equipements\/decoupe-laser\/\" rel=\"category tag\">Decoupe Laser<\/a> | <a href=\"https:\/\/asso.unilim.fr\/fablab19\/category\/equipements\/\" rel=\"category tag\">Equipements<\/a> | <a href=\"https:\/\/asso.unilim.fr\/fablab19\/category\/faqs\/\" rel=\"category tag\">FAQs<\/a>                                        <\/p>\n                                    \n                                    <div class=\"content panel-body\" style=\"padding:10px;\">\n                                        \n                                        <h4 class=\"ul-bold\">\n                                            <a class=\"text-gray header-readmore-arrow\" href=\"https:\/\/asso.unilim.fr\/fablab19\/2024\/03\/08\/nouveau-creneau-douverture-les-samedis\/\" rel=\"bookmark\" title=\"Nouveau cr\u00e9neau d&rsquo;ouverture les Samedis\">\n                                                Nouveau cr\u00e9neau d&rsquo;ouverture les Samedis&nbsp;<i class='text-primary fa fa-location-arrow hidden'><\/i>\n                                            <\/a>\n\n                                        <\/h4>\n\n                                                                                    <p>\n                                                Le fablab19 s&rsquo;installe dans ses nouveaux locaux avec de nouvelles activit\u00e9s et p\u00e9riodes d&rsquo;ouvertures. En compl\u00e9ment des mardi et <a href='https:\/\/asso.unilim.fr\/fablab19\/2024\/03\/08\/nouveau-creneau-douverture-les-samedis\/' alt='Lire la suite' class='text-readmore-arrow'>[...]<\/a>                                            <\/p>\n                                        \n                                                                            <\/div>\n                                <\/article>\n                            <\/div>\n                        <\/div>\n                                                                        <div class=\"col-sm-4\">\n                            <div class=\"bg-gray-lighter ul-fix-height-to-me\">\n                                <article class=\"\" id=\"post-1056\"  role=\"article\" >\n\n                                    <a href=\"https:\/\/asso.unilim.fr\/fablab19\/2024\/02\/12\/appel-a-cotisation-2024\/\" rel=\"bookmark\" title=\"Appel \u00e0 cotisation 2024\" class=\"\">\n                                                                                                                                    <img loading=\"lazy\" decoding=\"async\" width=\"552\" height=\"480\" src=\"https:\/\/www.unilim.fr\/fablab19\/wp-content\/uploads\/sites\/8\/2019\/01\/AppelACotisation-552x480.png\" class=\"img-responsive wp-post-image\" alt=\"\" \/>                                                                                                                                                                    <\/a>\n\n                                                                        <p class=\"bg-primary text-light text-right ul-bold\" style=\"padding:10px;\">\n                                        <a href=\"https:\/\/asso.unilim.fr\/fablab19\/category\/actualite\/\" rel=\"category tag\">Actualit\u00e9<\/a>                                        <\/p>\n                                    \n                                    <div class=\"content panel-body\" style=\"padding:10px;\">\n                                        \n                                        <h4 class=\"ul-bold\">\n                                            <a class=\"text-gray header-readmore-arrow\" href=\"https:\/\/asso.unilim.fr\/fablab19\/2024\/02\/12\/appel-a-cotisation-2024\/\" rel=\"bookmark\" title=\"Appel \u00e0 cotisation 2024\">\n                                                Appel \u00e0 cotisation 2024&nbsp;<i class='text-primary fa fa-location-arrow hidden'><\/i>\n                                            <\/a>\n\n                                        <\/h4>\n\n                                                                                    <p>\n                                                Bonjour \u00e0 tous, L\u2019ann\u00e9e 2024 est partie sur les chapeaux de roues, avec la prise en main de nos, tr\u00e8s attendus,\u00a0 nouveaux locaux. <a href='https:\/\/asso.unilim.fr\/fablab19\/2024\/02\/12\/appel-a-cotisation-2024\/' alt='Lire la suite' class='text-readmore-arrow'>[...]<\/a>                                            <\/p>\n                                        \n                                                                            <\/div>\n                                <\/article>\n                            <\/div>\n                        <\/div>\n                                                                    <\/div>\n                        <\/div>\n        <\/div>\n            <\/div>\n                  <\/div>\n        \n","protected":false},"excerpt":{"rendered":"","protected":false},"author":89,"featured_media":0,"parent":111,"menu_order":0,"comment_status":"closed","ping_status":"closed","template":"page-le.php","meta":{"footnotes":""},"class_list":["post-205","page","type-page","status-publish","hentry"],"yoast_head":"<!-- This site is optimized with the Yoast SEO plugin v26.3 - https:\/\/yoast.com\/wordpress\/plugins\/seo\/ -->\n<title>Espace soudage - FABLAB19<\/title>\n<meta name=\"robots\" content=\"index, follow, max-snippet:-1, max-image-preview:large, max-video-preview:-1\" \/>\n<link rel=\"canonical\" href=\"https:\/\/asso.unilim.fr\/fablab19\/equipements\/espace-soudage\/\" \/>\n<meta property=\"og:locale\" content=\"fr_FR\" \/>\n<meta property=\"og:type\" content=\"article\" \/>\n<meta property=\"og:title\" content=\"Espace soudage - FABLAB19\" \/>\n<meta property=\"og:url\" content=\"https:\/\/asso.unilim.fr\/fablab19\/equipements\/espace-soudage\/\" \/>\n<meta property=\"og:site_name\" content=\"FABLAB19\" \/>\n<meta property=\"article:modified_time\" content=\"2018-11-05T14:53:45+00:00\" \/>\n<meta property=\"og:image\" content=\"https:\/\/www.unilim.fr\/fablab19\/wp-content\/uploads\/sites\/8\/2018\/10\/weller-3000.jpg\" \/>\n<meta name=\"twitter:card\" content=\"summary_large_image\" \/>\n<meta name=\"twitter:label1\" content=\"Dur\u00e9e de lecture estim\u00e9e\" \/>\n\t<meta name=\"twitter:data1\" content=\"2 minutes\" \/>\n<script type=\"application\/ld+json\" class=\"yoast-schema-graph\">{\"@context\":\"https:\/\/schema.org\",\"@graph\":[{\"@type\":\"WebPage\",\"@id\":\"https:\/\/asso.unilim.fr\/fablab19\/equipements\/espace-soudage\/\",\"url\":\"https:\/\/asso.unilim.fr\/fablab19\/equipements\/espace-soudage\/\",\"name\":\"Espace soudage - FABLAB19\",\"isPartOf\":{\"@id\":\"https:\/\/asso.unilim.fr\/fablab19\/#website\"},\"primaryImageOfPage\":{\"@id\":\"https:\/\/asso.unilim.fr\/fablab19\/equipements\/espace-soudage\/#primaryimage\"},\"image\":{\"@id\":\"https:\/\/asso.unilim.fr\/fablab19\/equipements\/espace-soudage\/#primaryimage\"},\"thumbnailUrl\":\"https:\/\/www.unilim.fr\/fablab19\/wp-content\/uploads\/sites\/8\/2018\/10\/weller-3000.jpg\",\"datePublished\":\"2018-11-05T13:38:32+00:00\",\"dateModified\":\"2018-11-05T14:53:45+00:00\",\"breadcrumb\":{\"@id\":\"https:\/\/asso.unilim.fr\/fablab19\/equipements\/espace-soudage\/#breadcrumb\"},\"inLanguage\":\"fr-FR\",\"potentialAction\":[{\"@type\":\"ReadAction\",\"target\":[\"https:\/\/asso.unilim.fr\/fablab19\/equipements\/espace-soudage\/\"]}]},{\"@type\":\"ImageObject\",\"inLanguage\":\"fr-FR\",\"@id\":\"https:\/\/asso.unilim.fr\/fablab19\/equipements\/espace-soudage\/#primaryimage\",\"url\":\"https:\/\/www.unilim.fr\/fablab19\/wp-content\/uploads\/sites\/8\/2018\/10\/weller-3000.jpg\",\"contentUrl\":\"https:\/\/www.unilim.fr\/fablab19\/wp-content\/uploads\/sites\/8\/2018\/10\/weller-3000.jpg\"},{\"@type\":\"BreadcrumbList\",\"@id\":\"https:\/\/asso.unilim.fr\/fablab19\/equipements\/espace-soudage\/#breadcrumb\",\"itemListElement\":[{\"@type\":\"ListItem\",\"position\":1,\"name\":\"Accueil\",\"item\":\"https:\/\/asso.unilim.fr\/fablab19\/\"},{\"@type\":\"ListItem\",\"position\":2,\"name\":\"Equipements\",\"item\":\"https:\/\/asso.unilim.fr\/fablab19\/equipements\/\"},{\"@type\":\"ListItem\",\"position\":3,\"name\":\"Espace soudage\"}]},{\"@type\":\"WebSite\",\"@id\":\"https:\/\/asso.unilim.fr\/fablab19\/#website\",\"url\":\"https:\/\/asso.unilim.fr\/fablab19\/\",\"name\":\"FABLAB19\",\"description\":\"Fablab19 source de r\u00e9ussites\",\"potentialAction\":[{\"@type\":\"SearchAction\",\"target\":{\"@type\":\"EntryPoint\",\"urlTemplate\":\"https:\/\/asso.unilim.fr\/fablab19\/?s={search_term_string}\"},\"query-input\":{\"@type\":\"PropertyValueSpecification\",\"valueRequired\":true,\"valueName\":\"search_term_string\"}}],\"inLanguage\":\"fr-FR\"}]}<\/script>\n<!-- \/ Yoast SEO plugin. -->","yoast_head_json":{"title":"Espace soudage - FABLAB19","robots":{"index":"index","follow":"follow","max-snippet":"max-snippet:-1","max-image-preview":"max-image-preview:large","max-video-preview":"max-video-preview:-1"},"canonical":"https:\/\/asso.unilim.fr\/fablab19\/equipements\/espace-soudage\/","og_locale":"fr_FR","og_type":"article","og_title":"Espace soudage - FABLAB19","og_url":"https:\/\/asso.unilim.fr\/fablab19\/equipements\/espace-soudage\/","og_site_name":"FABLAB19","article_modified_time":"2018-11-05T14:53:45+00:00","og_image":[{"url":"https:\/\/www.unilim.fr\/fablab19\/wp-content\/uploads\/sites\/8\/2018\/10\/weller-3000.jpg","type":"","width":"","height":""}],"twitter_card":"summary_large_image","twitter_misc":{"Dur\u00e9e de lecture estim\u00e9e":"2 minutes"},"schema":{"@context":"https:\/\/schema.org","@graph":[{"@type":"WebPage","@id":"https:\/\/asso.unilim.fr\/fablab19\/equipements\/espace-soudage\/","url":"https:\/\/asso.unilim.fr\/fablab19\/equipements\/espace-soudage\/","name":"Espace soudage - FABLAB19","isPartOf":{"@id":"https:\/\/asso.unilim.fr\/fablab19\/#website"},"primaryImageOfPage":{"@id":"https:\/\/asso.unilim.fr\/fablab19\/equipements\/espace-soudage\/#primaryimage"},"image":{"@id":"https:\/\/asso.unilim.fr\/fablab19\/equipements\/espace-soudage\/#primaryimage"},"thumbnailUrl":"https:\/\/www.unilim.fr\/fablab19\/wp-content\/uploads\/sites\/8\/2018\/10\/weller-3000.jpg","datePublished":"2018-11-05T13:38:32+00:00","dateModified":"2018-11-05T14:53:45+00:00","breadcrumb":{"@id":"https:\/\/asso.unilim.fr\/fablab19\/equipements\/espace-soudage\/#breadcrumb"},"inLanguage":"fr-FR","potentialAction":[{"@type":"ReadAction","target":["https:\/\/asso.unilim.fr\/fablab19\/equipements\/espace-soudage\/"]}]},{"@type":"ImageObject","inLanguage":"fr-FR","@id":"https:\/\/asso.unilim.fr\/fablab19\/equipements\/espace-soudage\/#primaryimage","url":"https:\/\/www.unilim.fr\/fablab19\/wp-content\/uploads\/sites\/8\/2018\/10\/weller-3000.jpg","contentUrl":"https:\/\/www.unilim.fr\/fablab19\/wp-content\/uploads\/sites\/8\/2018\/10\/weller-3000.jpg"},{"@type":"BreadcrumbList","@id":"https:\/\/asso.unilim.fr\/fablab19\/equipements\/espace-soudage\/#breadcrumb","itemListElement":[{"@type":"ListItem","position":1,"name":"Accueil","item":"https:\/\/asso.unilim.fr\/fablab19\/"},{"@type":"ListItem","position":2,"name":"Equipements","item":"https:\/\/asso.unilim.fr\/fablab19\/equipements\/"},{"@type":"ListItem","position":3,"name":"Espace soudage"}]},{"@type":"WebSite","@id":"https:\/\/asso.unilim.fr\/fablab19\/#website","url":"https:\/\/asso.unilim.fr\/fablab19\/","name":"FABLAB19","description":"Fablab19 source de r\u00e9ussites","potentialAction":[{"@type":"SearchAction","target":{"@type":"EntryPoint","urlTemplate":"https:\/\/asso.unilim.fr\/fablab19\/?s={search_term_string}"},"query-input":{"@type":"PropertyValueSpecification","valueRequired":true,"valueName":"search_term_string"}}],"inLanguage":"fr-FR"}]}},"_links":{"self":[{"href":"https:\/\/asso.unilim.fr\/fablab19\/wp-json\/wp\/v2\/pages\/205","targetHints":{"allow":["GET"]}}],"collection":[{"href":"https:\/\/asso.unilim.fr\/fablab19\/wp-json\/wp\/v2\/pages"}],"about":[{"href":"https:\/\/asso.unilim.fr\/fablab19\/wp-json\/wp\/v2\/types\/page"}],"author":[{"embeddable":true,"href":"https:\/\/asso.unilim.fr\/fablab19\/wp-json\/wp\/v2\/users\/89"}],"replies":[{"embeddable":true,"href":"https:\/\/asso.unilim.fr\/fablab19\/wp-json\/wp\/v2\/comments?post=205"}],"version-history":[{"count":0,"href":"https:\/\/asso.unilim.fr\/fablab19\/wp-json\/wp\/v2\/pages\/205\/revisions"}],"up":[{"embeddable":true,"href":"https:\/\/asso.unilim.fr\/fablab19\/wp-json\/wp\/v2\/pages\/111"}],"wp:attachment":[{"href":"https:\/\/asso.unilim.fr\/fablab19\/wp-json\/wp\/v2\/media?parent=205"}],"curies":[{"name":"wp","href":"https:\/\/api.w.org\/{rel}","templated":true}]}}