{"id":185,"date":"2024-05-05T22:00:00","date_gmt":"2018-10-26T10:18:27","guid":{"rendered":"http:\/\/asso.unilim.fr\/fablab19\/?page_id=185"},"modified":"2024-09-30T19:21:39","modified_gmt":"2024-09-30T17:21:39","slug":"freecad","status":"publish","type":"page","link":"https:\/\/asso.unilim.fr\/fablab19\/formations\/freecad\/","title":{"rendered":"Freecad"},"content":{"rendered":"        <div class=\"container-fluid  \" style=\"\">\n                      <div class=\"container\">\n                <div class=\"row \" style=\"margin-top: 30px;margin-bottom: 30px\">        <div class=\"col-sm-5 \">\n                    <div class=\"\">\n                        <div class=\"panel panel-success\">\n                              <div class=\"panel-heading\">\n                    <h3 class=\"panel-title\"><i class=\"fa fa-fw fa-\"><\/i>Freecad version 0.20<\/h3>\n                <\/div>\n                              <div class=\"panel-body\">\n                  \n<p>Nous formons nos adh&eacute;rents &agrave; l&rsquo;utilisation de freecad depuis la version 0.16&nbsp; Chaque ann&eacute;e nous organisons une session de formation Initiation&nbsp; gratuite pour les adh&eacute;rents.<\/p>\n<p>Ces deus formations d&rsquo;une dur&eacute;e totale de 4h permet &agrave; tout d&eacute;butant ayant des rudiments d&rsquo;informatique de se la lancer dans la cr&eacute;ation de plans ou de mod&egrave;les 3D et ainsi pouvoir imprimer en 3D ses propres mod&egrave;les .<\/p>\n<p>Une Formation compl&eacute;mentaire , payante,&nbsp; peut- etre organis&eacute;e&nbsp; qui permet de voir des fonctions avanc&eacute;es de freecad.<\/p>\n<\/p>\n                <\/div>\n                          <\/div>\n                    <\/div>\n                <div class=\"\">\n                        <div class=\"panel panel-primary\">\n                              <div class=\"panel-heading\">\n                    <h3 class=\"panel-title\"><i class=\"fa fa-fw fa-\"><\/i>Initiation \u00e0 Freecad<\/h3>\n                <\/div>\n                              <div class=\"panel-body\">\n                  \n<p>Si vous &ecirc;tes int&eacute;ress&eacute; par une formation :<\/p>\n<ul>\n<li>&nbsp; Fusion 360 pour la 3D<\/li>\n<li>&nbsp; Sketchup<\/li>\n<li>&nbsp; Kicad pour la CAO &eacute;lectronique<\/li>\n<li>&nbsp; &#8230;<\/li>\n<\/ul>\n<p>contactez nous aux adresses ci-dessous ou par le F<a href=\"https:\/\/www.unilim.fr\/fablab19\/nous-contacter-2\/\" target=\"_blank\" rel=\"noopener noreferrer\">ormulaire de Contact<\/a><\/p>\n<\/p>\n<h2 class=\"ul-bold\">Pour les formations gratuites<\/h2>\n<p style=\"padding-left: 30px\"><em>(Si vous ne poss&eacute;dez pas de portable&nbsp; merci de nous le signaler.)<\/em><\/p>\n<p style=\"padding-left: 30px\"><span style=\"font-size: small\"><strong>Bien entendu vous devez &ecirc;tre <a href=\"https:\/\/www.unilim.fr\/fablab19\/adhesion-au-fablab19\/\">adh&eacute;rent de l&rsquo;association<\/a>.<\/strong><\/span><\/p>\n<p style=\"padding-left: 30px\"><span style=\"font-size: small\"><strong>&nbsp;<\/strong><\/span><\/p>\n<p><span style=\"font-size: small\"><span style=\"text-decoration: underline\"><em><strong>M. Alexandre Labure<\/strong><\/em><\/span> <strong><span style=\"font-size: small\"><span style=\"color: #ff9900\"><em>(alexandre.labure @ gmail.com)<\/em><\/span><\/span><\/strong><\/span><\/p>\n<div>Ou<\/div>\n<div><span style=\"font-size: small\"><span style=\"color: #ff9900\"><em><span style=\"color: #000000\">M.&nbsp;<span style=\"font-size: small\"><em> Claude REIGNER <\/em><\/span><\/span> (<\/em><strong>cla.reig @ me.com<\/strong><em>)<\/em><\/span><\/span><\/div>\n<div><span style=\"font-size: small\"><span style=\"color: #ff9900\"><em>&nbsp;<\/em><\/span><\/span><\/div>\n<\/p>\n                <\/div>\n                          <\/div>\n                    <\/div>\n                        \n                <div class=\"row ul-fix-height ul-element-post ul-element-post--col  \">\n                                                <div class=\"col-sm-4\">\n                            <div class=\"bg-gray-lighter ul-fix-height-to-me\">\n                                <article class=\"\" id=\"post-1106\"  role=\"article\" >\n\n                                    <a href=\"https:\/\/asso.unilim.fr\/fablab19\/2024\/09\/30\/formation-initiation-logiciel-de-cao-fusion-360\/\" rel=\"bookmark\" title=\"formation initiation logiciel de CAO FUSION 360.\" class=\"\">\n                                                                                                                                    <img loading=\"lazy\" decoding=\"async\" width=\"640\" height=\"480\" src=\"https:\/\/www.unilim.fr\/fablab19\/wp-content\/uploads\/sites\/8\/2024\/09\/Fusion360-640x480.jpg\" class=\"img-responsive wp-post-image\" alt=\"\" \/>                                                                                                                                                                    <\/a>\n\n                                                                        <p class=\"bg-primary text-light text-right ul-bold\" style=\"padding:10px;\">\n                                        <a href=\"https:\/\/asso.unilim.fr\/fablab19\/category\/actualite\/\" rel=\"category tag\">Actualit\u00e9<\/a> | <a href=\"https:\/\/asso.unilim.fr\/fablab19\/category\/equipements\/\" rel=\"category tag\">Equipements<\/a> | <a href=\"https:\/\/asso.unilim.fr\/fablab19\/category\/actualite\/presse\/\" rel=\"category tag\">Presse<\/a> | <a href=\"https:\/\/asso.unilim.fr\/fablab19\/category\/realisations\/\" rel=\"category tag\">R\u00e9alisations<\/a> | <a href=\"https:\/\/asso.unilim.fr\/fablab19\/category\/ressources\/\" rel=\"category tag\">Ressources<\/a>                                        <\/p>\n                                    \n                                    <div class=\"content panel-body\" style=\"padding:10px;\">\n                                        \n                                        <h4 class=\"ul-bold\">\n                                            <a class=\"text-gray header-readmore-arrow\" href=\"https:\/\/asso.unilim.fr\/fablab19\/2024\/09\/30\/formation-initiation-logiciel-de-cao-fusion-360\/\" rel=\"bookmark\" title=\"formation initiation logiciel de CAO FUSION 360.\">\n                                                formation initiation logiciel de CAO FUSION 360.&nbsp;<i class='text-primary fa fa-location-arrow hidden'><\/i>\n                                            <\/a>\n\n                                        <\/h4>\n\n                                                                                    <p>\n                                                Suite \u00e0 certaines demandes, nous lan\u00e7ons une formation de base au logiciel de CAO FUSION 360 pour nos adh\u00e9rents . Nous pr\u00e9voyons 2 fois 2h <a href='https:\/\/asso.unilim.fr\/fablab19\/2024\/09\/30\/formation-initiation-logiciel-de-cao-fusion-360\/' alt='Lire la suite' class='text-readmore-arrow'>[...]<\/a>                                            <\/p>\n                                        \n                                                                            <\/div>\n                                <\/article>\n                            <\/div>\n                        <\/div>\n                                                                        <div class=\"col-sm-4\">\n                            <div class=\"bg-gray-lighter ul-fix-height-to-me\">\n                                <article class=\"\" id=\"post-1099\"  role=\"article\" >\n\n                                    <a href=\"https:\/\/asso.unilim.fr\/fablab19\/2024\/09\/16\/le-fablab19-au-forum-des-associations\/\" rel=\"bookmark\" title=\"Le Fablab19 au forum des associations 2024\" class=\"\">\n                                                                                                                                    <img loading=\"lazy\" decoding=\"async\" width=\"602\" height=\"480\" src=\"https:\/\/www.unilim.fr\/fablab19\/wp-content\/uploads\/sites\/8\/2024\/09\/Forum_asso_2024-602x480.jpg\" class=\"img-responsive wp-post-image\" alt=\"\" \/>                                                                                                                                                                    <\/a>\n\n                                                                        <p class=\"bg-primary text-light text-right ul-bold\" style=\"padding:10px;\">\n                                        <a href=\"https:\/\/asso.unilim.fr\/fablab19\/category\/actualite\/\" rel=\"category tag\">Actualit\u00e9<\/a> | <a href=\"https:\/\/asso.unilim.fr\/fablab19\/category\/equipements\/\" rel=\"category tag\">Equipements<\/a> | <a href=\"https:\/\/asso.unilim.fr\/fablab19\/category\/actualite\/presse\/\" rel=\"category tag\">Presse<\/a>                                        <\/p>\n                                    \n                                    <div class=\"content panel-body\" style=\"padding:10px;\">\n                                        \n                                        <h4 class=\"ul-bold\">\n                                            <a class=\"text-gray header-readmore-arrow\" href=\"https:\/\/asso.unilim.fr\/fablab19\/2024\/09\/16\/le-fablab19-au-forum-des-associations\/\" rel=\"bookmark\" title=\"Le Fablab19 au forum des associations 2024\">\n                                                Le Fablab19 au forum des associations 2024&nbsp;<i class='text-primary fa fa-location-arrow hidden'><\/i>\n                                            <\/a>\n\n                                        <\/h4>\n\n                                                                                    <p>\n                                                Ce Dimanche 15 septembre, le fablab19 \u00e9tait pr\u00e9sent au forum des associations et Alexandre\u00a0 pr\u00e9sentait une CNC construite par ses soins. <a href='https:\/\/asso.unilim.fr\/fablab19\/2024\/09\/16\/le-fablab19-au-forum-des-associations\/' alt='Lire la suite' class='text-readmore-arrow'>[...]<\/a>                                            <\/p>\n                                        \n                                                                            <\/div>\n                                <\/article>\n                            <\/div>\n                        <\/div>\n                                                                        <div class=\"col-sm-4\">\n                            <div class=\"bg-gray-lighter ul-fix-height-to-me\">\n                                <article class=\"\" id=\"post-1092\"  role=\"article\" >\n\n                                    <a href=\"https:\/\/asso.unilim.fr\/fablab19\/2024\/09\/05\/nouvelle-machine-dimpression-3d\/\" rel=\"bookmark\" title=\"Nouvelle machine d&rsquo;impression 3D\" class=\"\">\n                                                                                                                                    <img loading=\"lazy\" decoding=\"async\" width=\"512\" height=\"480\" src=\"https:\/\/www.unilim.fr\/fablab19\/wp-content\/uploads\/sites\/8\/2024\/09\/Bambulab_X1-512x480.jpg\" class=\"img-responsive wp-post-image\" alt=\"\" \/>                                                                                                                                                                    <\/a>\n\n                                                                        <p class=\"bg-primary text-light text-right ul-bold\" style=\"padding:10px;\">\n                                        <a href=\"https:\/\/asso.unilim.fr\/fablab19\/category\/actualite\/\" rel=\"category tag\">Actualit\u00e9<\/a> | <a href=\"https:\/\/asso.unilim.fr\/fablab19\/category\/equipements\/\" rel=\"category tag\">Equipements<\/a> | <a href=\"https:\/\/asso.unilim.fr\/fablab19\/category\/actualite\/presse\/\" rel=\"category tag\">Presse<\/a> | <a href=\"https:\/\/asso.unilim.fr\/fablab19\/category\/projets\/\" rel=\"category tag\">Projets<\/a> | <a href=\"https:\/\/asso.unilim.fr\/fablab19\/category\/realisations\/\" rel=\"category tag\">R\u00e9alisations<\/a>                                        <\/p>\n                                    \n                                    <div class=\"content panel-body\" style=\"padding:10px;\">\n                                        \n                                        <h4 class=\"ul-bold\">\n                                            <a class=\"text-gray header-readmore-arrow\" href=\"https:\/\/asso.unilim.fr\/fablab19\/2024\/09\/05\/nouvelle-machine-dimpression-3d\/\" rel=\"bookmark\" title=\"Nouvelle machine d&rsquo;impression 3D\">\n                                                Nouvelle machine d&rsquo;impression 3D&nbsp;<i class='text-primary fa fa-location-arrow hidden'><\/i>\n                                            <\/a>\n\n                                        <\/h4>\n\n                                                                                    <p>\n                                                En cette rentr\u00e9e de\u00a0 septembre 2024, le fablab19 vient de se doter d&rsquo;une nouvelle machine d&rsquo;impression 3D. C&rsquo;est une Bambu <a href='https:\/\/asso.unilim.fr\/fablab19\/2024\/09\/05\/nouvelle-machine-dimpression-3d\/' alt='Lire la suite' class='text-readmore-arrow'>[...]<\/a>                                            <\/p>\n                                        \n                                                                            <\/div>\n                                <\/article>\n                            <\/div>\n                        <\/div>\n                                                                    <\/div>\n                        <\/div>\n                <div class=\"col-sm-7 \">\n                    <div class=\"\">\n                        <div class=\"panel panel-primary\">\n                              <div class=\"panel-heading\">\n                    <h3 class=\"panel-title\"><i class=\"fa fa-fw fa-archive\"><\/i>Programme de l'atelier - niveau 1<\/h3>\n                <\/div>\n                              <div class=\"panel-body\">\n                  \n<h4 class=\"ul-bold\">Atelier de 6 &agrave; 12 personnes sur &nbsp; l&rsquo;utilisation de FreeCAD&nbsp; 1er niveau .<\/h4>\n<p>En deux s&eacute;ances de deux heures le formateur vous donne les cl&eacute;s pour d&eacute;buter avec FreeCAD et r&eacute;aliser vos premi&egrave;res pi&egrave;ces complexes.<\/p>\n<p><span style=\"font-size: small\"><a href=\"https:\/\/www.unilim.fr\/fablab19\/wp-content\/uploads\/sites\/8\/2018\/10\/cours-freecad-2016.pdf\" target=\"_blank\" rel=\"noopener noreferrer\">cours-freecad-20<\/a><\/span><\/p>\n<p><span style=\"font-size: small\"> <a href=\"https:\/\/www.unilim.fr\/fablab19\/wp-content\/uploads\/sites\/8\/2018\/10\/Exemples_exercices.zip\" target=\"_blank\" rel=\"noopener noreferrer\">Exemples_exercices<\/a><br \/><\/span><\/p>\n<p><span style=\"font-size: small\">&nbsp;<\/span><em><strong> Rq: <\/strong>Une Formation plus avanc&eacute;e ( Niveau 2) est envisageable pour les personnes ayant suivi le niveau 1<\/em><\/p>\n                <\/div>\n                          <\/div>\n                    <\/div>\n        \n        \n        <div class=\"ul-element-header text-left  \">\n\n            <h2 class=\"ul-bold  bg-primary\" style=\"padding:10px;\">\n                                Diff\u00e9rentes sessions organis\u00e9es                            <\/h2>\n        <\/div>\n                <div class=\"clearfix ul-element-text \">\n            \n<p>Session de F\u00e9vrier 2023&nbsp; : niveau 1 <\/p>\n<p>___________________________________________________________________<\/p>\n<p>Session de&nbsp; novembre&nbsp; 2021<br \/>___________________________________________________________________<br \/> <strong>Session Novembre 2017 &#8211; Niveau 2<\/strong><\/p>\n<p>Comme en f\u00e9vrier une session s&rsquo;est tenue avec 8 personnes pour la d\u00e9couverte du logiciel Freecad. <br \/>Si vous \u00eates int\u00e9ress\u00e9s par une nouvelle formation inscrivez vous sur la fiche \u00e0 l&rsquo;entr\u00e9e du Fablab.<\/p>\n<p><span style=\"text-decoration: underline\" data-mce-style=\"text-decoration: underline;\"><em><strong>Rq:<\/strong><\/em><\/span> <em>Une Formation plus avanc\u00e9e ( Niveau 2) est envisageable pour les personnes ayant suivi le niveau 1<\/em><\/p>\n<p>&nbsp;_____________________________________________________<\/p>\n<p><strong>Session F\u00e9vrier 2017<\/strong><\/p>\n<p>Comme en 2016 une session s&rsquo;est tenue&nbsp; avec 8 personnes pour la d\u00e9couverte du logiciel Freecad. <br \/>________________________________________________________________________________________<\/p>\n<p><strong>Mai 2016 &#8211; Formation de 10&nbsp; personnes \u00e0&nbsp; l&rsquo;utilisation de FreeCAD 1er niveau .<\/strong><br \/>En deux s\u00e9ances de deux heures le formateur vous donne les cl\u00e9s pour d\u00e9buter avec FreeCAD et r\u00e9aliser vos premi\u00e8res pi\u00e8ces complexes.<\/p>\n<p>&nbsp;___________________________________________________________________________________________<\/p>\n<p>&nbsp;<strong>Comme en 2015 nous avons initi\u00e9 un certains nombres d&rsquo;adh\u00e9rents<\/strong><\/p>\n<p>4&nbsp; adh\u00e9rents suppl\u00e9mentaires ont \u00e9t\u00e9 form\u00e9s \u00e0 l&rsquo;utilisation de la machine de d\u00e9coupe laser<br \/>3 adh\u00e9rents ont \u00e9t\u00e9 form\u00e9s \u00e0 l&rsquo;utilisation de la machine \u00e0 Graver LPKF.<\/p>\n<p>Et bien sur nous avons initi\u00e9s un certain nombre de personnes \u00e0 l&rsquo;utilisation des imprimantes 3D<\/p>\n<p><\/p>\n<p><\/p>\n        <\/div>\n                <\/div>\n        <\/div>\n            <\/div>\n                  <\/div>\n        \n","protected":false},"excerpt":{"rendered":"","protected":false},"author":89,"featured_media":266,"parent":181,"menu_order":0,"comment_status":"closed","ping_status":"closed","template":"page-le.php","meta":{"footnotes":""},"class_list":["post-185","page","type-page","status-publish","has-post-thumbnail","hentry"],"yoast_head":"<!-- This site is optimized with the Yoast SEO plugin v26.3 - https:\/\/yoast.com\/wordpress\/plugins\/seo\/ -->\n<title>Freecad - FABLAB19<\/title>\n<meta name=\"robots\" content=\"index, follow, max-snippet:-1, max-image-preview:large, max-video-preview:-1\" \/>\n<link rel=\"canonical\" href=\"https:\/\/asso.unilim.fr\/fablab19\/formations\/freecad\/\" \/>\n<meta property=\"og:locale\" content=\"fr_FR\" \/>\n<meta property=\"og:type\" content=\"article\" \/>\n<meta property=\"og:title\" content=\"Freecad - FABLAB19\" \/>\n<meta property=\"og:url\" content=\"https:\/\/asso.unilim.fr\/fablab19\/formations\/freecad\/\" \/>\n<meta property=\"og:site_name\" content=\"FABLAB19\" \/>\n<meta property=\"article:modified_time\" content=\"2024-09-30T17:21:39+00:00\" \/>\n<meta property=\"og:image\" content=\"https:\/\/www.unilim.fr\/fablab19\/wp-content\/uploads\/sites\/8\/2019\/01\/MCC_ndja2019.jpg\" \/>\n\t<meta property=\"og:image:width\" content=\"1002\" \/>\n\t<meta property=\"og:image:height\" content=\"627\" \/>\n\t<meta property=\"og:image:type\" content=\"image\/jpeg\" \/>\n<meta name=\"twitter:card\" content=\"summary_large_image\" \/>\n<meta name=\"twitter:label1\" content=\"Dur\u00e9e de lecture estim\u00e9e\" \/>\n\t<meta name=\"twitter:data1\" content=\"3 minutes\" \/>\n<script type=\"application\/ld+json\" class=\"yoast-schema-graph\">{\"@context\":\"https:\/\/schema.org\",\"@graph\":[{\"@type\":\"WebPage\",\"@id\":\"https:\/\/asso.unilim.fr\/fablab19\/formations\/freecad\/\",\"url\":\"https:\/\/asso.unilim.fr\/fablab19\/formations\/freecad\/\",\"name\":\"Freecad - FABLAB19\",\"isPartOf\":{\"@id\":\"https:\/\/asso.unilim.fr\/fablab19\/#website\"},\"primaryImageOfPage\":{\"@id\":\"https:\/\/asso.unilim.fr\/fablab19\/formations\/freecad\/#primaryimage\"},\"image\":{\"@id\":\"https:\/\/asso.unilim.fr\/fablab19\/formations\/freecad\/#primaryimage\"},\"thumbnailUrl\":\"https:\/\/www.unilim.fr\/fablab19\/wp-content\/uploads\/sites\/8\/2019\/01\/MCC_ndja2019.jpg\",\"datePublished\":\"2018-10-26T10:18:27+00:00\",\"dateModified\":\"2024-09-30T17:21:39+00:00\",\"breadcrumb\":{\"@id\":\"https:\/\/asso.unilim.fr\/fablab19\/formations\/freecad\/#breadcrumb\"},\"inLanguage\":\"fr-FR\",\"potentialAction\":[{\"@type\":\"ReadAction\",\"target\":[\"https:\/\/asso.unilim.fr\/fablab19\/formations\/freecad\/\"]}]},{\"@type\":\"ImageObject\",\"inLanguage\":\"fr-FR\",\"@id\":\"https:\/\/asso.unilim.fr\/fablab19\/formations\/freecad\/#primaryimage\",\"url\":\"https:\/\/www.unilim.fr\/fablab19\/wp-content\/uploads\/sites\/8\/2019\/01\/MCC_ndja2019.jpg\",\"contentUrl\":\"https:\/\/www.unilim.fr\/fablab19\/wp-content\/uploads\/sites\/8\/2019\/01\/MCC_ndja2019.jpg\",\"width\":1002,\"height\":627},{\"@type\":\"BreadcrumbList\",\"@id\":\"https:\/\/asso.unilim.fr\/fablab19\/formations\/freecad\/#breadcrumb\",\"itemListElement\":[{\"@type\":\"ListItem\",\"position\":1,\"name\":\"Accueil\",\"item\":\"https:\/\/asso.unilim.fr\/fablab19\/\"},{\"@type\":\"ListItem\",\"position\":2,\"name\":\"Formations\",\"item\":\"https:\/\/asso.unilim.fr\/fablab19\/formations\/\"},{\"@type\":\"ListItem\",\"position\":3,\"name\":\"Freecad\"}]},{\"@type\":\"WebSite\",\"@id\":\"https:\/\/asso.unilim.fr\/fablab19\/#website\",\"url\":\"https:\/\/asso.unilim.fr\/fablab19\/\",\"name\":\"FABLAB19\",\"description\":\"Fablab19 source de r\u00e9ussites\",\"potentialAction\":[{\"@type\":\"SearchAction\",\"target\":{\"@type\":\"EntryPoint\",\"urlTemplate\":\"https:\/\/asso.unilim.fr\/fablab19\/?s={search_term_string}\"},\"query-input\":{\"@type\":\"PropertyValueSpecification\",\"valueRequired\":true,\"valueName\":\"search_term_string\"}}],\"inLanguage\":\"fr-FR\"}]}<\/script>\n<!-- \/ Yoast SEO plugin. -->","yoast_head_json":{"title":"Freecad - FABLAB19","robots":{"index":"index","follow":"follow","max-snippet":"max-snippet:-1","max-image-preview":"max-image-preview:large","max-video-preview":"max-video-preview:-1"},"canonical":"https:\/\/asso.unilim.fr\/fablab19\/formations\/freecad\/","og_locale":"fr_FR","og_type":"article","og_title":"Freecad - FABLAB19","og_url":"https:\/\/asso.unilim.fr\/fablab19\/formations\/freecad\/","og_site_name":"FABLAB19","article_modified_time":"2024-09-30T17:21:39+00:00","og_image":[{"width":1002,"height":627,"url":"https:\/\/www.unilim.fr\/fablab19\/wp-content\/uploads\/sites\/8\/2019\/01\/MCC_ndja2019.jpg","type":"image\/jpeg"}],"twitter_card":"summary_large_image","twitter_misc":{"Dur\u00e9e de lecture estim\u00e9e":"3 minutes"},"schema":{"@context":"https:\/\/schema.org","@graph":[{"@type":"WebPage","@id":"https:\/\/asso.unilim.fr\/fablab19\/formations\/freecad\/","url":"https:\/\/asso.unilim.fr\/fablab19\/formations\/freecad\/","name":"Freecad - FABLAB19","isPartOf":{"@id":"https:\/\/asso.unilim.fr\/fablab19\/#website"},"primaryImageOfPage":{"@id":"https:\/\/asso.unilim.fr\/fablab19\/formations\/freecad\/#primaryimage"},"image":{"@id":"https:\/\/asso.unilim.fr\/fablab19\/formations\/freecad\/#primaryimage"},"thumbnailUrl":"https:\/\/www.unilim.fr\/fablab19\/wp-content\/uploads\/sites\/8\/2019\/01\/MCC_ndja2019.jpg","datePublished":"2018-10-26T10:18:27+00:00","dateModified":"2024-09-30T17:21:39+00:00","breadcrumb":{"@id":"https:\/\/asso.unilim.fr\/fablab19\/formations\/freecad\/#breadcrumb"},"inLanguage":"fr-FR","potentialAction":[{"@type":"ReadAction","target":["https:\/\/asso.unilim.fr\/fablab19\/formations\/freecad\/"]}]},{"@type":"ImageObject","inLanguage":"fr-FR","@id":"https:\/\/asso.unilim.fr\/fablab19\/formations\/freecad\/#primaryimage","url":"https:\/\/www.unilim.fr\/fablab19\/wp-content\/uploads\/sites\/8\/2019\/01\/MCC_ndja2019.jpg","contentUrl":"https:\/\/www.unilim.fr\/fablab19\/wp-content\/uploads\/sites\/8\/2019\/01\/MCC_ndja2019.jpg","width":1002,"height":627},{"@type":"BreadcrumbList","@id":"https:\/\/asso.unilim.fr\/fablab19\/formations\/freecad\/#breadcrumb","itemListElement":[{"@type":"ListItem","position":1,"name":"Accueil","item":"https:\/\/asso.unilim.fr\/fablab19\/"},{"@type":"ListItem","position":2,"name":"Formations","item":"https:\/\/asso.unilim.fr\/fablab19\/formations\/"},{"@type":"ListItem","position":3,"name":"Freecad"}]},{"@type":"WebSite","@id":"https:\/\/asso.unilim.fr\/fablab19\/#website","url":"https:\/\/asso.unilim.fr\/fablab19\/","name":"FABLAB19","description":"Fablab19 source de r\u00e9ussites","potentialAction":[{"@type":"SearchAction","target":{"@type":"EntryPoint","urlTemplate":"https:\/\/asso.unilim.fr\/fablab19\/?s={search_term_string}"},"query-input":{"@type":"PropertyValueSpecification","valueRequired":true,"valueName":"search_term_string"}}],"inLanguage":"fr-FR"}]}},"_links":{"self":[{"href":"https:\/\/asso.unilim.fr\/fablab19\/wp-json\/wp\/v2\/pages\/185","targetHints":{"allow":["GET"]}}],"collection":[{"href":"https:\/\/asso.unilim.fr\/fablab19\/wp-json\/wp\/v2\/pages"}],"about":[{"href":"https:\/\/asso.unilim.fr\/fablab19\/wp-json\/wp\/v2\/types\/page"}],"author":[{"embeddable":true,"href":"https:\/\/asso.unilim.fr\/fablab19\/wp-json\/wp\/v2\/users\/89"}],"replies":[{"embeddable":true,"href":"https:\/\/asso.unilim.fr\/fablab19\/wp-json\/wp\/v2\/comments?post=185"}],"version-history":[{"count":1,"href":"https:\/\/asso.unilim.fr\/fablab19\/wp-json\/wp\/v2\/pages\/185\/revisions"}],"predecessor-version":[{"id":1113,"href":"https:\/\/asso.unilim.fr\/fablab19\/wp-json\/wp\/v2\/pages\/185\/revisions\/1113"}],"up":[{"embeddable":true,"href":"https:\/\/asso.unilim.fr\/fablab19\/wp-json\/wp\/v2\/pages\/181"}],"wp:featuredmedia":[{"embeddable":true,"href":"https:\/\/asso.unilim.fr\/fablab19\/wp-json\/wp\/v2\/media\/266"}],"wp:attachment":[{"href":"https:\/\/asso.unilim.fr\/fablab19\/wp-json\/wp\/v2\/media?parent=185"}],"curies":[{"name":"wp","href":"https:\/\/api.w.org\/{rel}","templated":true}]}}