{"id":147,"date":"2024-01-15T23:00:00","date_gmt":"2018-10-17T14:19:39","guid":{"rendered":"http:\/\/asso.unilim.fr\/fablab19\/equipements\/decoupe-laser\/"},"modified":"2024-03-08T14:46:46","modified_gmt":"2024-03-08T13:46:46","slug":"decoupe-laser","status":"publish","type":"page","link":"https:\/\/asso.unilim.fr\/fablab19\/equipements\/decoupe-laser\/","title":{"rendered":"D\u00e9coupe Laser"},"content":{"rendered":"        <div class=\"container-fluid  \" style=\"\">\n                      <div class=\"container\">\n                <div class=\"row \" style=\"margin-top: 30px;margin-bottom: 30px\">        <div class=\"col-sm-4 \">\n                            \n                <div class=\"row ul-fix-height ul-element-post ul-element-post--col  \">\n                                                <div class=\"col-sm-12\">\n                            <div class=\"bg-gray-lighter ul-fix-height-to-me\">\n                                <article class=\"\" id=\"post-1064\"  role=\"article\" >\n\n                                    <a href=\"https:\/\/asso.unilim.fr\/fablab19\/2024\/03\/08\/nouveau-creneau-douverture-les-samedis\/\" rel=\"bookmark\" title=\"Nouveau cr\u00e9neau d&rsquo;ouverture les Samedis\" class=\"\">\n                                                                                                                                    <img loading=\"lazy\" decoding=\"async\" width=\"640\" height=\"403\" src=\"https:\/\/www.unilim.fr\/fablab19\/wp-content\/uploads\/sites\/8\/2023\/05\/Bat-fab_ancien-640x403.jpg\" class=\"img-responsive wp-post-image\" alt=\"\" \/>                                                                                                                                                                    <\/a>\n\n                                                                        <p class=\"bg-primary text-light text-right ul-bold\" style=\"padding:10px;\">\n                                        <a href=\"https:\/\/asso.unilim.fr\/fablab19\/category\/actualite\/\" rel=\"category tag\">Actualit\u00e9<\/a> | <a href=\"https:\/\/asso.unilim.fr\/fablab19\/category\/equipements\/decoupe-laser\/\" rel=\"category tag\">Decoupe Laser<\/a> | <a href=\"https:\/\/asso.unilim.fr\/fablab19\/category\/equipements\/\" rel=\"category tag\">Equipements<\/a> | <a href=\"https:\/\/asso.unilim.fr\/fablab19\/category\/faqs\/\" rel=\"category tag\">FAQs<\/a>                                        <\/p>\n                                    \n                                    <div class=\"content panel-body\" style=\"padding:10px;\">\n                                        \n                                        <h4 class=\"ul-bold\">\n                                            <a class=\"text-gray header-readmore-arrow\" href=\"https:\/\/asso.unilim.fr\/fablab19\/2024\/03\/08\/nouveau-creneau-douverture-les-samedis\/\" rel=\"bookmark\" title=\"Nouveau cr\u00e9neau d&rsquo;ouverture les Samedis\">\n                                                Nouveau cr\u00e9neau d&rsquo;ouverture les Samedis&nbsp;<i class='text-primary fa fa-location-arrow hidden'><\/i>\n                                            <\/a>\n\n                                        <\/h4>\n\n                                                                                    <p>\n                                                Le fablab19 s&rsquo;installe dans ses nouveaux locaux avec de nouvelles activit\u00e9s et p\u00e9riodes d&rsquo;ouvertures. En compl\u00e9ment des mardi et <a href='https:\/\/asso.unilim.fr\/fablab19\/2024\/03\/08\/nouveau-creneau-douverture-les-samedis\/' alt='Lire la suite' class='text-readmore-arrow'>[...]<\/a>                                            <\/p>\n                                        \n                                                                            <\/div>\n                                <\/article>\n                            <\/div>\n                        <\/div>\n                                                                    <\/div>\n                        <\/div>\n                <div class=\"col-sm-5 \">\n                    <div class=\"\">\n                        <div class=\"panel panel-primary\">\n                              <div class=\"panel-heading\">\n                    <h3 class=\"panel-title\"><i class=\"fa fa-fw fa-umbrella\"><\/i>Mettre en marche l'aspiration<\/h3>\n                <\/div>\n                              <div class=\"panel-body\">\n                  \n<p>Une notice est disponible dans le&nbsp; Fablab. Vous devez vous assurer que l&rsquo;aspiration est en marche avant toute gravure&nbsp;<\/p>\n<p>Il ne doit pas y avoir de fum&eacute;e dans&nbsp; la pi&egrave;ce.<\/p>\n<p><strong>Mise en Marche de l&rsquo;extraction de fum&eacute;ee et de la filtration&nbsp;<\/strong><\/p>\n<ul>\n<li>METTRE L&rsquo;INTERRUPTEUR DE L&rsquo;EXTRACTEUR (SALLE DE MECANIQUE) EN POSITION 0 &#8211; OFF<\/li>\n<li>DANS LA SALLE LASER-I3D METTRE LE COMMUTATEUR EN POSITION HORIZONTALE pour ouvrir le tuyau. suivant la machine utillis&eacute;e<\/li>\n<li>Mettre en marche la filtration sous la machine<\/li>\n<\/ul>\n<p>Pensez &agrave; couper l&rsquo;aspiration &agrave; la fin de l&rsquo;uitilisation.<\/p>\n<p><strong>Attention<\/strong> :<\/p>\n<p>un temps de refroidissement est n&eacute;cessire pour la laser Gravograph. <strong>Vous devez imp&eacute;rativement de le respecter.<\/strong><\/p>\n<p><strong><\/strong><\/p>\n                <\/div>\n                          <\/div>\n                    <\/div>\n                <div class=\"\">\n                        <div class=\"panel panel-success\">\n                              <div class=\"panel-heading\">\n                    <h3 class=\"panel-title\"><i class=\"fa fa-fw fa-\"><\/i>Laser AtomStack 5 Pro<\/h3>\n                <\/div>\n                              <div class=\"panel-body\">\n                  \n<p><a href=\"https:\/\/www.unilim.fr\/fablab19\/wp-content\/uploads\/sites\/8\/2021\/09\/AtomStack.jpg\" class=\"\"><img loading=\"lazy\" decoding=\"async\" alt=\"\" src=\"https:\/\/www.unilim.fr\/fablab19\/wp-content\/uploads\/sites\/8\/2021\/09\/AtomStack.jpg\" class=\"alignnone wp-image-795\" style=\"float: right\" width=\"205\" height=\"148\" srcset=\"https:\/\/www.unilim.fr\/fablab19\/wp-content\/uploads\/sites\/8\/2021\/09\/AtomStack.jpg 582w, https:\/\/www.unilim.fr\/fablab19\/wp-content\/uploads\/sites\/8\/2021\/09\/AtomStack-300x216.jpg 300w\" sizes=\"auto, (max-width: 205px) 100vw, 205px\" \/><\/a>Nouveau laser en septembre 2021.<\/p>\n<p>Nous avons fait l&rsquo;acquisiton d&rsquo;un petit laser 5W qui est en phase d&rsquo;&eacute;valuation.<\/p>\n<p>Nous avons fait des tests&nbsp; avec le Logiciel Libre de pilotage :<a href=\"https:\/\/lasergrbl.com\/\" target=\"_blank\" rel=\"noopener noreferrer\"> LaserGRBL<\/a><\/p>\n<p><a href=\"https:\/\/www.youtube.com\/watch?v=atiTT83z6Xw\" target=\"_blank\" rel=\"noopener noreferrer\">Tutoriel laserGRBL<\/a><\/p>\n<p><span style=\"text-decoration: underline\"><strong><em>Mars 2022<\/em><\/strong><\/span><\/p>\n<p>Nous avons par la suite d&eacute;cid&eacute; d&rsquo;acqu&eacute;rir une <strong>licence LightBurn<\/strong> et avons commencez &agrave; <strong>r&eacute;diger une notice d&rsquo;utilisation<\/strong> que nous allons compl&eacute;ter au fur et &agrave; mesure de nos tests et r&eacute;alisations.<\/p>\n<ul>\n<li>D<a href=\"https:\/\/www.unilim.fr\/fablab19\/wp-content\/uploads\/sites\/8\/2022\/03\/documentation-utilisateur-Atomstack.pdf\" target=\"_blank\" rel=\"noopener noreferrer\">ocumentation utilisateur Atomstack<\/a><\/li>\n<li><a href=\"https:\/\/lightburnsoftware.com\/pages\/tutorials\" target=\"_blank\" rel=\"noopener noreferrer\">Prise en main 1ere installation&nbsp;<\/a><\/li>\n<\/ul>\n<p>Cette machine est utilisable sur des mat&eacute;riaux de&nbsp; faibles &eacute;paisseurs en gravure et en d&eacute;coupe 2mm &agrave; 3mm max pour la d&eacute;coupe. Particuli&egrave;remement bien adapt&eacute; pour la d&eacute;coupe papier carton&eacute;.<\/p>\n<p>Il faut cependant adapter une extraction pour les fum&eacute;es et une protection dans le cadre d&rsquo;un fablab. Nous regardons aussi pour l&rsquo;installation d&rsquo;un petit compresseur d&rsquo;air.<\/p>\n                <\/div>\n                          <\/div>\n                    <\/div>\n                <\/div>\n                <div class=\"col-sm-3 \">\n                    <div class=\"\">\n                        <div class=\"panel panel-primary\">\n                              <div class=\"panel-heading\">\n                    <h3 class=\"panel-title\"><i class=\"fa fa-fw fa-\"><\/i>R\u00e9servation mat\u00e9riel<\/h3>\n                <\/div>\n                              <div class=\"panel-body\">\n                  \n<p>Le service de r&eacute;servation est limit&eacute; aux adh&eacute;rents form&eacute;s &agrave; l&rsquo;utilisation de la laser.<\/p>\n<p><strong><a href=\"https:\/\/docs.google.com\/spreadsheets\/d\/1fNvQdES3unCGf3Gv3g5HD497xVlbGd_E6jiOXiXgJ68\/edit?usp=sharing\" target=\"_blank\" rel=\"noopener noreferrer\">Tableau Excel de r&eacute;servation<\/a><\/strong><\/p>\n<\/p>\n                <\/div>\n                          <\/div>\n                    <\/div>\n                <div class=\"\">\n                        <div class=\"panel panel-primary\">\n                              <div class=\"panel-heading\">\n                    <h3 class=\"panel-title\"><i class=\"fa fa-fw fa-\"><\/i>Informations et documents<\/h3>\n                <\/div>\n                              <div class=\"panel-body\">\n                  \n<p><span style=\"font-size: medium\"><strong>Site web : <\/strong><\/span><span style=\"color: #7d5d9d\"><strong>Gravograph <\/strong><a href=\"http:\/\/www.gravograph.com\/Francais\/graveur-laser\/gravure-laser-ls100.php\">[Information] <br \/><\/a><\/span>Gravograph &#8211; LS100EX &#8211; laser 35Watts<\/p>\n<p><a href=\"https:\/\/www.unilim.fr\/fablab19\/wp-content\/uploads\/sites\/8\/2018\/10\/Pdf.png\" class=\"\"><img loading=\"lazy\" decoding=\"async\" alt=\"\" src=\"https:\/\/www.unilim.fr\/fablab19\/wp-content\/uploads\/sites\/8\/2018\/10\/Pdf.png\" class=\"alignnone wp-image-120\" width=\"23\" height=\"29\" \/><\/a>Documentation&nbsp; de la machine gravograph<\/p>\n<p><img loading=\"lazy\" decoding=\"async\" alt=\"\" src=\"https:\/\/www.unilim.fr\/fablab19\/wp-content\/uploads\/sites\/8\/2018\/10\/Pdf.png\" class=\"alignnone wp-image-120\" width=\"20\" height=\"24\" \/><a href=\"https:\/\/www.unilim.fr\/fablab19\/wp-content\/uploads\/sites\/8\/2018\/10\/gravo_filtration_es10fra2.pdf\" target=\"_blank\" rel=\"noopener noreferrer\">Syst&egrave;me de filtration<br \/><\/a><\/p>\n<p><img loading=\"lazy\" decoding=\"async\" alt=\"\" src=\"https:\/\/www.unilim.fr\/fablab19\/wp-content\/uploads\/sites\/8\/2018\/10\/Pdf.png\" class=\"alignnone wp-image-120\" width=\"21\" height=\"26\" \/><a href=\"https:\/\/www.unilim.fr\/fablab19\/wp-content\/uploads\/sites\/8\/2018\/10\/Gravo_Starteasy.pdf\" target=\"_blank\" rel=\"noopener noreferrer\">Guide simplifi&eacute; d&rsquo;utilisation<\/a><\/p>\n<p><img loading=\"lazy\" decoding=\"async\" alt=\"\" src=\"https:\/\/www.unilim.fr\/fablab19\/wp-content\/uploads\/sites\/8\/2018\/10\/Pdf.png\" class=\"alignnone wp-image-120\" width=\"20\" height=\"25\" \/><a href=\"https:\/\/www.unilim.fr\/fablab19\/wp-content\/uploads\/sites\/8\/2018\/10\/Gravo_Starteasy1.pdf\" target=\"_blank\" rel=\"noopener noreferrer\">Gravo_Starteasy1<\/a><\/p>\n<\/p>\n<ul>\n<li><a href=\"http:\/\/www.gravograph.com\/Francais\/videos\/laser.php#gravostyle_rating_plate\">Vid&eacute;os d&rsquo;utilisation de la machine<\/a>\n<p><span style=\"color: #7d5d9d\"><\/span><\/p>\n<\/li>\n<\/ul>\n                <\/div>\n                          <\/div>\n                    <\/div>\n                <\/div>\n        <\/div>\n            <\/div>\n                  <\/div>\n                <div class=\"container-fluid  \" style=\"\">\n                      <div class=\"container\">\n                <div class=\"row \" style=\"margin-top: 30px;margin-bottom: 30px\">        <div class=\"col-sm-5 \">\n                    <div class=\"\">\n                        <div class=\"panel panel-primary\">\n                              <div class=\"panel-heading\">\n                    <h3 class=\"panel-title\"><i class=\"fa fa-fw fa-\"><\/i>D\u00e9coupe et gravure Laser Gravograph<\/h3>\n                <\/div>\n                              <div class=\"panel-body\">\n                  \n<ol><\/ol>\n<h3 class=\"ul-bold\">ATTENTION : Pas de PVC !<\/h3>\n<p style=\"margin-top: 0px;margin-bottom: 0px\"><span style=\"font-size: small\"><a href=\"https:\/\/www.unilim.fr\/fablab19\/wp-content\/uploads\/sites\/8\/2018\/10\/rosace_20_1.jpg\" class=\"\"><img loading=\"lazy\" decoding=\"async\" alt=\"\" src=\"https:\/\/www.unilim.fr\/fablab19\/wp-content\/uploads\/sites\/8\/2018\/10\/rosace_20_1-300x300.jpg\" class=\"alignnone wp-image-142\" style=\"float: left\" width=\"168\" height=\"168\" srcset=\"https:\/\/www.unilim.fr\/fablab19\/wp-content\/uploads\/sites\/8\/2018\/10\/rosace_20_1-300x300.jpg 300w, https:\/\/www.unilim.fr\/fablab19\/wp-content\/uploads\/sites\/8\/2018\/10\/rosace_20_1-768x768.jpg 768w, https:\/\/www.unilim.fr\/fablab19\/wp-content\/uploads\/sites\/8\/2018\/10\/rosace_20_1-1024x1024.jpg 1024w, https:\/\/www.unilim.fr\/fablab19\/wp-content\/uploads\/sites\/8\/2018\/10\/rosace_20_1-600x600.jpg 600w\" sizes=\"auto, (max-width: 168px) 100vw, 168px\" \/><\/a>Nous sommes &eacute;quip&eacute;s d&rsquo;une machine&nbsp; de d&eacute;coupe et gravure laser de type CO&sup2; depuis le 2 avril 2015. Ce graveur ,\u00a0\u00bbfacile &agrave; mettre en &oelig;uvre\u00a0\u00bb,&nbsp; poss&egrave;de une aire de gravure de 610 x 305mm et une puissance de 35W. Il permet&nbsp; le marquage, la gravure ou la d&eacute;coupe d&rsquo;une grande vari&eacute;t&eacute; de mat&eacute;riaux comme les plastiques, le bois, l&rsquo;acrylique, les m&eacute;taux rev&ecirc;tus, le verre, le cuir .. Il est &eacute;quip&eacute; de d&rsquo;une table de d&eacute;coupe nid d&rsquo;abeille et accepte en entr&eacute;e des fichiers informatiques vari&eacute;s.<em>[Formats de fichiers accept&eacute;s ( DXF, Jpg, Gif,stl, ,tif, hpgl&#8230;) ]<\/em><br \/><\/span><\/p>\n<p style=\"margin-top: 0px;margin-bottom: 0px\"><em>&nbsp;<\/em><\/p>\n<p style=\"margin-top: 0px;margin-bottom: 0px\">Cet outil est tr&egrave;s utilis&eacute; dans notre fablab aussi bien pour de la m&eacute;canique que pour de l&rsquo;artistique. L&rsquo;int&eacute;ret de cet machine est sa rapidit&eacute; de mise en oeuvre et sa pr&eacute;cision.<\/p>\n<h3 class=\"ul-bold\">La d&eacute;coupe laser est parmi les machines les plus demand&eacute;es et utilis&eacute;es du fablab.<\/h3>\n<p>Cette machine, pour fonctionner correctement, doit &ecirc;tre entretenue r&eacute;guli&egrave;rement sous peine de tomber en panne et\/ou d&rsquo;effectuer des d&eacute;coupes de mauvaise qualit&eacute;. L&rsquo;entretien des machines ne se faisant pas tout seul, il est imp&eacute;ratif que tous les utilisateurs participent &agrave; cet entretien lors de chaque utilisation.<\/p>\n<h4 class=\"ul-bold\">Les d&eacute;coupes&nbsp; &agrave; l&rsquo;aide d&rsquo;un laser subliment localement la mati&egrave;re,<\/h4>\n<p>chaque d&eacute;coupe g&eacute;n&egrave;re de la poussi&egrave;re&nbsp; et des vapeurs de colle comme pour le medium par exemple. Ves vapeurs&nbsp; sont en partie &eacute;vacu&eacute;e dans le syst&egrave;me de filtrage, mais en partie seulement. Tout ce qui n&rsquo;est pas &eacute;vacu&eacute; par le syst&egrave;me d&rsquo;aspiration va se d&eacute;poser dans la machine et la d&eacute;t&eacute;riore petit &agrave; petit si elle n&rsquo;est pas correctement nettoy&eacute;e.<\/p>\n<h4 class=\"ul-bold\">Prendre soin des machines passe aussi par une utilisation correcte de celles-ci et une utilisation de bon sens :<\/h4>\n<ul>\n<li>Ne pas laisser la machine en marche alors que le mat&eacute;riau est manifestement en train de br&ucirc;ler a l&rsquo;int&eacute;rieur ou bien lorsque la machine est pleine de fum&eacute;e opaque,<\/li>\n<li><strong>une&nbsp; fum&eacute;e excessive ou des flammes est signe<\/strong> que quelque chose ne vas pas.&nbsp; Je mets mon job en pause, je regarde ce qui ne vas pas et je corrige le probl&egrave;me<\/li>\n<li>Tester ses r&eacute;glages avant de lancer la d&eacute;coupe de toutes une plaque<\/li>\n<li><strong>Rester &agrave; surveiller la machine lors de mes d&eacute;coupes.<\/strong><\/li>\n<li>Effectuer des tests mat&eacute;riau afin d&rsquo;utiliser des r&eacute;glages de d&eacute;coupe correct. Un r&eacute;glage trop puissant n&rsquo;est pas correct !<\/li>\n<li>Ajouter une passe suppl&eacute;mentairement parce que ma coupe n&rsquo;est pas tout a fait pass&eacute;e au travers n&rsquo;est pas non plus un r&eacute;glage correct.<\/li>\n<\/ul>\n<p>Le nettoyage doit &ecirc;tre au minimum effectu&eacute; apr&egrave;s chaque cr&eacute;neau de d&eacute;coupe, voire plusieurs fois durant le m&ecirc;me cr&eacute;neau si vous utilisez une mati&egrave;re produisant beaucoup de poussi&egrave;res.<\/p>\n<h4 class=\"ul-bold\">Si vous n&rsquo;avez jamais appris &agrave; nettoyer la d&eacute;coupeuse laser, pour des raisons de s&ucirc;ret&eacute; du mat&eacute;riel, ne l&rsquo;utilisez pas !&nbsp; C&rsquo;est que vous n&rsquo;avez pas eu une formation correcte d&rsquo;utilisation.<\/h4>\n<p>Nous vous rappelons que toute utilisation de machine doit se faire apr&egrave;s validation de vos comp&eacute;tences par un adh&eacute;rent confirm&eacute;..<\/p>\n<p><span style=\"font-size: small\"><strong>________________________________________________<\/strong><\/span><\/p>\n<p><span style=\"font-size: small\"><strong>Exemple de mat&eacute;riaux utilis&eacute;s<\/strong><\/span><br \/>Param&egrave;tres de d&eacute;coupe LASER pour notre machine&nbsp; de 35W <br \/><em>( donn&eacute;s &agrave; titre indicatif)<\/em><\/p>\n<table class=\"tinymce-table-class\" border=\"0\">\n<tbody>\n<tr style=\"background-color: #33cc33\">\n<td><strong>Mat&eacute;riaux <\/strong><\/td>\n<td><strong> Vitesse % <br \/><\/strong><\/td>\n<td><strong> Puissance % <br \/><\/strong><\/td>\n<td><strong>Epaisseur mm<\/strong><\/td>\n<td><strong> Dpi <\/strong><\/td>\n<td><strong> VISU <br \/><\/strong><\/td>\n<\/tr>\n<tr>\n<td style=\"background-color: #006600\">M&eacute;dium<\/td>\n<td>4.8<\/td>\n<td>100<\/td>\n<td>6<\/td>\n<td>500<\/td>\n<td><img loading=\"lazy\" decoding=\"async\" src=\"\/images\/stories\/geii\/FabLab19\/realisations\/medium3.jpg\" width=\"114\" height=\"36\" border=\"0\" \/><\/td>\n<\/tr>\n<tr>\n<td style=\"background-color: #006600\">contre plaqu&eacute;<\/td>\n<td>30<\/td>\n<td>100<\/td>\n<td>3<\/td>\n<td>500<\/td>\n<td><\/td>\n<\/tr>\n<tr>\n<td style=\"background-color: #006600\">Acrylic<\/td>\n<td>30<\/td>\n<td>100<\/td>\n<td>3<\/td>\n<td>500<\/td>\n<td><\/td>\n<\/tr>\n<\/tbody>\n<\/table>\n<p style=\"margin-top: 0px;margin-bottom: 0px\">&nbsp;<\/p>\n<p style=\"margin-top: 0px;margin-bottom: 0px\"><span style=\"font-size: small\">&nbsp;<\/span><span style=\"font-size: small\">Aire de gravure&nbsp; 610 x 305 mm<\/span><\/p>\n<ul>\n<li><span style=\"font-size: small\">Course de l&rsquo;axe Z&nbsp; 250 mm<\/span><\/li>\n<li><span style=\"font-size: small\">Dimensions max. de l&rsquo;objet&nbsp; 760 x 330 x 145 mm<\/span><\/li>\n<li><span style=\"font-size: small\">Poids max. de l&rsquo;objet&nbsp; 20 kg<\/span><\/li>\n<li><span>Vitesse max. en raster&nbsp; 1,50 m\/s<\/span><\/li>\n<\/ul>\n                <\/div>\n                          <\/div>\n                    <\/div>\n                <\/div>\n                <div class=\"col-sm-7 \">\n                    <div class=\"row\">\n                    <div class=\"col-sm-6\">\n                                                    <h2 class=\"text-gray\" style=\"margin-top:0; padding: 10px 0; border-top: 10px solid;\">Articles : D\u00e9coupe laser                                                <\/h2>\n                \n                <div class=\"list-group ul-element-post \">\n                                        <div class=\"media\">\n                        \n                                                <a class=\"media-left\" href=\"https:\/\/asso.unilim.fr\/fablab19\/2024\/03\/08\/nouveau-creneau-douverture-les-samedis\/\" style=\"position:relative;\">\n                                                            <img loading=\"lazy\" decoding=\"async\" width=\"600\" height=\"403\" src=\"https:\/\/www.unilim.fr\/fablab19\/wp-content\/uploads\/sites\/8\/2023\/05\/Bat-fab_ancien-600x403.jpg\" class=\"img media-object wp-post-image\" alt=\"\" style=\"height:60px;width:60px\" \/>                                                                                <\/a>\n                                                <div class=\"media-body\">\n                            \n                            <h4 class=\"media-heading ul-bold\"> <a class=\"text-gray header-readmore-arrow\" href=\"https:\/\/asso.unilim.fr\/fablab19\/2024\/03\/08\/nouveau-creneau-douverture-les-samedis\/\">Nouveau cr\u00e9neau d&rsquo;ouverture les Samedis&nbsp;<i class='text-primary fa fa-location-arrow hidden'><\/i><\/a><\/h4>\n\n                                                             <small>Le fablab19 s&rsquo;installe dans ses nouveaux locaux avec de <a href='https:\/\/asso.unilim.fr\/fablab19\/2024\/03\/08\/nouveau-creneau-douverture-les-samedis\/' alt='Lire la suite' class='text-readmore-arrow'>[...]<\/a><\/small>\n                            \n                        <\/div>\n\n                    <\/div>\n                                            <hr style=\"margin:5px;\"\/>\n                    \n                                        <div class=\"media\">\n                        \n                                                <a class=\"media-left\" href=\"https:\/\/asso.unilim.fr\/fablab19\/2023\/03\/10\/marquage-dappareils-au-fablab19\/\" style=\"position:relative;\">\n                                                            <img loading=\"lazy\" decoding=\"async\" width=\"531\" height=\"464\" src=\"https:\/\/www.unilim.fr\/fablab19\/wp-content\/uploads\/sites\/8\/2021\/09\/Atomstack_roller.jpg\" class=\"img media-object wp-post-image\" alt=\"\" style=\"height:60px;width:60px\" srcset=\"https:\/\/www.unilim.fr\/fablab19\/wp-content\/uploads\/sites\/8\/2021\/09\/Atomstack_roller.jpg 531w, https:\/\/www.unilim.fr\/fablab19\/wp-content\/uploads\/sites\/8\/2021\/09\/Atomstack_roller-300x262.jpg 300w\" sizes=\"auto, (max-width: 531px) 100vw, 531px\" \/>                                                                                <\/a>\n                                                <div class=\"media-body\">\n                            \n                            <h4 class=\"media-heading ul-bold\"> <a class=\"text-gray header-readmore-arrow\" href=\"https:\/\/asso.unilim.fr\/fablab19\/2023\/03\/10\/marquage-dappareils-au-fablab19\/\">Marquage d&rsquo;appareils au Fablab19&nbsp;<i class='text-primary fa fa-location-arrow hidden'><\/i><\/a><\/h4>\n\n                                                             <small>Ici un exemple de gravure sur des appareils de mesure en vu de <a href='https:\/\/asso.unilim.fr\/fablab19\/2023\/03\/10\/marquage-dappareils-au-fablab19\/' alt='Lire la suite' class='text-readmore-arrow'>[...]<\/a><\/small>\n                            \n                        <\/div>\n\n                    <\/div>\n                                            <hr style=\"margin:5px;\"\/>\n                    \n                                        <div class=\"media\">\n                        \n                                                <a class=\"media-left\" href=\"https:\/\/asso.unilim.fr\/fablab19\/2021\/10\/25\/couts-dutilisation-des-machines\/\" style=\"position:relative;\">\n                                                            <img loading=\"lazy\" decoding=\"async\" width=\"315\" height=\"167\" src=\"https:\/\/www.unilim.fr\/fablab19\/wp-content\/uploads\/sites\/8\/2018\/10\/gravograph_ls100ex.jpg\" class=\"img media-object wp-post-image\" alt=\"\" style=\"height:60px;width:60px\" srcset=\"https:\/\/www.unilim.fr\/fablab19\/wp-content\/uploads\/sites\/8\/2018\/10\/gravograph_ls100ex.jpg 315w, https:\/\/www.unilim.fr\/fablab19\/wp-content\/uploads\/sites\/8\/2018\/10\/gravograph_ls100ex-300x159.jpg 300w\" sizes=\"auto, (max-width: 315px) 100vw, 315px\" \/>                                                                                <\/a>\n                                                <div class=\"media-body\">\n                            \n                            <h4 class=\"media-heading ul-bold\"> <a class=\"text-gray header-readmore-arrow\" href=\"https:\/\/asso.unilim.fr\/fablab19\/2021\/10\/25\/couts-dutilisation-des-machines\/\">Co\u00fbts d&rsquo;utilisation des machines&nbsp;<i class='text-primary fa fa-location-arrow hidden'><\/i><\/a><\/h4>\n\n                                                             <small>Les machines du Fablab19 sont en libre service, \u00a0 sans frais <a href='https:\/\/asso.unilim.fr\/fablab19\/2021\/10\/25\/couts-dutilisation-des-machines\/' alt='Lire la suite' class='text-readmore-arrow'>[...]<\/a><\/small>\n                            \n                        <\/div>\n\n                    <\/div>\n                                            <hr style=\"margin:5px;\"\/>\n                    \n                                        <div class=\"media\">\n                        \n                                                <a class=\"media-left\" href=\"https:\/\/asso.unilim.fr\/fablab19\/2021\/09\/17\/laser-atomstack-5-pro\/\" style=\"position:relative;\">\n                                                            <img loading=\"lazy\" decoding=\"async\" width=\"582\" height=\"420\" src=\"https:\/\/www.unilim.fr\/fablab19\/wp-content\/uploads\/sites\/8\/2021\/09\/AtomStack.jpg\" class=\"img media-object wp-post-image\" alt=\"\" style=\"height:60px;width:60px\" srcset=\"https:\/\/www.unilim.fr\/fablab19\/wp-content\/uploads\/sites\/8\/2021\/09\/AtomStack.jpg 582w, https:\/\/www.unilim.fr\/fablab19\/wp-content\/uploads\/sites\/8\/2021\/09\/AtomStack-300x216.jpg 300w\" sizes=\"auto, (max-width: 582px) 100vw, 582px\" \/>                                                                                <\/a>\n                                                <div class=\"media-body\">\n                            \n                            <h4 class=\"media-heading ul-bold\"> <a class=\"text-gray header-readmore-arrow\" href=\"https:\/\/asso.unilim.fr\/fablab19\/2021\/09\/17\/laser-atomstack-5-pro\/\">D\u00e9coupe Laser AtomStack 5 pro&nbsp;<i class='text-primary fa fa-location-arrow hidden'><\/i><\/a><\/h4>\n\n                                                             <small>Le Fablab19 s&rsquo;\u00e9quipe d&rsquo;un nouveau laser en septembre <a href='https:\/\/asso.unilim.fr\/fablab19\/2021\/09\/17\/laser-atomstack-5-pro\/' alt='Lire la suite' class='text-readmore-arrow'>[...]<\/a><\/small>\n                            \n                        <\/div>\n\n                    <\/div>\n                                            <hr style=\"margin:5px;\"\/>\n                    \n                                        <div class=\"media\">\n                        \n                                                <a class=\"media-left\" href=\"https:\/\/asso.unilim.fr\/fablab19\/2021\/02\/09\/entretien-de-la-machine-laser\/\" style=\"position:relative;\">\n                                                            <img loading=\"lazy\" decoding=\"async\" width=\"550\" height=\"470\" src=\"https:\/\/www.unilim.fr\/fablab19\/wp-content\/uploads\/sites\/8\/2021\/02\/Lentille_sale2.png\" class=\"img media-object wp-post-image\" alt=\"\" style=\"height:60px;width:60px\" srcset=\"https:\/\/www.unilim.fr\/fablab19\/wp-content\/uploads\/sites\/8\/2021\/02\/Lentille_sale2.png 550w, https:\/\/www.unilim.fr\/fablab19\/wp-content\/uploads\/sites\/8\/2021\/02\/Lentille_sale2-300x256.png 300w\" sizes=\"auto, (max-width: 550px) 100vw, 550px\" \/>                                                                                <\/a>\n                                                <div class=\"media-body\">\n                            \n                            <h4 class=\"media-heading ul-bold\"> <a class=\"text-gray header-readmore-arrow\" href=\"https:\/\/asso.unilim.fr\/fablab19\/2021\/02\/09\/entretien-de-la-machine-laser\/\">Lentille optique ou Belluga&nbsp;<i class='text-primary fa fa-location-arrow hidden'><\/i><\/a><\/h4>\n\n                                                             <small>L&rsquo;entretien de la machine laser n\u00e9cessite votre <a href='https:\/\/asso.unilim.fr\/fablab19\/2021\/02\/09\/entretien-de-la-machine-laser\/' alt='Lire la suite' class='text-readmore-arrow'>[...]<\/a><\/small>\n                            \n                        <\/div>\n\n                    <\/div>\n                                            <hr style=\"margin:5px;\"\/>\n                    \n                                        <div class=\"media\">\n                        \n                                                <a class=\"media-left\" href=\"https:\/\/asso.unilim.fr\/fablab19\/2021\/01\/11\/nettoyage-de-la-decoupe-laser\/\" style=\"position:relative;\">\n                                                            <img loading=\"lazy\" decoding=\"async\" width=\"297\" height=\"226\" src=\"https:\/\/www.unilim.fr\/fablab19\/wp-content\/uploads\/sites\/8\/2021\/01\/turbine.jpg\" class=\"img media-object wp-post-image\" alt=\"\" style=\"height:60px;width:60px\" \/>                                                                                <\/a>\n                                                <div class=\"media-body\">\n                            \n                            <h4 class=\"media-heading ul-bold\"> <a class=\"text-gray header-readmore-arrow\" href=\"https:\/\/asso.unilim.fr\/fablab19\/2021\/01\/11\/nettoyage-de-la-decoupe-laser\/\">Nettoyage atelier de  d\u00e9coupe laser.&nbsp;<i class='text-primary fa fa-location-arrow hidden'><\/i><\/a><\/h4>\n\n                                                             <small>Bonjour \u00e0 tous, La machine Laser est un outil tr\u00e8s utilis\u00e9 dans <a href='https:\/\/asso.unilim.fr\/fablab19\/2021\/01\/11\/nettoyage-de-la-decoupe-laser\/' alt='Lire la suite' class='text-readmore-arrow'>[...]<\/a><\/small>\n                            \n                        <\/div>\n\n                    <\/div>\n                                            <hr style=\"margin:5px;\"\/>\n                    \n                                        <div class=\"media\">\n                        \n                                                <a class=\"media-left\" href=\"https:\/\/asso.unilim.fr\/fablab19\/2019\/03\/08\/naissance-dun-psalterion-a-archet\/\" style=\"position:relative;\">\n                                                            <img loading=\"lazy\" decoding=\"async\" width=\"600\" height=\"600\" src=\"https:\/\/www.unilim.fr\/fablab19\/wp-content\/uploads\/sites\/8\/2019\/03\/cottreelPsalterion2-600x600.png\" class=\"img media-object wp-post-image\" alt=\"\" style=\"height:60px;width:60px\" \/>                                                                                <\/a>\n                                                <div class=\"media-body\">\n                            \n                            <h4 class=\"media-heading ul-bold\"> <a class=\"text-gray header-readmore-arrow\" href=\"https:\/\/asso.unilim.fr\/fablab19\/2019\/03\/08\/naissance-dun-psalterion-a-archet\/\">Naissance d&rsquo;un psalt\u00e9rion \u00e0 archet&nbsp;<i class='text-primary fa fa-location-arrow hidden'><\/i><\/a><\/h4>\n\n                                                             <small>Multi-instrumentiste, j\u2019aime jouer et fabriquer mes propres <a href='https:\/\/asso.unilim.fr\/fablab19\/2019\/03\/08\/naissance-dun-psalterion-a-archet\/' alt='Lire la suite' class='text-readmore-arrow'>[...]<\/a><\/small>\n                            \n                        <\/div>\n\n                    <\/div>\n                                            <hr style=\"margin:5px;\"\/>\n                    \n                    \n                <\/div>\n                        <\/div>\n                <div class=\"col-sm-6\">\n                    <div class=\"\">\n                        <div class=\"panel panel-primary\">\n                              <div class=\"panel-heading\">\n                    <h3 class=\"panel-title\"><i class=\"fa fa-fw fa-\"><\/i>G\u00e9n\u00e9rateurs de boites<\/h3>\n                <\/div>\n                              <div class=\"panel-body\">\n                  \n<h4 id=\"generateur_de_boites\" class=\"ul-bold\">G&eacute;n&eacute;rateur de boites du <strong><a href=\"http:\/\/www.cite-sciences.fr\/fr\/carrefour-numerique\/\" target=\"_blank\" title=\"http:\/\/www.cite-sciences.fr\/fr\/carrefour-numerique\/\" rel=\"nofollow noopener noreferrer\">Carrefour num&eacute;rique&sup2;<\/a><\/strong><\/h4>\n<p><strong>&nbsp;<\/strong><\/p>\n<div>\n<div id=\"projectBox\">\n<div>\n<div style=\"text-align: center\">\n<p style=\"text-align: left\"><a href=\"https:\/\/www.unilim.fr\/fablab19\/wp-content\/uploads\/sites\/8\/2018\/11\/box_infos.png\" class=\"\"><img loading=\"lazy\" decoding=\"async\" alt=\"\" src=\"https:\/\/www.unilim.fr\/fablab19\/wp-content\/uploads\/sites\/8\/2018\/11\/box_infos.png\" class=\"alignnone wp-image-223\" style=\"float: right\" width=\"189\" height=\"166\" srcset=\"https:\/\/www.unilim.fr\/fablab19\/wp-content\/uploads\/sites\/8\/2018\/11\/box_infos.png 975w, https:\/\/www.unilim.fr\/fablab19\/wp-content\/uploads\/sites\/8\/2018\/11\/box_infos-300x263.png 300w, https:\/\/www.unilim.fr\/fablab19\/wp-content\/uploads\/sites\/8\/2018\/11\/box_infos-768x673.png 768w\" sizes=\"auto, (max-width: 189px) 100vw, 189px\" \/><\/a><strong>Boitier emboitable &agrave; d&eacute;couper &agrave; la laser.<\/strong><\/p>\n<\/div>\n<\/div>\n<\/div>\n<p>Il arrive souvent d&rsquo;avoir &agrave; dessiner des boites &agrave; encoches d&eacute;coupables &agrave; la <a href=\"http:\/\/carrefour-numerique.cite-sciences.fr\/fablab\/wiki\/doku.php?id=machines:decoupe_laser\" title=\"machines:decoupe_laser\">d&eacute;coupeuse laser<\/a>, que se soit pour faire une boite ou m&ecirc;me comme structure de base pour un projet plus complexe. <\/p>\n<p>Cette petite application javascript permet d&rsquo;&eacute;viter d&rsquo;avoir &agrave; concevoir un nouveau dessin &agrave; chaque fois. Elle va g&eacute;n&eacute;rer automatiquement un fichier svg pour <a href=\"http:\/\/carrefour-numerique.cite-sciences.fr\/fablab\/wiki\/doku.php?id=logiciels:inkscape\" title=\"logiciels:inkscape\">inkscape<\/a> avec les plans d&rsquo;une boite correspondant aux dimensions n&eacute;cessaires.<\/p>\n<p><a href=\"https:\/\/github.com\/bumblebeefr\/svg-box-generator\" target=\"_blank\" title=\"https:\/\/github.com\/bumblebeefr\/svg-box-generator\" rel=\"nofollow noopener noreferrer\">Sources sur github<\/a><\/p>\n<\/div>\n<p><a href=\"http:\/\/carrefour-numerique.cite-sciences.fr\/fablab\/wiki\/doku.php?id=projets:generateur_de_boites\">http:\/\/carrefour-numerique.cite-sciences.fr\/fablab\/wiki\/doku.php?id=projets:generateur_de_boites<\/a><\/p>\n<\/p>\n<h4 class=\"ul-bold\">G&eacute;n&eacute;ration de boites et d&rsquo;objet divers<br \/><a href=\"https:\/\/www.festi.info\/boxes.py\/\" target=\"_blank\" rel=\"noopener noreferrer\">https:\/\/www.festi.info\/boxes.py\/<\/a><\/h4>\n                <\/div>\n                          <\/div>\n                    <\/div>\n                <div class=\"\">\n                        <div class=\"panel panel-default\">\n                              <div class=\"panel-heading\">\n                    <h3 class=\"panel-title\"><i class=\"fa fa-fw fa-\"><\/i>MAINTENANCE<\/h3>\n                <\/div>\n                              <div class=\"panel-body\">\n                  \n<p>Pieces d&eacute;tach&eacute;es : <a href=\"https:\/\/engrav-laser.com\/\" target=\"_blank\" rel=\"noopener noreferrer\">lasers <\/a><\/p>\n<\/p>\n                <\/div>\n                          <\/div>\n                    <\/div>\n                <\/div>\n                <\/div>\n                <div class=\"\">\n                        <div class=\"panel panel-primary\">\n                              <div class=\"panel-heading\">\n                    <h3 class=\"panel-title\"><i class=\"fa fa-fw fa-\"><\/i>Nos Fournisseurs entretien et consommables<\/h3>\n                <\/div>\n                              <div class=\"panel-body\">\n                  \n<h2><\/h2>\n<ul><\/ul>\n<p><strong>Syst&egrave;me de filtration<\/strong> pour laser :&nbsp; Nous avons eu quelques soucis avec le syst&egrave;me de filtration en raison des co&ucirc;ts. En prospectant&nbsp; nous avons r&eacute;ussi &agrave; r&eacute;duire fortement le prix des filtres.Nous avons travaill&eacute; avec la soci&eacute;t&eacute;&nbsp;<a href=\"http:\/\/www.jasunfiltration.com\/\" target=\"_blank\" rel=\"noopener noreferrer\">Jasun filtration<\/a> et nous nous travaillons actuellement avec la soci&eacute;t&eacute; <a href=\"http:\/\/vectori.com\/filtres_classification.html\">Vectori<\/a>. Cette soci&eacute;t&eacute; propose des filtres sur mesure.<\/p>\n<p><a href=\"https:\/\/www.unilim.fr\/fablab19\/wp-content\/uploads\/sites\/8\/2018\/10\/pavage_1C.jpg\" class=\"\"><img loading=\"lazy\" decoding=\"async\" alt=\"\" src=\"https:\/\/www.unilim.fr\/fablab19\/wp-content\/uploads\/sites\/8\/2018\/10\/pavage_1C-300x300.jpg\" class=\"alignnone wp-image-140\" style=\"float: left\" width=\"121\" height=\"121\" srcset=\"https:\/\/www.unilim.fr\/fablab19\/wp-content\/uploads\/sites\/8\/2018\/10\/pavage_1C-300x300.jpg 300w, https:\/\/www.unilim.fr\/fablab19\/wp-content\/uploads\/sites\/8\/2018\/10\/pavage_1C-768x768.jpg 768w, https:\/\/www.unilim.fr\/fablab19\/wp-content\/uploads\/sites\/8\/2018\/10\/pavage_1C-1024x1024.jpg 1024w, https:\/\/www.unilim.fr\/fablab19\/wp-content\/uploads\/sites\/8\/2018\/10\/pavage_1C-600x600.jpg 600w\" sizes=\"auto, (max-width: 121px) 100vw, 121px\" \/><\/a><\/p>\n<h3>Mati&egrave;res &agrave; graver<\/h3>\n<p>Nous travaillons avec la<a href=\"https:\/\/gamma-tec.com\/matieres-a-graver\/\"> soci&eacute;t&eacute; Gamma-tec<\/a> pour tous les mat&eacute;riaux ( acryliques, aluminium anodis&eacute; ..)&nbsp; autres que bois\/m&eacute;dium<\/p>\n                <\/div>\n                          <\/div>\n                    <\/div>\n                <\/div>\n        <\/div>\n            <\/div>\n                  <\/div>\n        \n","protected":false},"excerpt":{"rendered":"","protected":false},"author":89,"featured_media":141,"parent":111,"menu_order":0,"comment_status":"closed","ping_status":"closed","template":"page-le.php","meta":{"footnotes":""},"class_list":["post-147","page","type-page","status-publish","has-post-thumbnail","hentry"],"yoast_head":"<!-- This site is optimized with the Yoast SEO plugin v26.3 - https:\/\/yoast.com\/wordpress\/plugins\/seo\/ -->\n<title>D\u00e9coupe Laser - FABLAB19<\/title>\n<meta name=\"robots\" content=\"index, follow, max-snippet:-1, max-image-preview:large, max-video-preview:-1\" \/>\n<link rel=\"canonical\" href=\"https:\/\/asso.unilim.fr\/fablab19\/equipements\/decoupe-laser\/\" \/>\n<meta property=\"og:locale\" content=\"fr_FR\" \/>\n<meta property=\"og:type\" content=\"article\" \/>\n<meta property=\"og:title\" content=\"D\u00e9coupe Laser - FABLAB19\" \/>\n<meta property=\"og:url\" content=\"https:\/\/asso.unilim.fr\/fablab19\/equipements\/decoupe-laser\/\" \/>\n<meta property=\"og:site_name\" content=\"FABLAB19\" \/>\n<meta property=\"article:modified_time\" content=\"2024-03-08T13:46:46+00:00\" \/>\n<meta property=\"og:image\" content=\"https:\/\/www.unilim.fr\/fablab19\/wp-content\/uploads\/sites\/8\/2018\/10\/rosace_8_5.jpg\" \/>\n\t<meta property=\"og:image:width\" content=\"3024\" \/>\n\t<meta property=\"og:image:height\" content=\"3024\" \/>\n\t<meta property=\"og:image:type\" content=\"image\/jpeg\" \/>\n<meta name=\"twitter:card\" content=\"summary_large_image\" \/>\n<meta name=\"twitter:label1\" content=\"Dur\u00e9e de lecture estim\u00e9e\" \/>\n\t<meta name=\"twitter:data1\" content=\"9 minutes\" \/>\n<script type=\"application\/ld+json\" class=\"yoast-schema-graph\">{\"@context\":\"https:\/\/schema.org\",\"@graph\":[{\"@type\":\"WebPage\",\"@id\":\"https:\/\/asso.unilim.fr\/fablab19\/equipements\/decoupe-laser\/\",\"url\":\"https:\/\/asso.unilim.fr\/fablab19\/equipements\/decoupe-laser\/\",\"name\":\"D\u00e9coupe Laser - FABLAB19\",\"isPartOf\":{\"@id\":\"https:\/\/asso.unilim.fr\/fablab19\/#website\"},\"primaryImageOfPage\":{\"@id\":\"https:\/\/asso.unilim.fr\/fablab19\/equipements\/decoupe-laser\/#primaryimage\"},\"image\":{\"@id\":\"https:\/\/asso.unilim.fr\/fablab19\/equipements\/decoupe-laser\/#primaryimage\"},\"thumbnailUrl\":\"https:\/\/www.unilim.fr\/fablab19\/wp-content\/uploads\/sites\/8\/2018\/10\/rosace_8_5.jpg\",\"datePublished\":\"2018-10-17T14:19:39+00:00\",\"dateModified\":\"2024-03-08T13:46:46+00:00\",\"breadcrumb\":{\"@id\":\"https:\/\/asso.unilim.fr\/fablab19\/equipements\/decoupe-laser\/#breadcrumb\"},\"inLanguage\":\"fr-FR\",\"potentialAction\":[{\"@type\":\"ReadAction\",\"target\":[\"https:\/\/asso.unilim.fr\/fablab19\/equipements\/decoupe-laser\/\"]}]},{\"@type\":\"ImageObject\",\"inLanguage\":\"fr-FR\",\"@id\":\"https:\/\/asso.unilim.fr\/fablab19\/equipements\/decoupe-laser\/#primaryimage\",\"url\":\"https:\/\/www.unilim.fr\/fablab19\/wp-content\/uploads\/sites\/8\/2018\/10\/rosace_8_5.jpg\",\"contentUrl\":\"https:\/\/www.unilim.fr\/fablab19\/wp-content\/uploads\/sites\/8\/2018\/10\/rosace_8_5.jpg\",\"width\":3024,\"height\":3024},{\"@type\":\"BreadcrumbList\",\"@id\":\"https:\/\/asso.unilim.fr\/fablab19\/equipements\/decoupe-laser\/#breadcrumb\",\"itemListElement\":[{\"@type\":\"ListItem\",\"position\":1,\"name\":\"Accueil\",\"item\":\"https:\/\/asso.unilim.fr\/fablab19\/\"},{\"@type\":\"ListItem\",\"position\":2,\"name\":\"Equipements\",\"item\":\"https:\/\/asso.unilim.fr\/fablab19\/equipements\/\"},{\"@type\":\"ListItem\",\"position\":3,\"name\":\"D\u00e9coupe Laser\"}]},{\"@type\":\"WebSite\",\"@id\":\"https:\/\/asso.unilim.fr\/fablab19\/#website\",\"url\":\"https:\/\/asso.unilim.fr\/fablab19\/\",\"name\":\"FABLAB19\",\"description\":\"Fablab19 source de r\u00e9ussites\",\"potentialAction\":[{\"@type\":\"SearchAction\",\"target\":{\"@type\":\"EntryPoint\",\"urlTemplate\":\"https:\/\/asso.unilim.fr\/fablab19\/?s={search_term_string}\"},\"query-input\":{\"@type\":\"PropertyValueSpecification\",\"valueRequired\":true,\"valueName\":\"search_term_string\"}}],\"inLanguage\":\"fr-FR\"}]}<\/script>\n<!-- \/ Yoast SEO plugin. -->","yoast_head_json":{"title":"D\u00e9coupe Laser - FABLAB19","robots":{"index":"index","follow":"follow","max-snippet":"max-snippet:-1","max-image-preview":"max-image-preview:large","max-video-preview":"max-video-preview:-1"},"canonical":"https:\/\/asso.unilim.fr\/fablab19\/equipements\/decoupe-laser\/","og_locale":"fr_FR","og_type":"article","og_title":"D\u00e9coupe Laser - FABLAB19","og_url":"https:\/\/asso.unilim.fr\/fablab19\/equipements\/decoupe-laser\/","og_site_name":"FABLAB19","article_modified_time":"2024-03-08T13:46:46+00:00","og_image":[{"width":3024,"height":3024,"url":"https:\/\/www.unilim.fr\/fablab19\/wp-content\/uploads\/sites\/8\/2018\/10\/rosace_8_5.jpg","type":"image\/jpeg"}],"twitter_card":"summary_large_image","twitter_misc":{"Dur\u00e9e de lecture estim\u00e9e":"9 minutes"},"schema":{"@context":"https:\/\/schema.org","@graph":[{"@type":"WebPage","@id":"https:\/\/asso.unilim.fr\/fablab19\/equipements\/decoupe-laser\/","url":"https:\/\/asso.unilim.fr\/fablab19\/equipements\/decoupe-laser\/","name":"D\u00e9coupe Laser - FABLAB19","isPartOf":{"@id":"https:\/\/asso.unilim.fr\/fablab19\/#website"},"primaryImageOfPage":{"@id":"https:\/\/asso.unilim.fr\/fablab19\/equipements\/decoupe-laser\/#primaryimage"},"image":{"@id":"https:\/\/asso.unilim.fr\/fablab19\/equipements\/decoupe-laser\/#primaryimage"},"thumbnailUrl":"https:\/\/www.unilim.fr\/fablab19\/wp-content\/uploads\/sites\/8\/2018\/10\/rosace_8_5.jpg","datePublished":"2018-10-17T14:19:39+00:00","dateModified":"2024-03-08T13:46:46+00:00","breadcrumb":{"@id":"https:\/\/asso.unilim.fr\/fablab19\/equipements\/decoupe-laser\/#breadcrumb"},"inLanguage":"fr-FR","potentialAction":[{"@type":"ReadAction","target":["https:\/\/asso.unilim.fr\/fablab19\/equipements\/decoupe-laser\/"]}]},{"@type":"ImageObject","inLanguage":"fr-FR","@id":"https:\/\/asso.unilim.fr\/fablab19\/equipements\/decoupe-laser\/#primaryimage","url":"https:\/\/www.unilim.fr\/fablab19\/wp-content\/uploads\/sites\/8\/2018\/10\/rosace_8_5.jpg","contentUrl":"https:\/\/www.unilim.fr\/fablab19\/wp-content\/uploads\/sites\/8\/2018\/10\/rosace_8_5.jpg","width":3024,"height":3024},{"@type":"BreadcrumbList","@id":"https:\/\/asso.unilim.fr\/fablab19\/equipements\/decoupe-laser\/#breadcrumb","itemListElement":[{"@type":"ListItem","position":1,"name":"Accueil","item":"https:\/\/asso.unilim.fr\/fablab19\/"},{"@type":"ListItem","position":2,"name":"Equipements","item":"https:\/\/asso.unilim.fr\/fablab19\/equipements\/"},{"@type":"ListItem","position":3,"name":"D\u00e9coupe Laser"}]},{"@type":"WebSite","@id":"https:\/\/asso.unilim.fr\/fablab19\/#website","url":"https:\/\/asso.unilim.fr\/fablab19\/","name":"FABLAB19","description":"Fablab19 source de r\u00e9ussites","potentialAction":[{"@type":"SearchAction","target":{"@type":"EntryPoint","urlTemplate":"https:\/\/asso.unilim.fr\/fablab19\/?s={search_term_string}"},"query-input":{"@type":"PropertyValueSpecification","valueRequired":true,"valueName":"search_term_string"}}],"inLanguage":"fr-FR"}]}},"_links":{"self":[{"href":"https:\/\/asso.unilim.fr\/fablab19\/wp-json\/wp\/v2\/pages\/147","targetHints":{"allow":["GET"]}}],"collection":[{"href":"https:\/\/asso.unilim.fr\/fablab19\/wp-json\/wp\/v2\/pages"}],"about":[{"href":"https:\/\/asso.unilim.fr\/fablab19\/wp-json\/wp\/v2\/types\/page"}],"author":[{"embeddable":true,"href":"https:\/\/asso.unilim.fr\/fablab19\/wp-json\/wp\/v2\/users\/89"}],"replies":[{"embeddable":true,"href":"https:\/\/asso.unilim.fr\/fablab19\/wp-json\/wp\/v2\/comments?post=147"}],"version-history":[{"count":0,"href":"https:\/\/asso.unilim.fr\/fablab19\/wp-json\/wp\/v2\/pages\/147\/revisions"}],"up":[{"embeddable":true,"href":"https:\/\/asso.unilim.fr\/fablab19\/wp-json\/wp\/v2\/pages\/111"}],"wp:featuredmedia":[{"embeddable":true,"href":"https:\/\/asso.unilim.fr\/fablab19\/wp-json\/wp\/v2\/media\/141"}],"wp:attachment":[{"href":"https:\/\/asso.unilim.fr\/fablab19\/wp-json\/wp\/v2\/media?parent=147"}],"curies":[{"name":"wp","href":"https:\/\/api.w.org\/{rel}","templated":true}]}}