{"id":1008,"date":"2024-01-25T23:00:00","date_gmt":"2024-01-26T00:00:00","guid":{"rendered":"https:\/\/asso.unilim.fr\/fablab19\/equipements\/decoupe-a-fil-chaud\/"},"modified":"2024-01-29T17:29:27","modified_gmt":"2024-01-29T16:29:27","slug":"decoupe-a-fil-chaud","status":"publish","type":"page","link":"https:\/\/asso.unilim.fr\/fablab19\/equipements\/decoupe-a-fil-chaud\/","title":{"rendered":"D\u00e9coupe \u00e0 fil chaud"},"content":{"rendered":"        <div class=\"container-fluid  \" style=\"\">\n                      <div class=\"container\">\n                <div class=\"row \" style=\"margin-top: 30px;margin-bottom: 30px\">        <div class=\"col-sm-4 \">\n                    <div class=\"ul-element-image \">\n            <a href=\"https:\/\/www.unilim.fr\/fablab19\/wp-content\/uploads\/sites\/8\/2024\/01\/Decoupe_fil_chaud-300x172.png\" target=\"\"  rel=\"lightbox\">\n                <img decoding=\"async\" class=\"img-responsive\" src=\"https:\/\/www.unilim.fr\/fablab19\/wp-content\/uploads\/sites\/8\/2024\/01\/Decoupe_fil_chaud-300x172.png\"\/>\n            <\/a>\n        <\/div>\n                <div class=\"\">\n            <hr\/>\n        <\/div>\n                        \n                <div class=\"row ul-fix-height ul-element-post ul-element-post--col  \">\n                                                <div class=\"col-sm-4\">\n                            <div class=\"bg-gray-lighter ul-fix-height-to-me\">\n                                <article class=\"\" id=\"post-1106\"  role=\"article\" >\n\n                                    <a href=\"https:\/\/asso.unilim.fr\/fablab19\/2024\/09\/30\/formation-initiation-logiciel-de-cao-fusion-360\/\" rel=\"bookmark\" title=\"formation initiation logiciel de CAO FUSION 360.\" class=\"\">\n                                                                                                                                    <img loading=\"lazy\" decoding=\"async\" width=\"640\" height=\"480\" src=\"https:\/\/www.unilim.fr\/fablab19\/wp-content\/uploads\/sites\/8\/2024\/09\/Fusion360-640x480.jpg\" class=\"img-responsive wp-post-image\" alt=\"\" \/>                                                                                                                                                                    <\/a>\n\n                                                                        <p class=\"bg-primary text-light text-right ul-bold\" style=\"padding:10px;\">\n                                        <a href=\"https:\/\/asso.unilim.fr\/fablab19\/category\/actualite\/\" rel=\"category tag\">Actualit\u00e9<\/a> | <a href=\"https:\/\/asso.unilim.fr\/fablab19\/category\/equipements\/\" rel=\"category tag\">Equipements<\/a> | <a href=\"https:\/\/asso.unilim.fr\/fablab19\/category\/actualite\/presse\/\" rel=\"category tag\">Presse<\/a> | <a href=\"https:\/\/asso.unilim.fr\/fablab19\/category\/realisations\/\" rel=\"category tag\">R\u00e9alisations<\/a> | <a href=\"https:\/\/asso.unilim.fr\/fablab19\/category\/ressources\/\" rel=\"category tag\">Ressources<\/a>                                        <\/p>\n                                    \n                                    <div class=\"content panel-body\" style=\"padding:10px;\">\n                                        \n                                        <h4 class=\"ul-bold\">\n                                            <a class=\"text-gray header-readmore-arrow\" href=\"https:\/\/asso.unilim.fr\/fablab19\/2024\/09\/30\/formation-initiation-logiciel-de-cao-fusion-360\/\" rel=\"bookmark\" title=\"formation initiation logiciel de CAO FUSION 360.\">\n                                                formation initiation logiciel de CAO FUSION 360.&nbsp;<i class='text-primary fa fa-location-arrow hidden'><\/i>\n                                            <\/a>\n\n                                        <\/h4>\n\n                                                                                    <p>\n                                                Suite \u00e0 certaines demandes, nous lan\u00e7ons une formation de base au logiciel de CAO FUSION 360 pour nos adh\u00e9rents . Nous pr\u00e9voyons 2 fois 2h <a href='https:\/\/asso.unilim.fr\/fablab19\/2024\/09\/30\/formation-initiation-logiciel-de-cao-fusion-360\/' alt='Lire la suite' class='text-readmore-arrow'>[...]<\/a>                                            <\/p>\n                                        \n                                                                            <\/div>\n                                <\/article>\n                            <\/div>\n                        <\/div>\n                                                                        <div class=\"col-sm-4\">\n                            <div class=\"bg-gray-lighter ul-fix-height-to-me\">\n                                <article class=\"\" id=\"post-1092\"  role=\"article\" >\n\n                                    <a href=\"https:\/\/asso.unilim.fr\/fablab19\/2024\/09\/05\/nouvelle-machine-dimpression-3d\/\" rel=\"bookmark\" title=\"Nouvelle machine d&rsquo;impression 3D\" class=\"\">\n                                                                                                                                    <img loading=\"lazy\" decoding=\"async\" width=\"512\" height=\"480\" src=\"https:\/\/www.unilim.fr\/fablab19\/wp-content\/uploads\/sites\/8\/2024\/09\/Bambulab_X1-512x480.jpg\" class=\"img-responsive wp-post-image\" alt=\"\" \/>                                                                                                                                                                    <\/a>\n\n                                                                        <p class=\"bg-primary text-light text-right ul-bold\" style=\"padding:10px;\">\n                                        <a href=\"https:\/\/asso.unilim.fr\/fablab19\/category\/actualite\/\" rel=\"category tag\">Actualit\u00e9<\/a> | <a href=\"https:\/\/asso.unilim.fr\/fablab19\/category\/equipements\/\" rel=\"category tag\">Equipements<\/a> | <a href=\"https:\/\/asso.unilim.fr\/fablab19\/category\/actualite\/presse\/\" rel=\"category tag\">Presse<\/a> | <a href=\"https:\/\/asso.unilim.fr\/fablab19\/category\/projets\/\" rel=\"category tag\">Projets<\/a> | <a href=\"https:\/\/asso.unilim.fr\/fablab19\/category\/realisations\/\" rel=\"category tag\">R\u00e9alisations<\/a>                                        <\/p>\n                                    \n                                    <div class=\"content panel-body\" style=\"padding:10px;\">\n                                        \n                                        <h4 class=\"ul-bold\">\n                                            <a class=\"text-gray header-readmore-arrow\" href=\"https:\/\/asso.unilim.fr\/fablab19\/2024\/09\/05\/nouvelle-machine-dimpression-3d\/\" rel=\"bookmark\" title=\"Nouvelle machine d&rsquo;impression 3D\">\n                                                Nouvelle machine d&rsquo;impression 3D&nbsp;<i class='text-primary fa fa-location-arrow hidden'><\/i>\n                                            <\/a>\n\n                                        <\/h4>\n\n                                                                                    <p>\n                                                En cette rentr\u00e9e de\u00a0 septembre 2024, le fablab19 vient de se doter d&rsquo;une nouvelle machine d&rsquo;impression 3D. C&rsquo;est une Bambu <a href='https:\/\/asso.unilim.fr\/fablab19\/2024\/09\/05\/nouvelle-machine-dimpression-3d\/' alt='Lire la suite' class='text-readmore-arrow'>[...]<\/a>                                            <\/p>\n                                        \n                                                                            <\/div>\n                                <\/article>\n                            <\/div>\n                        <\/div>\n                                                                        <div class=\"col-sm-4\">\n                            <div class=\"bg-gray-lighter ul-fix-height-to-me\">\n                                <article class=\"\" id=\"post-940\"  role=\"article\" >\n\n                                    <a href=\"https:\/\/asso.unilim.fr\/fablab19\/2023\/03\/10\/marquage-dappareils-au-fablab19\/\" rel=\"bookmark\" title=\"Marquage d&rsquo;appareils au Fablab19\" class=\"\">\n                                                                                                                                    <img loading=\"lazy\" decoding=\"async\" width=\"531\" height=\"464\" src=\"https:\/\/www.unilim.fr\/fablab19\/wp-content\/uploads\/sites\/8\/2021\/09\/Atomstack_roller.jpg\" class=\"img-responsive wp-post-image\" alt=\"\" srcset=\"https:\/\/www.unilim.fr\/fablab19\/wp-content\/uploads\/sites\/8\/2021\/09\/Atomstack_roller.jpg 531w, https:\/\/www.unilim.fr\/fablab19\/wp-content\/uploads\/sites\/8\/2021\/09\/Atomstack_roller-300x262.jpg 300w\" sizes=\"auto, (max-width: 531px) 100vw, 531px\" \/>                                                                                                                                                                    <\/a>\n\n                                                                        <p class=\"bg-primary text-light text-right ul-bold\" style=\"padding:10px;\">\n                                        <a href=\"https:\/\/asso.unilim.fr\/fablab19\/category\/actualite\/\" rel=\"category tag\">Actualit\u00e9<\/a> | <a href=\"https:\/\/asso.unilim.fr\/fablab19\/category\/equipements\/decoupe-laser\/\" rel=\"category tag\">Decoupe Laser<\/a> | <a href=\"https:\/\/asso.unilim.fr\/fablab19\/category\/realisations\/\" rel=\"category tag\">R\u00e9alisations<\/a>                                        <\/p>\n                                    \n                                    <div class=\"content panel-body\" style=\"padding:10px;\">\n                                        \n                                        <h4 class=\"ul-bold\">\n                                            <a class=\"text-gray header-readmore-arrow\" href=\"https:\/\/asso.unilim.fr\/fablab19\/2023\/03\/10\/marquage-dappareils-au-fablab19\/\" rel=\"bookmark\" title=\"Marquage d&rsquo;appareils au Fablab19\">\n                                                Marquage d&rsquo;appareils au Fablab19&nbsp;<i class='text-primary fa fa-location-arrow hidden'><\/i>\n                                            <\/a>\n\n                                        <\/h4>\n\n                                                                                    <p>\n                                                Ici un exemple de gravure sur des appareils de mesure en vu de l&rsquo;identification.\u00a0 C&rsquo;est une des nombreuses fonctionnalit\u00e9s de <a href='https:\/\/asso.unilim.fr\/fablab19\/2023\/03\/10\/marquage-dappareils-au-fablab19\/' alt='Lire la suite' class='text-readmore-arrow'>[...]<\/a>                                            <\/p>\n                                        \n                                                                            <\/div>\n                                <\/article>\n                            <\/div>\n                        <\/div>\n                                                                    <\/div>\n                        <\/div>\n                <div class=\"col-sm-5 \">\n                    <div class=\"\">\n                        <div class=\"panel panel-primary\">\n                              <div class=\"panel-heading\">\n                    <h3 class=\"panel-title\"><i class=\"fa fa-fw fa-cubes\"><\/i>Nouvelle machine \u00e0 fil Chaud<\/h3>\n                <\/div>\n                              <div class=\"panel-body\">\n                  \n<p><a class=\"\" href=\"https:\/\/www.unilim.fr\/fablab19\/wp-content\/uploads\/sites\/8\/2024\/01\/Fil_chaud1.png\"><img loading=\"lazy\" decoding=\"async\" class=\"alignnone wp-image-1007\" style=\"float: left\" src=\"https:\/\/www.unilim.fr\/fablab19\/wp-content\/uploads\/sites\/8\/2024\/01\/Fil_chaud1-300x132.png\" alt=\"\" width=\"148\" height=\"65\" srcset=\"https:\/\/www.unilim.fr\/fablab19\/wp-content\/uploads\/sites\/8\/2024\/01\/Fil_chaud1-300x132.png 300w, https:\/\/www.unilim.fr\/fablab19\/wp-content\/uploads\/sites\/8\/2024\/01\/Fil_chaud1-1024x452.png 1024w, https:\/\/www.unilim.fr\/fablab19\/wp-content\/uploads\/sites\/8\/2024\/01\/Fil_chaud1-768x339.png 768w, https:\/\/www.unilim.fr\/fablab19\/wp-content\/uploads\/sites\/8\/2024\/01\/Fil_chaud1.png 1136w\" sizes=\"auto, (max-width: 148px) 100vw, 148px\" \/><\/a>Cet outil, pilot\u00e9 par ordinateur, permettra aux adh\u00e9rents\u00a0 de couper au fil chaud de nombreux mat\u00e9riaux comme le polystyr\u00e8ne expans\u00e9 (PSE), le polystyr\u00e8ne extrud\u00e9 (XPS), ainsi que tout type de mousse thermofusible (PPE, PU, PE\u2026).<\/p>\n<p>Bien sur\u00a0 hors de question de l&rsquo;utiliser sans une formation pr\u00e9alable et validation par notre r\u00e9f\u00e9rent G\u00e9rard.<\/p>\n                <\/div>\n                          <\/div>\n                    <\/div>\n                <div class=\"\">\n                        <div class=\"panel panel-success\">\n                              <div class=\"panel-heading\">\n                    <h3 class=\"panel-title\"><i class=\"fa fa-fw fa-\"><\/i>Dimensions zone de d\u00e9coupe<\/h3>\n                <\/div>\n                              <div class=\"panel-body\">\n                  \n<p>Les dimensions de la table sont :<\/p>\n<ul>\n<li>Longueur de d\u00e9coupe 980mm<\/li>\n<li>Hauteur de d\u00e9coupe 510mm<\/li>\n<li>Largeur de d\u00e9coupe 1m<\/li>\n<\/ul>\n                <\/div>\n                          <\/div>\n                    <\/div>\n                <\/div>\n                <div class=\"col-sm-3 \">\n                    <div class=\"\">\n                        <div class=\"panel panel-primary\">\n                              <div class=\"panel-heading\">\n                    <h3 class=\"panel-title\"><i class=\"fa fa-fw fa-book\"><\/i>Documentation et logiciel<\/h3>\n                <\/div>\n                              <div class=\"panel-body\">\n                  \n<ol>\n<li><a href=\"https:\/\/cncfab.renaudiltis.com\/mc4x\">Machine CN d\u00e9coupe fil chaud MC4X<\/a><\/li>\n<li><a href=\"https:\/\/cncfab.renaudiltis.com\/filchaudnx\">Logiciel de d\u00e9coupeFILCHAUD NX<\/a> (gratuitement)<\/li>\n<li><a href=\"https:\/\/www.unilim.fr\/fablab19\/wp-content\/uploads\/sites\/8\/2024\/01\/FilChaudNX-utilisation.pdf\" target=\"_blank\" rel=\"noopener\">FilChaudNX-utilisation<\/a><\/li>\n<li><a href=\"https:\/\/www.unilim.fr\/fablab19\/wp-content\/uploads\/sites\/8\/2024\/01\/FilChaud2D_Utilisation.pdf\" target=\"_blank\" rel=\"noopener\">FilChaud2D_Utilisation<\/a><\/li>\n<\/ol>\n                <\/div>\n                          <\/div>\n                    <\/div>\n                <\/div>\n        <\/div>\n            <\/div>\n                  <\/div>\n        \n","protected":false},"excerpt":{"rendered":"","protected":false},"author":89,"featured_media":0,"parent":111,"menu_order":0,"comment_status":"closed","ping_status":"closed","template":"page-le.php","meta":{"footnotes":""},"class_list":["post-1008","page","type-page","status-publish","hentry"],"yoast_head":"<!-- This site is optimized with the Yoast SEO plugin v26.3 - https:\/\/yoast.com\/wordpress\/plugins\/seo\/ -->\n<title>D\u00e9coupe \u00e0 fil chaud - FABLAB19<\/title>\n<meta name=\"robots\" content=\"index, follow, max-snippet:-1, max-image-preview:large, max-video-preview:-1\" \/>\n<link rel=\"canonical\" href=\"https:\/\/asso.unilim.fr\/fablab19\/equipements\/decoupe-a-fil-chaud\/\" \/>\n<meta property=\"og:locale\" content=\"fr_FR\" \/>\n<meta property=\"og:type\" content=\"article\" \/>\n<meta property=\"og:title\" content=\"D\u00e9coupe \u00e0 fil chaud - FABLAB19\" \/>\n<meta property=\"og:url\" content=\"https:\/\/asso.unilim.fr\/fablab19\/equipements\/decoupe-a-fil-chaud\/\" \/>\n<meta property=\"og:site_name\" content=\"FABLAB19\" \/>\n<meta property=\"article:modified_time\" content=\"2024-01-29T16:29:27+00:00\" \/>\n<meta property=\"og:image\" content=\"https:\/\/www.unilim.fr\/fablab19\/wp-content\/uploads\/sites\/8\/2024\/01\/Fil_chaud1-300x132.png\" \/>\n<meta name=\"twitter:card\" content=\"summary_large_image\" \/>\n<meta name=\"twitter:label1\" content=\"Dur\u00e9e de lecture estim\u00e9e\" \/>\n\t<meta name=\"twitter:data1\" content=\"2 minutes\" \/>\n<script type=\"application\/ld+json\" class=\"yoast-schema-graph\">{\"@context\":\"https:\/\/schema.org\",\"@graph\":[{\"@type\":\"WebPage\",\"@id\":\"https:\/\/asso.unilim.fr\/fablab19\/equipements\/decoupe-a-fil-chaud\/\",\"url\":\"https:\/\/asso.unilim.fr\/fablab19\/equipements\/decoupe-a-fil-chaud\/\",\"name\":\"D\u00e9coupe \u00e0 fil chaud - FABLAB19\",\"isPartOf\":{\"@id\":\"https:\/\/asso.unilim.fr\/fablab19\/#website\"},\"primaryImageOfPage\":{\"@id\":\"https:\/\/asso.unilim.fr\/fablab19\/equipements\/decoupe-a-fil-chaud\/#primaryimage\"},\"image\":{\"@id\":\"https:\/\/asso.unilim.fr\/fablab19\/equipements\/decoupe-a-fil-chaud\/#primaryimage\"},\"thumbnailUrl\":\"https:\/\/www.unilim.fr\/fablab19\/wp-content\/uploads\/sites\/8\/2024\/01\/Fil_chaud1-300x132.png\",\"datePublished\":\"2024-01-26T00:00:00+00:00\",\"dateModified\":\"2024-01-29T16:29:27+00:00\",\"breadcrumb\":{\"@id\":\"https:\/\/asso.unilim.fr\/fablab19\/equipements\/decoupe-a-fil-chaud\/#breadcrumb\"},\"inLanguage\":\"fr-FR\",\"potentialAction\":[{\"@type\":\"ReadAction\",\"target\":[\"https:\/\/asso.unilim.fr\/fablab19\/equipements\/decoupe-a-fil-chaud\/\"]}]},{\"@type\":\"ImageObject\",\"inLanguage\":\"fr-FR\",\"@id\":\"https:\/\/asso.unilim.fr\/fablab19\/equipements\/decoupe-a-fil-chaud\/#primaryimage\",\"url\":\"https:\/\/www.unilim.fr\/fablab19\/wp-content\/uploads\/sites\/8\/2024\/01\/Fil_chaud1-300x132.png\",\"contentUrl\":\"https:\/\/www.unilim.fr\/fablab19\/wp-content\/uploads\/sites\/8\/2024\/01\/Fil_chaud1-300x132.png\"},{\"@type\":\"BreadcrumbList\",\"@id\":\"https:\/\/asso.unilim.fr\/fablab19\/equipements\/decoupe-a-fil-chaud\/#breadcrumb\",\"itemListElement\":[{\"@type\":\"ListItem\",\"position\":1,\"name\":\"Accueil\",\"item\":\"https:\/\/asso.unilim.fr\/fablab19\/\"},{\"@type\":\"ListItem\",\"position\":2,\"name\":\"Equipements\",\"item\":\"https:\/\/asso.unilim.fr\/fablab19\/equipements\/\"},{\"@type\":\"ListItem\",\"position\":3,\"name\":\"D\u00e9coupe \u00e0 fil chaud\"}]},{\"@type\":\"WebSite\",\"@id\":\"https:\/\/asso.unilim.fr\/fablab19\/#website\",\"url\":\"https:\/\/asso.unilim.fr\/fablab19\/\",\"name\":\"FABLAB19\",\"description\":\"Fablab19 source de r\u00e9ussites\",\"potentialAction\":[{\"@type\":\"SearchAction\",\"target\":{\"@type\":\"EntryPoint\",\"urlTemplate\":\"https:\/\/asso.unilim.fr\/fablab19\/?s={search_term_string}\"},\"query-input\":{\"@type\":\"PropertyValueSpecification\",\"valueRequired\":true,\"valueName\":\"search_term_string\"}}],\"inLanguage\":\"fr-FR\"}]}<\/script>\n<!-- \/ Yoast SEO plugin. -->","yoast_head_json":{"title":"D\u00e9coupe \u00e0 fil chaud - FABLAB19","robots":{"index":"index","follow":"follow","max-snippet":"max-snippet:-1","max-image-preview":"max-image-preview:large","max-video-preview":"max-video-preview:-1"},"canonical":"https:\/\/asso.unilim.fr\/fablab19\/equipements\/decoupe-a-fil-chaud\/","og_locale":"fr_FR","og_type":"article","og_title":"D\u00e9coupe \u00e0 fil chaud - FABLAB19","og_url":"https:\/\/asso.unilim.fr\/fablab19\/equipements\/decoupe-a-fil-chaud\/","og_site_name":"FABLAB19","article_modified_time":"2024-01-29T16:29:27+00:00","og_image":[{"url":"https:\/\/www.unilim.fr\/fablab19\/wp-content\/uploads\/sites\/8\/2024\/01\/Fil_chaud1-300x132.png","type":"","width":"","height":""}],"twitter_card":"summary_large_image","twitter_misc":{"Dur\u00e9e de lecture estim\u00e9e":"2 minutes"},"schema":{"@context":"https:\/\/schema.org","@graph":[{"@type":"WebPage","@id":"https:\/\/asso.unilim.fr\/fablab19\/equipements\/decoupe-a-fil-chaud\/","url":"https:\/\/asso.unilim.fr\/fablab19\/equipements\/decoupe-a-fil-chaud\/","name":"D\u00e9coupe \u00e0 fil chaud - FABLAB19","isPartOf":{"@id":"https:\/\/asso.unilim.fr\/fablab19\/#website"},"primaryImageOfPage":{"@id":"https:\/\/asso.unilim.fr\/fablab19\/equipements\/decoupe-a-fil-chaud\/#primaryimage"},"image":{"@id":"https:\/\/asso.unilim.fr\/fablab19\/equipements\/decoupe-a-fil-chaud\/#primaryimage"},"thumbnailUrl":"https:\/\/www.unilim.fr\/fablab19\/wp-content\/uploads\/sites\/8\/2024\/01\/Fil_chaud1-300x132.png","datePublished":"2024-01-26T00:00:00+00:00","dateModified":"2024-01-29T16:29:27+00:00","breadcrumb":{"@id":"https:\/\/asso.unilim.fr\/fablab19\/equipements\/decoupe-a-fil-chaud\/#breadcrumb"},"inLanguage":"fr-FR","potentialAction":[{"@type":"ReadAction","target":["https:\/\/asso.unilim.fr\/fablab19\/equipements\/decoupe-a-fil-chaud\/"]}]},{"@type":"ImageObject","inLanguage":"fr-FR","@id":"https:\/\/asso.unilim.fr\/fablab19\/equipements\/decoupe-a-fil-chaud\/#primaryimage","url":"https:\/\/www.unilim.fr\/fablab19\/wp-content\/uploads\/sites\/8\/2024\/01\/Fil_chaud1-300x132.png","contentUrl":"https:\/\/www.unilim.fr\/fablab19\/wp-content\/uploads\/sites\/8\/2024\/01\/Fil_chaud1-300x132.png"},{"@type":"BreadcrumbList","@id":"https:\/\/asso.unilim.fr\/fablab19\/equipements\/decoupe-a-fil-chaud\/#breadcrumb","itemListElement":[{"@type":"ListItem","position":1,"name":"Accueil","item":"https:\/\/asso.unilim.fr\/fablab19\/"},{"@type":"ListItem","position":2,"name":"Equipements","item":"https:\/\/asso.unilim.fr\/fablab19\/equipements\/"},{"@type":"ListItem","position":3,"name":"D\u00e9coupe \u00e0 fil chaud"}]},{"@type":"WebSite","@id":"https:\/\/asso.unilim.fr\/fablab19\/#website","url":"https:\/\/asso.unilim.fr\/fablab19\/","name":"FABLAB19","description":"Fablab19 source de r\u00e9ussites","potentialAction":[{"@type":"SearchAction","target":{"@type":"EntryPoint","urlTemplate":"https:\/\/asso.unilim.fr\/fablab19\/?s={search_term_string}"},"query-input":{"@type":"PropertyValueSpecification","valueRequired":true,"valueName":"search_term_string"}}],"inLanguage":"fr-FR"}]}},"_links":{"self":[{"href":"https:\/\/asso.unilim.fr\/fablab19\/wp-json\/wp\/v2\/pages\/1008","targetHints":{"allow":["GET"]}}],"collection":[{"href":"https:\/\/asso.unilim.fr\/fablab19\/wp-json\/wp\/v2\/pages"}],"about":[{"href":"https:\/\/asso.unilim.fr\/fablab19\/wp-json\/wp\/v2\/types\/page"}],"author":[{"embeddable":true,"href":"https:\/\/asso.unilim.fr\/fablab19\/wp-json\/wp\/v2\/users\/89"}],"replies":[{"embeddable":true,"href":"https:\/\/asso.unilim.fr\/fablab19\/wp-json\/wp\/v2\/comments?post=1008"}],"version-history":[{"count":0,"href":"https:\/\/asso.unilim.fr\/fablab19\/wp-json\/wp\/v2\/pages\/1008\/revisions"}],"up":[{"embeddable":true,"href":"https:\/\/asso.unilim.fr\/fablab19\/wp-json\/wp\/v2\/pages\/111"}],"wp:attachment":[{"href":"https:\/\/asso.unilim.fr\/fablab19\/wp-json\/wp\/v2\/media?parent=1008"}],"curies":[{"name":"wp","href":"https:\/\/api.w.org\/{rel}","templated":true}]}}