{"id":97,"date":"2019-08-23T16:28:21","date_gmt":"2019-08-23T14:28:21","guid":{"rendered":"http:\/\/asso.unilim.fr\/daguesseau\/?page_id=97"},"modified":"2021-03-30T15:23:23","modified_gmt":"2021-03-30T13:23:23","slug":"famille-ethique-et-justice","status":"publish","type":"page","link":"https:\/\/asso.unilim.fr\/daguesseau\/famille-ethique-et-justice\/","title":{"rendered":"Famille, \u00e9thique et justice"},"content":{"rendered":"<p><strong>Famille, \u00e9thique et justice<\/strong><br \/>\nColloque tenu \u00e0 Limoges, 17 octobre 2014 <img loading=\"lazy\" decoding=\"async\" class=\"size-full wp-image-98 alignright\" src=\"https:\/\/www.daguesseau.fr\/wp-content\/uploads\/sites\/10\/2019\/08\/famille.jpg\" alt=\"\" width=\"131\" height=\"200\" \/><\/p>\n<p>Coordination \u00e9ditoriale par H\u00e9l\u00e8ne Pauliat, Eric N\u00e9gron et Laurent Berthier<\/p>\n<p>En 2014, l&rsquo;Association d\u2019Aguesseau a orient\u00e9 ses travaux sur le th\u00e8me de la famille. Sujet marqu\u00e9 par l\u2019adoption de la loi du 17 mai 2013 ouvrant le mariage aux couples de personnes de m\u00eame sexe, la question de la famille, de sa d\u00e9finition, des droits qui s\u2019y rapportent, se trouve au c\u0153ur de l\u2019actualit\u00e9 et de l\u2019activit\u00e9 des praticiens du droit.<\/p>\n<p>Le colloque du 17 octobre 2014 s\u2019est donn\u00e9 pour ambition d\u2019approcher ce th\u00e8me sous ses diverses dimensions en s\u2019interrogeant sur les \u00e9volutions sociales et juridiques entourant l\u2019acception de la famille et de ce qui constitue une vie familiale normale. Evoquant successivement les questions du couple, de l\u2019enfant, de la \u00ab normalit\u00e9 \u00bb parentale et de la survivance familiale en mati\u00e8re successorale, les diff\u00e9rents intervenants, magistrats, m\u00e9decins, universitaires, avocats, psychanalystes et notaires ont partag\u00e9 leurs analyses et offert mati\u00e8re \u00e0 des d\u00e9bats dans lesquels transparaissent toujours le caract\u00e8re \u00e9volutif de la famille et de son droit et, d\u00e8s lors, l\u2019int\u00e9r\u00eat sans cesse renouvel\u00e9 suscit\u00e9 par la question.<\/p>\n<p>Collection : Entretiens d&rsquo; Aguesseau<br \/>\nAnn\u00e9e de publication : 2016<br \/>\nLangue : Fran\u00e7ais<br \/>\nISBN : 102-84287-673-9<br \/>\nISBN : 139782842876739<br \/>\nFormat : broch\u00e9<br \/>\nPages : 162<br \/>\nDiscipline : Droits, Sciences \u00e9co, gestion<\/p>\n","protected":false},"excerpt":{"rendered":"<p>Famille, \u00e9thique et justice Colloque tenu \u00e0 Limoges, 17 octobre 2014 Coordination \u00e9ditoriale par H\u00e9l\u00e8ne Pauliat, Eric N\u00e9gron et Laurent Berthier En 2014, l&rsquo;Association d\u2019Aguesseau a orient\u00e9 ses travaux sur le th\u00e8me de la famille. Sujet marqu\u00e9 par l\u2019adoption de la loi du 17 mai 2013 ouvrant le mariage aux couples de personnes de m\u00eame [&hellip;]<\/p>\n","protected":false},"author":97,"featured_media":0,"parent":0,"menu_order":0,"comment_status":"closed","ping_status":"closed","template":"","meta":{"footnotes":""},"class_list":["post-97","page","type-page","status-publish","hentry"],"yoast_head":"<!-- This site is optimized with the Yoast SEO plugin v26.3 - https:\/\/yoast.com\/wordpress\/plugins\/seo\/ -->\n<title>Famille, \u00e9thique et justice - Entretiens d&#039;Aguesseau<\/title>\n<meta name=\"robots\" content=\"index, follow, max-snippet:-1, max-image-preview:large, max-video-preview:-1\" \/>\n<link rel=\"canonical\" href=\"http:\/\/asso.unilim.fr\/daguesseau\/famille-ethique-et-justice\/\" \/>\n<meta property=\"og:locale\" content=\"fr_FR\" \/>\n<meta property=\"og:type\" content=\"article\" \/>\n<meta property=\"og:title\" content=\"Famille, \u00e9thique et justice - Entretiens d&#039;Aguesseau\" \/>\n<meta property=\"og:description\" content=\"Famille, \u00e9thique et justice Colloque tenu \u00e0 Limoges, 17 octobre 2014 Coordination \u00e9ditoriale par H\u00e9l\u00e8ne Pauliat, Eric N\u00e9gron et Laurent Berthier En 2014, l&rsquo;Association d\u2019Aguesseau a orient\u00e9 ses travaux sur le th\u00e8me de la famille. Sujet marqu\u00e9 par l\u2019adoption de la loi du 17 mai 2013 ouvrant le mariage aux couples de personnes de m\u00eame [&hellip;]\" \/>\n<meta property=\"og:url\" content=\"http:\/\/asso.unilim.fr\/daguesseau\/famille-ethique-et-justice\/\" \/>\n<meta property=\"og:site_name\" content=\"Entretiens d&#039;Aguesseau\" \/>\n<meta property=\"article:modified_time\" content=\"2021-03-30T13:23:23+00:00\" \/>\n<meta property=\"og:image\" content=\"https:\/\/www.daguesseau.fr\/wp-content\/uploads\/sites\/10\/2019\/08\/famille.jpg\" \/>\n<meta name=\"twitter:card\" content=\"summary_large_image\" \/>\n<meta name=\"twitter:label1\" content=\"Dur\u00e9e de lecture estim\u00e9e\" \/>\n\t<meta name=\"twitter:data1\" content=\"1 minute\" \/>\n<script type=\"application\/ld+json\" class=\"yoast-schema-graph\">{\"@context\":\"https:\/\/schema.org\",\"@graph\":[{\"@type\":\"WebPage\",\"@id\":\"http:\/\/asso.unilim.fr\/daguesseau\/famille-ethique-et-justice\/\",\"url\":\"http:\/\/asso.unilim.fr\/daguesseau\/famille-ethique-et-justice\/\",\"name\":\"Famille, \u00e9thique et justice - Entretiens d&#039;Aguesseau\",\"isPartOf\":{\"@id\":\"http:\/\/asso.unilim.fr\/daguesseau\/#website\"},\"primaryImageOfPage\":{\"@id\":\"http:\/\/asso.unilim.fr\/daguesseau\/famille-ethique-et-justice\/#primaryimage\"},\"image\":{\"@id\":\"http:\/\/asso.unilim.fr\/daguesseau\/famille-ethique-et-justice\/#primaryimage\"},\"thumbnailUrl\":\"https:\/\/www.daguesseau.fr\/wp-content\/uploads\/sites\/10\/2019\/08\/famille.jpg\",\"datePublished\":\"2019-08-23T14:28:21+00:00\",\"dateModified\":\"2021-03-30T13:23:23+00:00\",\"breadcrumb\":{\"@id\":\"http:\/\/asso.unilim.fr\/daguesseau\/famille-ethique-et-justice\/#breadcrumb\"},\"inLanguage\":\"fr-FR\",\"potentialAction\":[{\"@type\":\"ReadAction\",\"target\":[\"http:\/\/asso.unilim.fr\/daguesseau\/famille-ethique-et-justice\/\"]}]},{\"@type\":\"ImageObject\",\"inLanguage\":\"fr-FR\",\"@id\":\"http:\/\/asso.unilim.fr\/daguesseau\/famille-ethique-et-justice\/#primaryimage\",\"url\":\"https:\/\/www.daguesseau.fr\/wp-content\/uploads\/sites\/10\/2019\/08\/famille.jpg\",\"contentUrl\":\"https:\/\/www.daguesseau.fr\/wp-content\/uploads\/sites\/10\/2019\/08\/famille.jpg\"},{\"@type\":\"BreadcrumbList\",\"@id\":\"http:\/\/asso.unilim.fr\/daguesseau\/famille-ethique-et-justice\/#breadcrumb\",\"itemListElement\":[{\"@type\":\"ListItem\",\"position\":1,\"name\":\"Accueil\",\"item\":\"http:\/\/asso.unilim.fr\/daguesseau\/\"},{\"@type\":\"ListItem\",\"position\":2,\"name\":\"Famille, \u00e9thique et justice\"}]},{\"@type\":\"WebSite\",\"@id\":\"http:\/\/asso.unilim.fr\/daguesseau\/#website\",\"url\":\"http:\/\/asso.unilim.fr\/daguesseau\/\",\"name\":\"Entretiens d&#039;Aguesseau\",\"description\":\"universit\u00e9 ouverte source de r\u00e9ussites\",\"potentialAction\":[{\"@type\":\"SearchAction\",\"target\":{\"@type\":\"EntryPoint\",\"urlTemplate\":\"http:\/\/asso.unilim.fr\/daguesseau\/?s={search_term_string}\"},\"query-input\":{\"@type\":\"PropertyValueSpecification\",\"valueRequired\":true,\"valueName\":\"search_term_string\"}}],\"inLanguage\":\"fr-FR\"}]}<\/script>\n<!-- \/ Yoast SEO plugin. -->","yoast_head_json":{"title":"Famille, \u00e9thique et justice - Entretiens d&#039;Aguesseau","robots":{"index":"index","follow":"follow","max-snippet":"max-snippet:-1","max-image-preview":"max-image-preview:large","max-video-preview":"max-video-preview:-1"},"canonical":"http:\/\/asso.unilim.fr\/daguesseau\/famille-ethique-et-justice\/","og_locale":"fr_FR","og_type":"article","og_title":"Famille, \u00e9thique et justice - Entretiens d&#039;Aguesseau","og_description":"Famille, \u00e9thique et justice Colloque tenu \u00e0 Limoges, 17 octobre 2014 Coordination \u00e9ditoriale par H\u00e9l\u00e8ne Pauliat, Eric N\u00e9gron et Laurent Berthier En 2014, l&rsquo;Association d\u2019Aguesseau a orient\u00e9 ses travaux sur le th\u00e8me de la famille. Sujet marqu\u00e9 par l\u2019adoption de la loi du 17 mai 2013 ouvrant le mariage aux couples de personnes de m\u00eame [&hellip;]","og_url":"http:\/\/asso.unilim.fr\/daguesseau\/famille-ethique-et-justice\/","og_site_name":"Entretiens d&#039;Aguesseau","article_modified_time":"2021-03-30T13:23:23+00:00","og_image":[{"url":"https:\/\/www.daguesseau.fr\/wp-content\/uploads\/sites\/10\/2019\/08\/famille.jpg","type":"","width":"","height":""}],"twitter_card":"summary_large_image","twitter_misc":{"Dur\u00e9e de lecture estim\u00e9e":"1 minute"},"schema":{"@context":"https:\/\/schema.org","@graph":[{"@type":"WebPage","@id":"http:\/\/asso.unilim.fr\/daguesseau\/famille-ethique-et-justice\/","url":"http:\/\/asso.unilim.fr\/daguesseau\/famille-ethique-et-justice\/","name":"Famille, \u00e9thique et justice - Entretiens d&#039;Aguesseau","isPartOf":{"@id":"http:\/\/asso.unilim.fr\/daguesseau\/#website"},"primaryImageOfPage":{"@id":"http:\/\/asso.unilim.fr\/daguesseau\/famille-ethique-et-justice\/#primaryimage"},"image":{"@id":"http:\/\/asso.unilim.fr\/daguesseau\/famille-ethique-et-justice\/#primaryimage"},"thumbnailUrl":"https:\/\/www.daguesseau.fr\/wp-content\/uploads\/sites\/10\/2019\/08\/famille.jpg","datePublished":"2019-08-23T14:28:21+00:00","dateModified":"2021-03-30T13:23:23+00:00","breadcrumb":{"@id":"http:\/\/asso.unilim.fr\/daguesseau\/famille-ethique-et-justice\/#breadcrumb"},"inLanguage":"fr-FR","potentialAction":[{"@type":"ReadAction","target":["http:\/\/asso.unilim.fr\/daguesseau\/famille-ethique-et-justice\/"]}]},{"@type":"ImageObject","inLanguage":"fr-FR","@id":"http:\/\/asso.unilim.fr\/daguesseau\/famille-ethique-et-justice\/#primaryimage","url":"https:\/\/www.daguesseau.fr\/wp-content\/uploads\/sites\/10\/2019\/08\/famille.jpg","contentUrl":"https:\/\/www.daguesseau.fr\/wp-content\/uploads\/sites\/10\/2019\/08\/famille.jpg"},{"@type":"BreadcrumbList","@id":"http:\/\/asso.unilim.fr\/daguesseau\/famille-ethique-et-justice\/#breadcrumb","itemListElement":[{"@type":"ListItem","position":1,"name":"Accueil","item":"http:\/\/asso.unilim.fr\/daguesseau\/"},{"@type":"ListItem","position":2,"name":"Famille, \u00e9thique et justice"}]},{"@type":"WebSite","@id":"http:\/\/asso.unilim.fr\/daguesseau\/#website","url":"http:\/\/asso.unilim.fr\/daguesseau\/","name":"Entretiens d&#039;Aguesseau","description":"universit\u00e9 ouverte source de r\u00e9ussites","potentialAction":[{"@type":"SearchAction","target":{"@type":"EntryPoint","urlTemplate":"http:\/\/asso.unilim.fr\/daguesseau\/?s={search_term_string}"},"query-input":{"@type":"PropertyValueSpecification","valueRequired":true,"valueName":"search_term_string"}}],"inLanguage":"fr-FR"}]}},"_links":{"self":[{"href":"https:\/\/asso.unilim.fr\/daguesseau\/wp-json\/wp\/v2\/pages\/97","targetHints":{"allow":["GET"]}}],"collection":[{"href":"https:\/\/asso.unilim.fr\/daguesseau\/wp-json\/wp\/v2\/pages"}],"about":[{"href":"https:\/\/asso.unilim.fr\/daguesseau\/wp-json\/wp\/v2\/types\/page"}],"author":[{"embeddable":true,"href":"https:\/\/asso.unilim.fr\/daguesseau\/wp-json\/wp\/v2\/users\/97"}],"replies":[{"embeddable":true,"href":"https:\/\/asso.unilim.fr\/daguesseau\/wp-json\/wp\/v2\/comments?post=97"}],"version-history":[{"count":0,"href":"https:\/\/asso.unilim.fr\/daguesseau\/wp-json\/wp\/v2\/pages\/97\/revisions"}],"wp:attachment":[{"href":"https:\/\/asso.unilim.fr\/daguesseau\/wp-json\/wp\/v2\/media?parent=97"}],"curies":[{"name":"wp","href":"https:\/\/api.w.org\/{rel}","templated":true}]}}