{"id":94,"date":"2019-08-23T16:24:25","date_gmt":"2019-08-23T14:24:25","guid":{"rendered":"http:\/\/asso.unilim.fr\/daguesseau\/?page_id=94"},"modified":"2021-03-30T15:26:53","modified_gmt":"2021-03-30T13:26:53","slug":"la-prison-quels-droits","status":"publish","type":"page","link":"https:\/\/asso.unilim.fr\/daguesseau\/la-prison-quels-droits\/","title":{"rendered":"La prison, quel(s) droit(s) ?"},"content":{"rendered":"<p><strong>La prison : quel(s) droit(s) ?<\/strong><br \/>\nColloque tenu \u00e0 Limoges, 7 octobre 2011<\/p>\n<p>Coordination \u00e9ditoriale par H\u00e9l\u00e8ne Pauliat, Laurent Berthier et Eric N\u00e9gron<\/p>\n<p><img loading=\"lazy\" decoding=\"async\" class=\"size-full wp-image-95 alignright\" src=\"https:\/\/www.daguesseau.fr\/wp-content\/uploads\/sites\/10\/2019\/08\/84287-586-2.jpg\" alt=\"\" width=\"130\" height=\"200\" \/><br \/>\nL\u2019Association d\u2019Aguesseau a choisi de poursuivre son travail de recherche juridique en s\u2019emparant d\u2019une question dont le caract\u00e8re d\u2019actualit\u00e9 le dispute \u00e0 la permanence de l\u2019enjeu : \u00ab La prison : quel(s) droit(s) ? \u00bb. De profondes r\u00e9novations sont venues bouleverser, ces derni\u00e8res ann\u00e9es, les \u00e9quilibres ant\u00e9rieurs qui pr\u00e9valaient dans le monde carc\u00e9ral. Quelles r\u00e8gles, quelles pratiques sont aujourd\u2019hui en vigueur dans les prisons, quels contr\u00f4les sont mis en \u0153uvre ? Quels sont les droits dont le d\u00e9tenu peut se pr\u00e9valoir, en consid\u00e9ration de sa situation de justiciable, d\u2019usager et de citoyen ? C\u2019est \u00e0 travers trois temps d\u2019\u00e9tude, l\u2019un sur \u00ab La prison et le d\u00e9tenu \u00bb, le second sur \u00ab La prison et le juge \u00bb et le dernier sur \u00ab La prison dans la ville et dans la cit\u00e9 \u00bb que les diff\u00e9rentes dimensions de cette probl\u00e9matique ont \u00e9t\u00e9 d\u00e9clin\u00e9es lors du colloque organis\u00e9 le 7 octobre 2011 \u00e0 Limoges. Des intervenants familiers de la question p\u00e9nitentiaire ont partag\u00e9 leurs analyses, t\u00e9moignages et exp\u00e9riences afin de dresser un tableau repr\u00e9sentatif du monde carc\u00e9ral, du droit qui s\u2019y applique et de la situation du d\u00e9tenu vis-\u00e0-vis de ses juges, de l\u2019administration p\u00e9nitentiaire et, plus largement, de la soci\u00e9t\u00e9. Il ressort de ces \u00e9changes que la perception de la prison, de son r\u00f4le, de ses missions, a sensiblement \u00e9volu\u00e9 \u00e0 mesure que se modifiait \u00e9galement le regard port\u00e9 sur le d\u00e9tenu. De nouveaux \u00e9quilibres sont aujourd\u2019hui recherch\u00e9s entre imp\u00e9ratifs de s\u00e9curit\u00e9, inh\u00e9rents au principe m\u00eame de la d\u00e9tention, et respect des droits des personnes incarc\u00e9r\u00e9es. A l\u2019aune de cette \u00e9volution, le droit p\u00e9nitentiaire tend \u00e0 d\u00e9passer son caract\u00e8re originel et exclusif de droit de la sanction pour devenir un ensemble de r\u00e8gles adapt\u00e9es \u00e0 un univers carc\u00e9ral p\u00e9tri de contraires. Ce monde clos reste en effet en lien avec la soci\u00e9t\u00e9 et ses \u00e9volutions, et le statut de d\u00e9tenu ne saurait totalement faire oublier la qualit\u00e9 d\u2019individu et les garanties qui s\u2019y attachent.<\/p>\n<p>Au sommaire : \u00c9ric N\u00e9gron, Propos d\u2019ouverture ; Jean Morange, Introduction g\u00e9n\u00e9rale ; Jean-Fran\u00e7ois Beynel, Introduction ; Jean-Marie Bockel, Le d\u00e9tenu, un citoyen : les r\u00e8gles p\u00e9nitentiaires europ\u00e9ennes ; Claude d\u2019Harcourt, Panorama g\u00e9n\u00e9ral des droits en mati\u00e8re carc\u00e9ral ; C\u00e9cile Brunet-Ludet, Quels droits pour les d\u00e9tenus ? La RPE 50, entre r\u00e9alit\u00e9s et ambitions ; Sophie Martin-Dupont, Le droit \u00e0 la protection de la sant\u00e9 des personnes d\u00e9tenues. Quelques rep\u00e8res historiques dans le domaine sanitaire et social ; Val\u00e9rie Lebrun, Les organes de concertation des d\u00e9tenus. Approche de droit compar\u00e9 Daniel Labetoulle, Regard du juge administratif ; Martine-Mich\u00e8le Lebrun, Regard du juge judiciaire ; Virginie Saint-James, La dignit\u00e9 de la personne d\u00e9tenue dans la jurisprudence de la Cour europ\u00e9enne des droits de l\u2019homme ; Andr\u00e9 Page, Le respect des \u00e9quilibres de d\u00e9tention au regard de l\u2019application des droits de la personne d\u00e9tenue ; Jean-Pierre Weiss, Quelle place pour la prison dans la ville ?; Isabelle Pourtal, T\u00e9moignages ; Marie-Paule H\u00e9raud, Quelle place pour la prison dans la ville ? Le point de vue d\u2019une citoyenne ; H\u00e9l\u00e8ne Pauliat, Synth\u00e8se.<\/p>\n<p>\u00c9diteur Presses universitaires de Limoges<br \/>\nSupport Livre broch\u00e9<br \/>\nPages 167<br \/>\nISBN10 2-84287-586-2<br \/>\nISBN13 9782842875862<br \/>\nFormat Livre broch\u00e9<\/p>\n","protected":false},"excerpt":{"rendered":"<p>La prison : quel(s) droit(s) ? Colloque tenu \u00e0 Limoges, 7 octobre 2011 Coordination \u00e9ditoriale par H\u00e9l\u00e8ne Pauliat, Laurent Berthier et Eric N\u00e9gron L\u2019Association d\u2019Aguesseau a choisi de poursuivre son travail de recherche juridique en s\u2019emparant d\u2019une question dont le caract\u00e8re d\u2019actualit\u00e9 le dispute \u00e0 la permanence de l\u2019enjeu : \u00ab La prison : quel(s) [&hellip;]<\/p>\n","protected":false},"author":97,"featured_media":0,"parent":0,"menu_order":0,"comment_status":"closed","ping_status":"closed","template":"","meta":{"footnotes":""},"class_list":["post-94","page","type-page","status-publish","hentry"],"yoast_head":"<!-- This site is optimized with the Yoast SEO plugin v26.3 - https:\/\/yoast.com\/wordpress\/plugins\/seo\/ -->\n<title>La prison, quel(s) droit(s) ? - Entretiens d&#039;Aguesseau<\/title>\n<meta name=\"robots\" content=\"index, follow, max-snippet:-1, max-image-preview:large, max-video-preview:-1\" \/>\n<link rel=\"canonical\" href=\"http:\/\/asso.unilim.fr\/daguesseau\/la-prison-quels-droits\/\" \/>\n<meta property=\"og:locale\" content=\"fr_FR\" \/>\n<meta property=\"og:type\" content=\"article\" \/>\n<meta property=\"og:title\" content=\"La prison, quel(s) droit(s) ? - Entretiens d&#039;Aguesseau\" \/>\n<meta property=\"og:description\" content=\"La prison : quel(s) droit(s) ? Colloque tenu \u00e0 Limoges, 7 octobre 2011 Coordination \u00e9ditoriale par H\u00e9l\u00e8ne Pauliat, Laurent Berthier et Eric N\u00e9gron L\u2019Association d\u2019Aguesseau a choisi de poursuivre son travail de recherche juridique en s\u2019emparant d\u2019une question dont le caract\u00e8re d\u2019actualit\u00e9 le dispute \u00e0 la permanence de l\u2019enjeu : \u00ab La prison : quel(s) [&hellip;]\" \/>\n<meta property=\"og:url\" content=\"http:\/\/asso.unilim.fr\/daguesseau\/la-prison-quels-droits\/\" \/>\n<meta property=\"og:site_name\" content=\"Entretiens d&#039;Aguesseau\" \/>\n<meta property=\"article:modified_time\" content=\"2021-03-30T13:26:53+00:00\" \/>\n<meta property=\"og:image\" content=\"https:\/\/www.daguesseau.fr\/wp-content\/uploads\/sites\/10\/2019\/08\/84287-586-2.jpg\" \/>\n<meta name=\"twitter:card\" content=\"summary_large_image\" \/>\n<meta name=\"twitter:label1\" content=\"Dur\u00e9e de lecture estim\u00e9e\" \/>\n\t<meta name=\"twitter:data1\" content=\"3 minutes\" \/>\n<script type=\"application\/ld+json\" class=\"yoast-schema-graph\">{\"@context\":\"https:\/\/schema.org\",\"@graph\":[{\"@type\":\"WebPage\",\"@id\":\"http:\/\/asso.unilim.fr\/daguesseau\/la-prison-quels-droits\/\",\"url\":\"http:\/\/asso.unilim.fr\/daguesseau\/la-prison-quels-droits\/\",\"name\":\"La prison, quel(s) droit(s) ? - Entretiens d&#039;Aguesseau\",\"isPartOf\":{\"@id\":\"http:\/\/asso.unilim.fr\/daguesseau\/#website\"},\"primaryImageOfPage\":{\"@id\":\"http:\/\/asso.unilim.fr\/daguesseau\/la-prison-quels-droits\/#primaryimage\"},\"image\":{\"@id\":\"http:\/\/asso.unilim.fr\/daguesseau\/la-prison-quels-droits\/#primaryimage\"},\"thumbnailUrl\":\"https:\/\/www.daguesseau.fr\/wp-content\/uploads\/sites\/10\/2019\/08\/84287-586-2.jpg\",\"datePublished\":\"2019-08-23T14:24:25+00:00\",\"dateModified\":\"2021-03-30T13:26:53+00:00\",\"breadcrumb\":{\"@id\":\"http:\/\/asso.unilim.fr\/daguesseau\/la-prison-quels-droits\/#breadcrumb\"},\"inLanguage\":\"fr-FR\",\"potentialAction\":[{\"@type\":\"ReadAction\",\"target\":[\"http:\/\/asso.unilim.fr\/daguesseau\/la-prison-quels-droits\/\"]}]},{\"@type\":\"ImageObject\",\"inLanguage\":\"fr-FR\",\"@id\":\"http:\/\/asso.unilim.fr\/daguesseau\/la-prison-quels-droits\/#primaryimage\",\"url\":\"https:\/\/www.daguesseau.fr\/wp-content\/uploads\/sites\/10\/2019\/08\/84287-586-2.jpg\",\"contentUrl\":\"https:\/\/www.daguesseau.fr\/wp-content\/uploads\/sites\/10\/2019\/08\/84287-586-2.jpg\"},{\"@type\":\"BreadcrumbList\",\"@id\":\"http:\/\/asso.unilim.fr\/daguesseau\/la-prison-quels-droits\/#breadcrumb\",\"itemListElement\":[{\"@type\":\"ListItem\",\"position\":1,\"name\":\"Accueil\",\"item\":\"http:\/\/asso.unilim.fr\/daguesseau\/\"},{\"@type\":\"ListItem\",\"position\":2,\"name\":\"La prison, quel(s) droit(s) ?\"}]},{\"@type\":\"WebSite\",\"@id\":\"http:\/\/asso.unilim.fr\/daguesseau\/#website\",\"url\":\"http:\/\/asso.unilim.fr\/daguesseau\/\",\"name\":\"Entretiens d&#039;Aguesseau\",\"description\":\"universit\u00e9 ouverte source de r\u00e9ussites\",\"potentialAction\":[{\"@type\":\"SearchAction\",\"target\":{\"@type\":\"EntryPoint\",\"urlTemplate\":\"http:\/\/asso.unilim.fr\/daguesseau\/?s={search_term_string}\"},\"query-input\":{\"@type\":\"PropertyValueSpecification\",\"valueRequired\":true,\"valueName\":\"search_term_string\"}}],\"inLanguage\":\"fr-FR\"}]}<\/script>\n<!-- \/ Yoast SEO plugin. -->","yoast_head_json":{"title":"La prison, quel(s) droit(s) ? - Entretiens d&#039;Aguesseau","robots":{"index":"index","follow":"follow","max-snippet":"max-snippet:-1","max-image-preview":"max-image-preview:large","max-video-preview":"max-video-preview:-1"},"canonical":"http:\/\/asso.unilim.fr\/daguesseau\/la-prison-quels-droits\/","og_locale":"fr_FR","og_type":"article","og_title":"La prison, quel(s) droit(s) ? - Entretiens d&#039;Aguesseau","og_description":"La prison : quel(s) droit(s) ? Colloque tenu \u00e0 Limoges, 7 octobre 2011 Coordination \u00e9ditoriale par H\u00e9l\u00e8ne Pauliat, Laurent Berthier et Eric N\u00e9gron L\u2019Association d\u2019Aguesseau a choisi de poursuivre son travail de recherche juridique en s\u2019emparant d\u2019une question dont le caract\u00e8re d\u2019actualit\u00e9 le dispute \u00e0 la permanence de l\u2019enjeu : \u00ab La prison : quel(s) [&hellip;]","og_url":"http:\/\/asso.unilim.fr\/daguesseau\/la-prison-quels-droits\/","og_site_name":"Entretiens d&#039;Aguesseau","article_modified_time":"2021-03-30T13:26:53+00:00","og_image":[{"url":"https:\/\/www.daguesseau.fr\/wp-content\/uploads\/sites\/10\/2019\/08\/84287-586-2.jpg","type":"","width":"","height":""}],"twitter_card":"summary_large_image","twitter_misc":{"Dur\u00e9e de lecture estim\u00e9e":"3 minutes"},"schema":{"@context":"https:\/\/schema.org","@graph":[{"@type":"WebPage","@id":"http:\/\/asso.unilim.fr\/daguesseau\/la-prison-quels-droits\/","url":"http:\/\/asso.unilim.fr\/daguesseau\/la-prison-quels-droits\/","name":"La prison, quel(s) droit(s) ? - Entretiens d&#039;Aguesseau","isPartOf":{"@id":"http:\/\/asso.unilim.fr\/daguesseau\/#website"},"primaryImageOfPage":{"@id":"http:\/\/asso.unilim.fr\/daguesseau\/la-prison-quels-droits\/#primaryimage"},"image":{"@id":"http:\/\/asso.unilim.fr\/daguesseau\/la-prison-quels-droits\/#primaryimage"},"thumbnailUrl":"https:\/\/www.daguesseau.fr\/wp-content\/uploads\/sites\/10\/2019\/08\/84287-586-2.jpg","datePublished":"2019-08-23T14:24:25+00:00","dateModified":"2021-03-30T13:26:53+00:00","breadcrumb":{"@id":"http:\/\/asso.unilim.fr\/daguesseau\/la-prison-quels-droits\/#breadcrumb"},"inLanguage":"fr-FR","potentialAction":[{"@type":"ReadAction","target":["http:\/\/asso.unilim.fr\/daguesseau\/la-prison-quels-droits\/"]}]},{"@type":"ImageObject","inLanguage":"fr-FR","@id":"http:\/\/asso.unilim.fr\/daguesseau\/la-prison-quels-droits\/#primaryimage","url":"https:\/\/www.daguesseau.fr\/wp-content\/uploads\/sites\/10\/2019\/08\/84287-586-2.jpg","contentUrl":"https:\/\/www.daguesseau.fr\/wp-content\/uploads\/sites\/10\/2019\/08\/84287-586-2.jpg"},{"@type":"BreadcrumbList","@id":"http:\/\/asso.unilim.fr\/daguesseau\/la-prison-quels-droits\/#breadcrumb","itemListElement":[{"@type":"ListItem","position":1,"name":"Accueil","item":"http:\/\/asso.unilim.fr\/daguesseau\/"},{"@type":"ListItem","position":2,"name":"La prison, quel(s) droit(s) ?"}]},{"@type":"WebSite","@id":"http:\/\/asso.unilim.fr\/daguesseau\/#website","url":"http:\/\/asso.unilim.fr\/daguesseau\/","name":"Entretiens d&#039;Aguesseau","description":"universit\u00e9 ouverte source de r\u00e9ussites","potentialAction":[{"@type":"SearchAction","target":{"@type":"EntryPoint","urlTemplate":"http:\/\/asso.unilim.fr\/daguesseau\/?s={search_term_string}"},"query-input":{"@type":"PropertyValueSpecification","valueRequired":true,"valueName":"search_term_string"}}],"inLanguage":"fr-FR"}]}},"_links":{"self":[{"href":"https:\/\/asso.unilim.fr\/daguesseau\/wp-json\/wp\/v2\/pages\/94","targetHints":{"allow":["GET"]}}],"collection":[{"href":"https:\/\/asso.unilim.fr\/daguesseau\/wp-json\/wp\/v2\/pages"}],"about":[{"href":"https:\/\/asso.unilim.fr\/daguesseau\/wp-json\/wp\/v2\/types\/page"}],"author":[{"embeddable":true,"href":"https:\/\/asso.unilim.fr\/daguesseau\/wp-json\/wp\/v2\/users\/97"}],"replies":[{"embeddable":true,"href":"https:\/\/asso.unilim.fr\/daguesseau\/wp-json\/wp\/v2\/comments?post=94"}],"version-history":[{"count":0,"href":"https:\/\/asso.unilim.fr\/daguesseau\/wp-json\/wp\/v2\/pages\/94\/revisions"}],"wp:attachment":[{"href":"https:\/\/asso.unilim.fr\/daguesseau\/wp-json\/wp\/v2\/media?parent=94"}],"curies":[{"name":"wp","href":"https:\/\/api.w.org\/{rel}","templated":true}]}}