{"id":88,"date":"2019-08-23T16:11:45","date_gmt":"2019-08-23T14:11:45","guid":{"rendered":"http:\/\/asso.unilim.fr\/daguesseau\/?page_id=88"},"modified":"2021-03-30T15:26:14","modified_gmt":"2021-03-30T13:26:14","slug":"la-parole-lecrit-et-limage-en-justice-quelle-procedure-au-xxieme-siecle","status":"publish","type":"page","link":"https:\/\/asso.unilim.fr\/daguesseau\/la-parole-lecrit-et-limage-en-justice-quelle-procedure-au-xxieme-siecle\/","title":{"rendered":"La parole, l&rsquo;\u00e9crit et l&rsquo;image en justice : quelle proc\u00e9dure au XXI\u00e8me si\u00e8cle ?"},"content":{"rendered":"<p><b>La parole, l&rsquo;\u00e9crit et l&rsquo;image en justice : quelle proc\u00e9dure au XXIe si\u00e8cle ?<\/b><img loading=\"lazy\" decoding=\"async\" class=\"size-full wp-image-89 alignleft\" src=\"https:\/\/www.daguesseau.fr\/wp-content\/uploads\/sites\/10\/2019\/08\/20.gif\" alt=\"\" width=\"120\" height=\"188\" \/><\/p>\n<p>Coordination \u00e9ditoriale de Simone Gaboriau, H\u00e9l\u00e8ne Pauliat<\/p>\n<p>\u00ab Le contraire de la parole n\u2019est pas l\u2019\u00e9crit, mais le silence \u00bb (Lo\u00efc Cadiet). La pire des choses, c\u2019est le silence du justiciable lorsqu\u2019il est musel\u00e9 par une impossibilit\u00e9 d\u2019acc\u00e9der \u00e0 la justice, impossibilit\u00e9 qui peut \u00eatre tout autant d\u2019origine \u00e9conomique que culturelle. De plus, \u00ab l\u2019\u00e9volution des m\u0153urs, les diverses transformations sociales qui traversent nos soci\u00e9t\u00e9s, l\u2019apparition des nouvelles technologies, l\u2019irruption de l\u2019image comme actrice du proc\u00e8s, ont provoqu\u00e9 une v\u00e9ritable m\u00e9tamorphose de l\u2019expression en justice \u00bb, mais quelle en est la finalit\u00e9 ? Si l&rsquo;oral a toujours \u00e9t\u00e9 consid\u00e9r\u00e9, en mati\u00e8re judiciaire, comme un \u00e9l\u00e9ment de proximit\u00e9, l&rsquo;\u00e9volution du droit processuel met l&rsquo;accent sur une mixit\u00e9 des supports : la proc\u00e9dure administrative, r\u00e9put\u00e9e exclusivement \u00e9crite, int\u00e8gre de plus en plus l&rsquo;oralit\u00e9 ; de son c\u00f4t\u00e9, les proc\u00e9dures civile et p\u00e9nale se r\u00e9f\u00e8rent largement \u00e0 l&rsquo;\u00e9crit&#8230; Mais les cultures varient d&rsquo;un pays \u00e0 l&rsquo;autre.<br \/>\nCes nouveaux supports modifient la proc\u00e9dure, mais ne modifient-ils pas aussi, \u00e0 terme, le m\u00e9tier de juge et la justice dans son ensemble ? C&rsquo;est sur ces diff\u00e9rentes questions que le colloque de mars 2008 a souhait\u00e9 r\u00e9fl\u00e9chir, en confrontant les points de vue des magistrats, des avocats et des universitaires, fran\u00e7ais ou \u00e9trangers.<\/p>\n<p>Au sommaire : Simone GABORIAU, Avant-propos ; Lo\u00efc CADIET, Renouveler la question de la parole du justiciable ; Sylvain SOLEIL, Oralit\u00e9 et \u00e9critures en proc\u00e8s. Regards crois\u00e9s entre histoire du droit et philosophie du langage ; B\u00e9atrice JALUZOT, Proc\u00e9dure \u00e9crite et proc\u00e9dure orale : quelques enseignements du droit compar\u00e9 ; Alphonse NGOMA, Droit oral, droit non \u00e9crit, droit informel ; Thomas CLAY, La parole, l\u2019\u00e9crit et l\u2019image dans les modes alternatifs de r\u00e8glement des conflits ; Charles DUDOGNON, La r\u00e9solution des litiges disciplinaires par la voie de l\u2019arbitrage ; l\u2019exemple du tribunal arbitral du sport ; Paul MARTENS, Proc\u00e9dure orale et proc\u00e9dure \u00e9crite \u00e0 l\u2019\u00e9preuve de l\u2019efficacit\u00e9 et de la loyaut\u00e9 du proc\u00e8s ; Anne CARON-DEGLISE, Proc\u00e9dure orale et proc\u00e9dure \u00e9crite et garantie de l\u2019expression des parties ; Jean-Louis NADAL, La libert\u00e9 de parole du minist\u00e8re public ; Jean DANET, Les m\u00e9tamorphoses de la parole et les droits de la d\u00e9fense ; Jean-Marc SAUVE, La place de l\u2019oralit\u00e9 : support d\u00e9laiss\u00e9 ou renouvel\u00e9 dans la juridiction administrative ? ; Soraya AMRANI-MEKKI, L\u2019impact des nouvelles technologies sur l\u2019\u00e9crit et l oral en proc\u00e9dure civile ; Lo\u00efc CADIET, Observations conclusives.<\/p>\n<p>\u00c9dition Premi\u00e8re \u00e9dition<br \/>\n\u00c9diteur Presses universitaires de Limoges<br \/>\nSupport Livre broch\u00e9<br \/>\nNb de pages 212 p. Bibliographie .<br \/>\nISBN-10 2-84287-530-3<br \/>\nISBN-13 978-2-84287-530-5<br \/>\nGTIN13 (EAN13) 9782842875305<\/p>\n<p>&nbsp;<\/p>\n","protected":false},"excerpt":{"rendered":"<p>La parole, l&rsquo;\u00e9crit et l&rsquo;image en justice : quelle proc\u00e9dure au XXIe si\u00e8cle ? Coordination \u00e9ditoriale de Simone Gaboriau, H\u00e9l\u00e8ne Pauliat \u00ab Le contraire de la parole n\u2019est pas l\u2019\u00e9crit, mais le silence \u00bb (Lo\u00efc Cadiet). La pire des choses, c\u2019est le silence du justiciable lorsqu\u2019il est musel\u00e9 par une impossibilit\u00e9 d\u2019acc\u00e9der \u00e0 la justice, [&hellip;]<\/p>\n","protected":false},"author":97,"featured_media":0,"parent":0,"menu_order":0,"comment_status":"closed","ping_status":"closed","template":"","meta":{"footnotes":""},"class_list":["post-88","page","type-page","status-publish","hentry"],"yoast_head":"<!-- This site is optimized with the Yoast SEO plugin v26.3 - https:\/\/yoast.com\/wordpress\/plugins\/seo\/ -->\n<title>La parole, l&#039;\u00e9crit et l&#039;image en justice : quelle proc\u00e9dure au XXI\u00e8me si\u00e8cle ? - Entretiens d&#039;Aguesseau<\/title>\n<meta name=\"robots\" content=\"index, follow, max-snippet:-1, max-image-preview:large, max-video-preview:-1\" \/>\n<link rel=\"canonical\" href=\"http:\/\/asso.unilim.fr\/daguesseau\/la-parole-lecrit-et-limage-en-justice-quelle-procedure-au-xxieme-siecle\/\" \/>\n<meta property=\"og:locale\" content=\"fr_FR\" \/>\n<meta property=\"og:type\" content=\"article\" \/>\n<meta property=\"og:title\" content=\"La parole, l&#039;\u00e9crit et l&#039;image en justice : quelle proc\u00e9dure au XXI\u00e8me si\u00e8cle ? - Entretiens d&#039;Aguesseau\" \/>\n<meta property=\"og:description\" content=\"La parole, l&rsquo;\u00e9crit et l&rsquo;image en justice : quelle proc\u00e9dure au XXIe si\u00e8cle ? Coordination \u00e9ditoriale de Simone Gaboriau, H\u00e9l\u00e8ne Pauliat \u00ab Le contraire de la parole n\u2019est pas l\u2019\u00e9crit, mais le silence \u00bb (Lo\u00efc Cadiet). La pire des choses, c\u2019est le silence du justiciable lorsqu\u2019il est musel\u00e9 par une impossibilit\u00e9 d\u2019acc\u00e9der \u00e0 la justice, [&hellip;]\" \/>\n<meta property=\"og:url\" content=\"http:\/\/asso.unilim.fr\/daguesseau\/la-parole-lecrit-et-limage-en-justice-quelle-procedure-au-xxieme-siecle\/\" \/>\n<meta property=\"og:site_name\" content=\"Entretiens d&#039;Aguesseau\" \/>\n<meta property=\"article:modified_time\" content=\"2021-03-30T13:26:14+00:00\" \/>\n<meta property=\"og:image\" content=\"https:\/\/www.daguesseau.fr\/wp-content\/uploads\/sites\/10\/2019\/08\/20.gif\" \/>\n<meta name=\"twitter:card\" content=\"summary_large_image\" \/>\n<meta name=\"twitter:label1\" content=\"Dur\u00e9e de lecture estim\u00e9e\" \/>\n\t<meta name=\"twitter:data1\" content=\"2 minutes\" \/>\n<script type=\"application\/ld+json\" class=\"yoast-schema-graph\">{\"@context\":\"https:\/\/schema.org\",\"@graph\":[{\"@type\":\"WebPage\",\"@id\":\"http:\/\/asso.unilim.fr\/daguesseau\/la-parole-lecrit-et-limage-en-justice-quelle-procedure-au-xxieme-siecle\/\",\"url\":\"http:\/\/asso.unilim.fr\/daguesseau\/la-parole-lecrit-et-limage-en-justice-quelle-procedure-au-xxieme-siecle\/\",\"name\":\"La parole, l'\u00e9crit et l'image en justice : quelle proc\u00e9dure au XXI\u00e8me si\u00e8cle ? - Entretiens d&#039;Aguesseau\",\"isPartOf\":{\"@id\":\"http:\/\/asso.unilim.fr\/daguesseau\/#website\"},\"primaryImageOfPage\":{\"@id\":\"http:\/\/asso.unilim.fr\/daguesseau\/la-parole-lecrit-et-limage-en-justice-quelle-procedure-au-xxieme-siecle\/#primaryimage\"},\"image\":{\"@id\":\"http:\/\/asso.unilim.fr\/daguesseau\/la-parole-lecrit-et-limage-en-justice-quelle-procedure-au-xxieme-siecle\/#primaryimage\"},\"thumbnailUrl\":\"https:\/\/www.daguesseau.fr\/wp-content\/uploads\/sites\/10\/2019\/08\/20.gif\",\"datePublished\":\"2019-08-23T14:11:45+00:00\",\"dateModified\":\"2021-03-30T13:26:14+00:00\",\"breadcrumb\":{\"@id\":\"http:\/\/asso.unilim.fr\/daguesseau\/la-parole-lecrit-et-limage-en-justice-quelle-procedure-au-xxieme-siecle\/#breadcrumb\"},\"inLanguage\":\"fr-FR\",\"potentialAction\":[{\"@type\":\"ReadAction\",\"target\":[\"http:\/\/asso.unilim.fr\/daguesseau\/la-parole-lecrit-et-limage-en-justice-quelle-procedure-au-xxieme-siecle\/\"]}]},{\"@type\":\"ImageObject\",\"inLanguage\":\"fr-FR\",\"@id\":\"http:\/\/asso.unilim.fr\/daguesseau\/la-parole-lecrit-et-limage-en-justice-quelle-procedure-au-xxieme-siecle\/#primaryimage\",\"url\":\"https:\/\/www.daguesseau.fr\/wp-content\/uploads\/sites\/10\/2019\/08\/20.gif\",\"contentUrl\":\"https:\/\/www.daguesseau.fr\/wp-content\/uploads\/sites\/10\/2019\/08\/20.gif\"},{\"@type\":\"BreadcrumbList\",\"@id\":\"http:\/\/asso.unilim.fr\/daguesseau\/la-parole-lecrit-et-limage-en-justice-quelle-procedure-au-xxieme-siecle\/#breadcrumb\",\"itemListElement\":[{\"@type\":\"ListItem\",\"position\":1,\"name\":\"Accueil\",\"item\":\"http:\/\/asso.unilim.fr\/daguesseau\/\"},{\"@type\":\"ListItem\",\"position\":2,\"name\":\"La parole, l&rsquo;\u00e9crit et l&rsquo;image en justice : quelle proc\u00e9dure au XXI\u00e8me si\u00e8cle ?\"}]},{\"@type\":\"WebSite\",\"@id\":\"http:\/\/asso.unilim.fr\/daguesseau\/#website\",\"url\":\"http:\/\/asso.unilim.fr\/daguesseau\/\",\"name\":\"Entretiens d&#039;Aguesseau\",\"description\":\"universit\u00e9 ouverte source de r\u00e9ussites\",\"potentialAction\":[{\"@type\":\"SearchAction\",\"target\":{\"@type\":\"EntryPoint\",\"urlTemplate\":\"http:\/\/asso.unilim.fr\/daguesseau\/?s={search_term_string}\"},\"query-input\":{\"@type\":\"PropertyValueSpecification\",\"valueRequired\":true,\"valueName\":\"search_term_string\"}}],\"inLanguage\":\"fr-FR\"}]}<\/script>\n<!-- \/ Yoast SEO plugin. -->","yoast_head_json":{"title":"La parole, l'\u00e9crit et l'image en justice : quelle proc\u00e9dure au XXI\u00e8me si\u00e8cle ? - Entretiens d&#039;Aguesseau","robots":{"index":"index","follow":"follow","max-snippet":"max-snippet:-1","max-image-preview":"max-image-preview:large","max-video-preview":"max-video-preview:-1"},"canonical":"http:\/\/asso.unilim.fr\/daguesseau\/la-parole-lecrit-et-limage-en-justice-quelle-procedure-au-xxieme-siecle\/","og_locale":"fr_FR","og_type":"article","og_title":"La parole, l'\u00e9crit et l'image en justice : quelle proc\u00e9dure au XXI\u00e8me si\u00e8cle ? - Entretiens d&#039;Aguesseau","og_description":"La parole, l&rsquo;\u00e9crit et l&rsquo;image en justice : quelle proc\u00e9dure au XXIe si\u00e8cle ? Coordination \u00e9ditoriale de Simone Gaboriau, H\u00e9l\u00e8ne Pauliat \u00ab Le contraire de la parole n\u2019est pas l\u2019\u00e9crit, mais le silence \u00bb (Lo\u00efc Cadiet). La pire des choses, c\u2019est le silence du justiciable lorsqu\u2019il est musel\u00e9 par une impossibilit\u00e9 d\u2019acc\u00e9der \u00e0 la justice, [&hellip;]","og_url":"http:\/\/asso.unilim.fr\/daguesseau\/la-parole-lecrit-et-limage-en-justice-quelle-procedure-au-xxieme-siecle\/","og_site_name":"Entretiens d&#039;Aguesseau","article_modified_time":"2021-03-30T13:26:14+00:00","og_image":[{"url":"https:\/\/www.daguesseau.fr\/wp-content\/uploads\/sites\/10\/2019\/08\/20.gif","type":"","width":"","height":""}],"twitter_card":"summary_large_image","twitter_misc":{"Dur\u00e9e de lecture estim\u00e9e":"2 minutes"},"schema":{"@context":"https:\/\/schema.org","@graph":[{"@type":"WebPage","@id":"http:\/\/asso.unilim.fr\/daguesseau\/la-parole-lecrit-et-limage-en-justice-quelle-procedure-au-xxieme-siecle\/","url":"http:\/\/asso.unilim.fr\/daguesseau\/la-parole-lecrit-et-limage-en-justice-quelle-procedure-au-xxieme-siecle\/","name":"La parole, l'\u00e9crit et l'image en justice : quelle proc\u00e9dure au XXI\u00e8me si\u00e8cle ? - Entretiens d&#039;Aguesseau","isPartOf":{"@id":"http:\/\/asso.unilim.fr\/daguesseau\/#website"},"primaryImageOfPage":{"@id":"http:\/\/asso.unilim.fr\/daguesseau\/la-parole-lecrit-et-limage-en-justice-quelle-procedure-au-xxieme-siecle\/#primaryimage"},"image":{"@id":"http:\/\/asso.unilim.fr\/daguesseau\/la-parole-lecrit-et-limage-en-justice-quelle-procedure-au-xxieme-siecle\/#primaryimage"},"thumbnailUrl":"https:\/\/www.daguesseau.fr\/wp-content\/uploads\/sites\/10\/2019\/08\/20.gif","datePublished":"2019-08-23T14:11:45+00:00","dateModified":"2021-03-30T13:26:14+00:00","breadcrumb":{"@id":"http:\/\/asso.unilim.fr\/daguesseau\/la-parole-lecrit-et-limage-en-justice-quelle-procedure-au-xxieme-siecle\/#breadcrumb"},"inLanguage":"fr-FR","potentialAction":[{"@type":"ReadAction","target":["http:\/\/asso.unilim.fr\/daguesseau\/la-parole-lecrit-et-limage-en-justice-quelle-procedure-au-xxieme-siecle\/"]}]},{"@type":"ImageObject","inLanguage":"fr-FR","@id":"http:\/\/asso.unilim.fr\/daguesseau\/la-parole-lecrit-et-limage-en-justice-quelle-procedure-au-xxieme-siecle\/#primaryimage","url":"https:\/\/www.daguesseau.fr\/wp-content\/uploads\/sites\/10\/2019\/08\/20.gif","contentUrl":"https:\/\/www.daguesseau.fr\/wp-content\/uploads\/sites\/10\/2019\/08\/20.gif"},{"@type":"BreadcrumbList","@id":"http:\/\/asso.unilim.fr\/daguesseau\/la-parole-lecrit-et-limage-en-justice-quelle-procedure-au-xxieme-siecle\/#breadcrumb","itemListElement":[{"@type":"ListItem","position":1,"name":"Accueil","item":"http:\/\/asso.unilim.fr\/daguesseau\/"},{"@type":"ListItem","position":2,"name":"La parole, l&rsquo;\u00e9crit et l&rsquo;image en justice : quelle proc\u00e9dure au XXI\u00e8me si\u00e8cle ?"}]},{"@type":"WebSite","@id":"http:\/\/asso.unilim.fr\/daguesseau\/#website","url":"http:\/\/asso.unilim.fr\/daguesseau\/","name":"Entretiens d&#039;Aguesseau","description":"universit\u00e9 ouverte source de r\u00e9ussites","potentialAction":[{"@type":"SearchAction","target":{"@type":"EntryPoint","urlTemplate":"http:\/\/asso.unilim.fr\/daguesseau\/?s={search_term_string}"},"query-input":{"@type":"PropertyValueSpecification","valueRequired":true,"valueName":"search_term_string"}}],"inLanguage":"fr-FR"}]}},"_links":{"self":[{"href":"https:\/\/asso.unilim.fr\/daguesseau\/wp-json\/wp\/v2\/pages\/88","targetHints":{"allow":["GET"]}}],"collection":[{"href":"https:\/\/asso.unilim.fr\/daguesseau\/wp-json\/wp\/v2\/pages"}],"about":[{"href":"https:\/\/asso.unilim.fr\/daguesseau\/wp-json\/wp\/v2\/types\/page"}],"author":[{"embeddable":true,"href":"https:\/\/asso.unilim.fr\/daguesseau\/wp-json\/wp\/v2\/users\/97"}],"replies":[{"embeddable":true,"href":"https:\/\/asso.unilim.fr\/daguesseau\/wp-json\/wp\/v2\/comments?post=88"}],"version-history":[{"count":0,"href":"https:\/\/asso.unilim.fr\/daguesseau\/wp-json\/wp\/v2\/pages\/88\/revisions"}],"wp:attachment":[{"href":"https:\/\/asso.unilim.fr\/daguesseau\/wp-json\/wp\/v2\/media?parent=88"}],"curies":[{"name":"wp","href":"https:\/\/api.w.org\/{rel}","templated":true}]}}