{"id":81,"date":"2019-08-23T16:05:01","date_gmt":"2019-08-23T14:05:01","guid":{"rendered":"http:\/\/asso.unilim.fr\/daguesseau\/?page_id=81"},"modified":"2021-03-30T15:22:44","modified_gmt":"2021-03-30T13:22:44","slug":"justice-ethique-et-dignite","status":"publish","type":"page","link":"https:\/\/asso.unilim.fr\/daguesseau\/justice-ethique-et-dignite\/","title":{"rendered":"Justice, \u00e9thique et dignit\u00e9"},"content":{"rendered":"<p><b><img loading=\"lazy\" decoding=\"async\" class=\"size-full wp-image-82 alignleft\" src=\"https:\/\/www.daguesseau.fr\/wp-content\/uploads\/sites\/10\/2019\/08\/40.gif\" alt=\"\" width=\"124\" height=\"188\" \/>Justice, \u00e9thique et dignit\u00e9<\/b><br \/>\nColloque organis\u00e9 \u00e0 Limoges, 19 et 20 nov. 2004. Pr\u00e9face de Jean-Denis Bredin<\/p>\n<p>Coordination \u00e9ditoriale par Simone Gaboriau et H\u00e9l\u00e8ne Pauliat<\/p>\n<p>L\u2019ouvrage interroge le sens \u00e0 donner au concept de dignit\u00e9, tant en droit international et europ\u00e9en et en droit constitutionnel que dans les pratiques judiciaires. La revendication de la dignit\u00e9 est sans doute un \u00e9v\u00e9nement majeur : elle appara\u00eet dans diverses situations, le domaine de la sant\u00e9, la protection de la vie priv\u00e9e face aux images diffus\u00e9es, le monde du travail\u2026 Cette revendication ne doit exclure personne : la dignit\u00e9 de tout \u00eatre humain renvoie \u00e0 \u00ab\u00a0l&rsquo;\u00e9gale dignit\u00e9\u00a0\u00bb de tous, elle-m\u00eame devant \u00eatre le vecteur de nouveaux droits. L\u2019ouvrage livre des t\u00e9moignages et des interventions d&rsquo;avocats, de magistrats, d&rsquo;universitaires et de repr\u00e9sentants d&rsquo;associations, fran\u00e7ais et \u00e9trangers.<\/p>\n<p>\u00ab Jamais des mots tels que dignit\u00e9 humaine, personne humaine, etc. n\u2019ont \u00e9t\u00e9 plus continuellement prononc\u00e9s. Mais ce serait c\u00e9der \u00e0 une \u00e9trange illusion que de tirer de l\u00e0 une conclusion positive quant \u00e0 la situation r\u00e9elle \u00e0 laquelle ce langage se r\u00e9f\u00e8re \u00bb (G. Marcel).<br \/>\nJean-Denis BREDIN, Pr\u00e9face ; Simone GABORIAU, propos liminaires ; Michel PAULIAT, De la dignitas \u00e0 la dignit\u00e9 ; Bertransd LOUVEL, Dignit\u00e9 et dignit\u00e9s ; Xavier BIOY, La dignit\u00e9 : questions de principes ; N\u00e9ji BACCOUCHE, Dignit\u00e9, Islam et Justice ; Ibrahim OZDEN KABOGLU, Qu\u2019est-ce que la dignit\u00e9 ? \u2018approche de droit et de culture compar\u00e9s : le point de vue religieux : christianisme, islam\u2026) ; Claude JORDA, Un espoir pour le respect de la dignit\u00e9 humaine : l\u2019essor de la justice p\u00e9nale internationale ; Jo\u00ebl ANDRIANTSIMBAZOVINA, La dignit\u00e9 et le droit international et europ\u00e9en (quelques consid\u00e9rations sur le traitement de la pertsonne humaine par le droit positif) ; Paul MARTENS, La dignit\u00e9 humaine : bonne \u00e0 tout faire des cours constitutionnelles ; Virginie SAINT-JAMES, La dignit\u00e9 en droit public fran\u00e7ais ; Delphine THARAUD, V\u00e9ronique VAN DER PLANCKE, imposer des \u00ab discriminations positives \u00bb dans l\u2019emploi : vers un conflit de dignit\u00e9s ? ; Dominique COMMARET, Dignit\u00e9 et droit criminel ; Simone GABORIAU, Le respect de la dignit\u00e9 humaine dans les pratiques judiciaires ; Christian CHARTIER, L\u2019outrage \u00e0 la cour devant le TPIY ; Droit \u00e0 l\u2019image et dignit\u00e9, Table ronde anim\u00e9e par Jean-Marie COULON avec Christophe BIGOT, Jean-Yves MONFORT, Ghislaine JEANNOT-PAGES ; Paul BOUCHET, Pr\u00e9carit\u00e9 et dignit\u00e9 ; droit de la sant\u00e9 et dignit\u00e9, Table ronde anim\u00e9e par Claude PIVA, avec St\u00e9phanie HENNETTE-VAUCHEZ, V\u00e9ronqiue RACHET-DARFEUILLE, Chantal DESCHAMPS ; Tiennot GRUMBACH, La dignit\u00e9 dans les rapports de travail ; Philippe ARDANT, Synth\u00e8se.<\/p>\n<p>\u00c9diteur Presses universitaires de Limoges<br \/>\nSupport Livre broch\u00e9<br \/>\nNb de pages 386 p.<br \/>\nISBN-10 2-84287-398-X<br \/>\nISBN-13 978-2-84287-398-1<br \/>\nGTIN13 (EAN13) 9782842873981<\/p>\n","protected":false},"excerpt":{"rendered":"<p>Justice, \u00e9thique et dignit\u00e9 Colloque organis\u00e9 \u00e0 Limoges, 19 et 20 nov. 2004. Pr\u00e9face de Jean-Denis Bredin Coordination \u00e9ditoriale par Simone Gaboriau et H\u00e9l\u00e8ne Pauliat L\u2019ouvrage interroge le sens \u00e0 donner au concept de dignit\u00e9, tant en droit international et europ\u00e9en et en droit constitutionnel que dans les pratiques judiciaires. La revendication de la dignit\u00e9 [&hellip;]<\/p>\n","protected":false},"author":97,"featured_media":0,"parent":0,"menu_order":0,"comment_status":"closed","ping_status":"closed","template":"","meta":{"footnotes":""},"class_list":["post-81","page","type-page","status-publish","hentry"],"yoast_head":"<!-- This site is optimized with the Yoast SEO plugin v26.3 - https:\/\/yoast.com\/wordpress\/plugins\/seo\/ -->\n<title>Justice, \u00e9thique et dignit\u00e9 - Entretiens d&#039;Aguesseau<\/title>\n<meta name=\"robots\" content=\"index, follow, max-snippet:-1, max-image-preview:large, max-video-preview:-1\" \/>\n<link rel=\"canonical\" href=\"http:\/\/asso.unilim.fr\/daguesseau\/justice-ethique-et-dignite\/\" \/>\n<meta property=\"og:locale\" content=\"fr_FR\" \/>\n<meta property=\"og:type\" content=\"article\" \/>\n<meta property=\"og:title\" content=\"Justice, \u00e9thique et dignit\u00e9 - Entretiens d&#039;Aguesseau\" \/>\n<meta property=\"og:description\" content=\"Justice, \u00e9thique et dignit\u00e9 Colloque organis\u00e9 \u00e0 Limoges, 19 et 20 nov. 2004. Pr\u00e9face de Jean-Denis Bredin Coordination \u00e9ditoriale par Simone Gaboriau et H\u00e9l\u00e8ne Pauliat L\u2019ouvrage interroge le sens \u00e0 donner au concept de dignit\u00e9, tant en droit international et europ\u00e9en et en droit constitutionnel que dans les pratiques judiciaires. La revendication de la dignit\u00e9 [&hellip;]\" \/>\n<meta property=\"og:url\" content=\"http:\/\/asso.unilim.fr\/daguesseau\/justice-ethique-et-dignite\/\" \/>\n<meta property=\"og:site_name\" content=\"Entretiens d&#039;Aguesseau\" \/>\n<meta property=\"article:modified_time\" content=\"2021-03-30T13:22:44+00:00\" \/>\n<meta property=\"og:image\" content=\"https:\/\/www.daguesseau.fr\/wp-content\/uploads\/sites\/10\/2019\/08\/40.gif\" \/>\n<meta name=\"twitter:card\" content=\"summary_large_image\" \/>\n<meta name=\"twitter:label1\" content=\"Dur\u00e9e de lecture estim\u00e9e\" \/>\n\t<meta name=\"twitter:data1\" content=\"2 minutes\" \/>\n<script type=\"application\/ld+json\" class=\"yoast-schema-graph\">{\"@context\":\"https:\/\/schema.org\",\"@graph\":[{\"@type\":\"WebPage\",\"@id\":\"http:\/\/asso.unilim.fr\/daguesseau\/justice-ethique-et-dignite\/\",\"url\":\"http:\/\/asso.unilim.fr\/daguesseau\/justice-ethique-et-dignite\/\",\"name\":\"Justice, \u00e9thique et dignit\u00e9 - Entretiens d&#039;Aguesseau\",\"isPartOf\":{\"@id\":\"http:\/\/asso.unilim.fr\/daguesseau\/#website\"},\"primaryImageOfPage\":{\"@id\":\"http:\/\/asso.unilim.fr\/daguesseau\/justice-ethique-et-dignite\/#primaryimage\"},\"image\":{\"@id\":\"http:\/\/asso.unilim.fr\/daguesseau\/justice-ethique-et-dignite\/#primaryimage\"},\"thumbnailUrl\":\"https:\/\/www.daguesseau.fr\/wp-content\/uploads\/sites\/10\/2019\/08\/40.gif\",\"datePublished\":\"2019-08-23T14:05:01+00:00\",\"dateModified\":\"2021-03-30T13:22:44+00:00\",\"breadcrumb\":{\"@id\":\"http:\/\/asso.unilim.fr\/daguesseau\/justice-ethique-et-dignite\/#breadcrumb\"},\"inLanguage\":\"fr-FR\",\"potentialAction\":[{\"@type\":\"ReadAction\",\"target\":[\"http:\/\/asso.unilim.fr\/daguesseau\/justice-ethique-et-dignite\/\"]}]},{\"@type\":\"ImageObject\",\"inLanguage\":\"fr-FR\",\"@id\":\"http:\/\/asso.unilim.fr\/daguesseau\/justice-ethique-et-dignite\/#primaryimage\",\"url\":\"https:\/\/www.daguesseau.fr\/wp-content\/uploads\/sites\/10\/2019\/08\/40.gif\",\"contentUrl\":\"https:\/\/www.daguesseau.fr\/wp-content\/uploads\/sites\/10\/2019\/08\/40.gif\"},{\"@type\":\"BreadcrumbList\",\"@id\":\"http:\/\/asso.unilim.fr\/daguesseau\/justice-ethique-et-dignite\/#breadcrumb\",\"itemListElement\":[{\"@type\":\"ListItem\",\"position\":1,\"name\":\"Accueil\",\"item\":\"http:\/\/asso.unilim.fr\/daguesseau\/\"},{\"@type\":\"ListItem\",\"position\":2,\"name\":\"Justice, \u00e9thique et dignit\u00e9\"}]},{\"@type\":\"WebSite\",\"@id\":\"http:\/\/asso.unilim.fr\/daguesseau\/#website\",\"url\":\"http:\/\/asso.unilim.fr\/daguesseau\/\",\"name\":\"Entretiens d&#039;Aguesseau\",\"description\":\"universit\u00e9 ouverte source de r\u00e9ussites\",\"potentialAction\":[{\"@type\":\"SearchAction\",\"target\":{\"@type\":\"EntryPoint\",\"urlTemplate\":\"http:\/\/asso.unilim.fr\/daguesseau\/?s={search_term_string}\"},\"query-input\":{\"@type\":\"PropertyValueSpecification\",\"valueRequired\":true,\"valueName\":\"search_term_string\"}}],\"inLanguage\":\"fr-FR\"}]}<\/script>\n<!-- \/ Yoast SEO plugin. -->","yoast_head_json":{"title":"Justice, \u00e9thique et dignit\u00e9 - Entretiens d&#039;Aguesseau","robots":{"index":"index","follow":"follow","max-snippet":"max-snippet:-1","max-image-preview":"max-image-preview:large","max-video-preview":"max-video-preview:-1"},"canonical":"http:\/\/asso.unilim.fr\/daguesseau\/justice-ethique-et-dignite\/","og_locale":"fr_FR","og_type":"article","og_title":"Justice, \u00e9thique et dignit\u00e9 - Entretiens d&#039;Aguesseau","og_description":"Justice, \u00e9thique et dignit\u00e9 Colloque organis\u00e9 \u00e0 Limoges, 19 et 20 nov. 2004. Pr\u00e9face de Jean-Denis Bredin Coordination \u00e9ditoriale par Simone Gaboriau et H\u00e9l\u00e8ne Pauliat L\u2019ouvrage interroge le sens \u00e0 donner au concept de dignit\u00e9, tant en droit international et europ\u00e9en et en droit constitutionnel que dans les pratiques judiciaires. La revendication de la dignit\u00e9 [&hellip;]","og_url":"http:\/\/asso.unilim.fr\/daguesseau\/justice-ethique-et-dignite\/","og_site_name":"Entretiens d&#039;Aguesseau","article_modified_time":"2021-03-30T13:22:44+00:00","og_image":[{"url":"https:\/\/www.daguesseau.fr\/wp-content\/uploads\/sites\/10\/2019\/08\/40.gif","type":"","width":"","height":""}],"twitter_card":"summary_large_image","twitter_misc":{"Dur\u00e9e de lecture estim\u00e9e":"2 minutes"},"schema":{"@context":"https:\/\/schema.org","@graph":[{"@type":"WebPage","@id":"http:\/\/asso.unilim.fr\/daguesseau\/justice-ethique-et-dignite\/","url":"http:\/\/asso.unilim.fr\/daguesseau\/justice-ethique-et-dignite\/","name":"Justice, \u00e9thique et dignit\u00e9 - Entretiens d&#039;Aguesseau","isPartOf":{"@id":"http:\/\/asso.unilim.fr\/daguesseau\/#website"},"primaryImageOfPage":{"@id":"http:\/\/asso.unilim.fr\/daguesseau\/justice-ethique-et-dignite\/#primaryimage"},"image":{"@id":"http:\/\/asso.unilim.fr\/daguesseau\/justice-ethique-et-dignite\/#primaryimage"},"thumbnailUrl":"https:\/\/www.daguesseau.fr\/wp-content\/uploads\/sites\/10\/2019\/08\/40.gif","datePublished":"2019-08-23T14:05:01+00:00","dateModified":"2021-03-30T13:22:44+00:00","breadcrumb":{"@id":"http:\/\/asso.unilim.fr\/daguesseau\/justice-ethique-et-dignite\/#breadcrumb"},"inLanguage":"fr-FR","potentialAction":[{"@type":"ReadAction","target":["http:\/\/asso.unilim.fr\/daguesseau\/justice-ethique-et-dignite\/"]}]},{"@type":"ImageObject","inLanguage":"fr-FR","@id":"http:\/\/asso.unilim.fr\/daguesseau\/justice-ethique-et-dignite\/#primaryimage","url":"https:\/\/www.daguesseau.fr\/wp-content\/uploads\/sites\/10\/2019\/08\/40.gif","contentUrl":"https:\/\/www.daguesseau.fr\/wp-content\/uploads\/sites\/10\/2019\/08\/40.gif"},{"@type":"BreadcrumbList","@id":"http:\/\/asso.unilim.fr\/daguesseau\/justice-ethique-et-dignite\/#breadcrumb","itemListElement":[{"@type":"ListItem","position":1,"name":"Accueil","item":"http:\/\/asso.unilim.fr\/daguesseau\/"},{"@type":"ListItem","position":2,"name":"Justice, \u00e9thique et dignit\u00e9"}]},{"@type":"WebSite","@id":"http:\/\/asso.unilim.fr\/daguesseau\/#website","url":"http:\/\/asso.unilim.fr\/daguesseau\/","name":"Entretiens d&#039;Aguesseau","description":"universit\u00e9 ouverte source de r\u00e9ussites","potentialAction":[{"@type":"SearchAction","target":{"@type":"EntryPoint","urlTemplate":"http:\/\/asso.unilim.fr\/daguesseau\/?s={search_term_string}"},"query-input":{"@type":"PropertyValueSpecification","valueRequired":true,"valueName":"search_term_string"}}],"inLanguage":"fr-FR"}]}},"_links":{"self":[{"href":"https:\/\/asso.unilim.fr\/daguesseau\/wp-json\/wp\/v2\/pages\/81","targetHints":{"allow":["GET"]}}],"collection":[{"href":"https:\/\/asso.unilim.fr\/daguesseau\/wp-json\/wp\/v2\/pages"}],"about":[{"href":"https:\/\/asso.unilim.fr\/daguesseau\/wp-json\/wp\/v2\/types\/page"}],"author":[{"embeddable":true,"href":"https:\/\/asso.unilim.fr\/daguesseau\/wp-json\/wp\/v2\/users\/97"}],"replies":[{"embeddable":true,"href":"https:\/\/asso.unilim.fr\/daguesseau\/wp-json\/wp\/v2\/comments?post=81"}],"version-history":[{"count":0,"href":"https:\/\/asso.unilim.fr\/daguesseau\/wp-json\/wp\/v2\/pages\/81\/revisions"}],"wp:attachment":[{"href":"https:\/\/asso.unilim.fr\/daguesseau\/wp-json\/wp\/v2\/media?parent=81"}],"curies":[{"name":"wp","href":"https:\/\/api.w.org\/{rel}","templated":true}]}}