{"id":74,"date":"2019-08-23T15:58:59","date_gmt":"2019-08-23T13:58:59","guid":{"rendered":"http:\/\/asso.unilim.fr\/daguesseau\/?page_id=74"},"modified":"2021-03-30T15:23:55","modified_gmt":"2021-03-30T13:23:55","slug":"justice-et-democratie","status":"publish","type":"page","link":"https:\/\/asso.unilim.fr\/daguesseau\/justice-et-democratie\/","title":{"rendered":"Justice et d\u00e9mocratie"},"content":{"rendered":"<p><img loading=\"lazy\" decoding=\"async\" class=\"size-full wp-image-75 alignright\" src=\"https:\/\/www.daguesseau.fr\/wp-content\/uploads\/sites\/10\/2019\/08\/60.gif\" alt=\"\" width=\"125\" height=\"188\" \/><b><\/b><i><\/i><u><\/u><\/p>\n<p><strong>Justice et d\u00e9mocratie<\/strong><\/p>\n<p>Colloque plac\u00e9 sous le haut patronage du garde des sceaux, ministre de la justice et du secr\u00e9taire g\u00e9n\u00e9ral du Conseil de l&rsquo;Europe, Limoges, 21et 22 nov. 2002.<\/p>\n<p>Coordination \u00e9ditoriale par Simone Gaboriau et H\u00e9l\u00e8ne Pauliat<\/p>\n<p>Le r\u00f4le de la justice est pr\u00e9pond\u00e9rant dans le d\u00e9veloppement concret de la d\u00e9mocratie, dans nos pays comme \u00e0 l\u2019\u00e9tranger. C\u2019est donc \u00e0 une justice ind\u00e9pendante de l\u2019\u00e9tat et des institutions qu\u2019est d\u00e9di\u00e9 cet ouvrage de r\u00e9flexion. Quels sont les r\u00f4les des magistrats dans la d\u00e9mocratisation d\u2019une nation ? Quelle est leur fonction \u00e9thique ? Cet ouvrage fait suite \u00e0 deux pr\u00e9c\u00e9dents colloques portant sur la dimension \u00e9thique de la justice. Soucieux de d\u00e9velopper un propos collectif, il donne la parole \u00e0 des magistrats, des repr\u00e9sentants d\u2019association, des universitaires, des philosophes.<\/p>\n<p>Au sommaire notamment : Les moments d\u2019un droit (M. Mass\u00e9) ; Accompagner Oradour (M. Kiener) ; De l\u2019indicible \u00e0 la parole de la justice (S. Gaboriau) ; La justice p\u00e9nale internationale de Nuremberg \u00e0 la Haye (H. Ascensio) ; La position de l\u2019Etat fran\u00e7ais face \u00e0 la justice p\u00e9nale internationale et les perspectives d\u2019\u00e9volution (P.-A. Lag\u00e8ze) ; Raison d\u2019Etat et ordre p\u00e9nal international (J.-Fr. Lachaume) ; La contribution des ordres r\u00e9gionaux de protection des droits de l\u2019homme au d\u00e9veloppement d\u2019un monde de droit (J. Andriantsimbazovino) ; Le tribunal p\u00e9nal international (TPIY), un tribunal pour l\u2019histoire ? Carnets de voyage \u00e0 La Haye (H. Pauliat) ; Le tribunal p\u00e9nal international pour l\u2019ex-Yougoslavie : bilan et perspectives (A. S. Rodriguez) ; La d\u00e9fense devant le TPIY (X. de Roux) ; Regards sur le TPIY (R. Brauman) ; La reconstruction judiciaire au Kosovo (S. Pantz) ; Quel Etat de droit (R. Savy) ; Pourquoi combattre l\u2019impunit\u00e9 (D. Robiliard) ; Pourquoi combattre l\u2019impunit\u00e9 dans le cadre international ? La cour p\u00e9nale internationale : de l\u2019impunit\u00e9 \u00e0 la r\u00e9pression ? (C. Santulli) L\u2019exp\u00e9rience belge de la comp\u00e9tence universelle (P. Martens) ; La place des victimes et leurs moyens de faire valoir leurs droits (W. Bourdon) ; Les femmes victimes de viols et de violences sexuelles (G. Donnard) ; Le g\u00e9nocide rwandais : une justice imparfaite (F.-X. Nsanzuwera) ; Le drame cambodgien : des victimes en qu\u00eate de justice (Boun-Hor Ung) ; Les d\u00e9maeches de pardon ; l\u2019exp\u00e9rience de l\u2019Afrique du Sud (N. Poulet) ; La justice p\u00e9nale internationale, entre le devoir d\u2019exister et le droit de pardonner (S. Guinchard) ; Le TPIY, laisser une trace durable\u2026 (Cl. Jorda) ; en annexe bibliographie (A. Ant\u00e9bi) ; les textes des conventions internationales, des statuts des TPI\u2026<\/p>\n<p>\u00c9diteur Presses universitaires de Limoges<br \/>\nSupport Livre broch\u00e9<br \/>\nNb de pages 536 p.<br \/>\nISBN-10 2-84287-313-0<br \/>\nISBN-13 978-2-84287-313-4<br \/>\nGTIN13 (EAN13) 9782842873134<\/p>\n","protected":false},"excerpt":{"rendered":"<p>Justice et d\u00e9mocratie Colloque plac\u00e9 sous le haut patronage du garde des sceaux, ministre de la justice et du secr\u00e9taire g\u00e9n\u00e9ral du Conseil de l&rsquo;Europe, Limoges, 21et 22 nov. 2002. Coordination \u00e9ditoriale par Simone Gaboriau et H\u00e9l\u00e8ne Pauliat Le r\u00f4le de la justice est pr\u00e9pond\u00e9rant dans le d\u00e9veloppement concret de la d\u00e9mocratie, dans nos pays [&hellip;]<\/p>\n","protected":false},"author":97,"featured_media":0,"parent":0,"menu_order":0,"comment_status":"closed","ping_status":"closed","template":"","meta":{"footnotes":""},"class_list":["post-74","page","type-page","status-publish","hentry"],"yoast_head":"<!-- This site is optimized with the Yoast SEO plugin v26.3 - https:\/\/yoast.com\/wordpress\/plugins\/seo\/ -->\n<title>Justice et d\u00e9mocratie - Entretiens d&#039;Aguesseau<\/title>\n<meta name=\"robots\" content=\"index, follow, max-snippet:-1, max-image-preview:large, max-video-preview:-1\" \/>\n<link rel=\"canonical\" href=\"http:\/\/asso.unilim.fr\/daguesseau\/justice-et-democratie\/\" \/>\n<meta property=\"og:locale\" content=\"fr_FR\" \/>\n<meta property=\"og:type\" content=\"article\" \/>\n<meta property=\"og:title\" content=\"Justice et d\u00e9mocratie - Entretiens d&#039;Aguesseau\" \/>\n<meta property=\"og:description\" content=\"Justice et d\u00e9mocratie Colloque plac\u00e9 sous le haut patronage du garde des sceaux, ministre de la justice et du secr\u00e9taire g\u00e9n\u00e9ral du Conseil de l&rsquo;Europe, Limoges, 21et 22 nov. 2002. Coordination \u00e9ditoriale par Simone Gaboriau et H\u00e9l\u00e8ne Pauliat Le r\u00f4le de la justice est pr\u00e9pond\u00e9rant dans le d\u00e9veloppement concret de la d\u00e9mocratie, dans nos pays [&hellip;]\" \/>\n<meta property=\"og:url\" content=\"http:\/\/asso.unilim.fr\/daguesseau\/justice-et-democratie\/\" \/>\n<meta property=\"og:site_name\" content=\"Entretiens d&#039;Aguesseau\" \/>\n<meta property=\"article:modified_time\" content=\"2021-03-30T13:23:55+00:00\" \/>\n<meta property=\"og:image\" content=\"https:\/\/www.daguesseau.fr\/wp-content\/uploads\/sites\/10\/2019\/08\/60.gif\" \/>\n<meta name=\"twitter:card\" content=\"summary_large_image\" \/>\n<meta name=\"twitter:label1\" content=\"Dur\u00e9e de lecture estim\u00e9e\" \/>\n\t<meta name=\"twitter:data1\" content=\"2 minutes\" \/>\n<script type=\"application\/ld+json\" class=\"yoast-schema-graph\">{\"@context\":\"https:\/\/schema.org\",\"@graph\":[{\"@type\":\"WebPage\",\"@id\":\"http:\/\/asso.unilim.fr\/daguesseau\/justice-et-democratie\/\",\"url\":\"http:\/\/asso.unilim.fr\/daguesseau\/justice-et-democratie\/\",\"name\":\"Justice et d\u00e9mocratie - Entretiens d&#039;Aguesseau\",\"isPartOf\":{\"@id\":\"http:\/\/asso.unilim.fr\/daguesseau\/#website\"},\"primaryImageOfPage\":{\"@id\":\"http:\/\/asso.unilim.fr\/daguesseau\/justice-et-democratie\/#primaryimage\"},\"image\":{\"@id\":\"http:\/\/asso.unilim.fr\/daguesseau\/justice-et-democratie\/#primaryimage\"},\"thumbnailUrl\":\"https:\/\/www.daguesseau.fr\/wp-content\/uploads\/sites\/10\/2019\/08\/60.gif\",\"datePublished\":\"2019-08-23T13:58:59+00:00\",\"dateModified\":\"2021-03-30T13:23:55+00:00\",\"breadcrumb\":{\"@id\":\"http:\/\/asso.unilim.fr\/daguesseau\/justice-et-democratie\/#breadcrumb\"},\"inLanguage\":\"fr-FR\",\"potentialAction\":[{\"@type\":\"ReadAction\",\"target\":[\"http:\/\/asso.unilim.fr\/daguesseau\/justice-et-democratie\/\"]}]},{\"@type\":\"ImageObject\",\"inLanguage\":\"fr-FR\",\"@id\":\"http:\/\/asso.unilim.fr\/daguesseau\/justice-et-democratie\/#primaryimage\",\"url\":\"https:\/\/www.daguesseau.fr\/wp-content\/uploads\/sites\/10\/2019\/08\/60.gif\",\"contentUrl\":\"https:\/\/www.daguesseau.fr\/wp-content\/uploads\/sites\/10\/2019\/08\/60.gif\"},{\"@type\":\"BreadcrumbList\",\"@id\":\"http:\/\/asso.unilim.fr\/daguesseau\/justice-et-democratie\/#breadcrumb\",\"itemListElement\":[{\"@type\":\"ListItem\",\"position\":1,\"name\":\"Accueil\",\"item\":\"http:\/\/asso.unilim.fr\/daguesseau\/\"},{\"@type\":\"ListItem\",\"position\":2,\"name\":\"Justice et d\u00e9mocratie\"}]},{\"@type\":\"WebSite\",\"@id\":\"http:\/\/asso.unilim.fr\/daguesseau\/#website\",\"url\":\"http:\/\/asso.unilim.fr\/daguesseau\/\",\"name\":\"Entretiens d&#039;Aguesseau\",\"description\":\"universit\u00e9 ouverte source de r\u00e9ussites\",\"potentialAction\":[{\"@type\":\"SearchAction\",\"target\":{\"@type\":\"EntryPoint\",\"urlTemplate\":\"http:\/\/asso.unilim.fr\/daguesseau\/?s={search_term_string}\"},\"query-input\":{\"@type\":\"PropertyValueSpecification\",\"valueRequired\":true,\"valueName\":\"search_term_string\"}}],\"inLanguage\":\"fr-FR\"}]}<\/script>\n<!-- \/ Yoast SEO plugin. -->","yoast_head_json":{"title":"Justice et d\u00e9mocratie - Entretiens d&#039;Aguesseau","robots":{"index":"index","follow":"follow","max-snippet":"max-snippet:-1","max-image-preview":"max-image-preview:large","max-video-preview":"max-video-preview:-1"},"canonical":"http:\/\/asso.unilim.fr\/daguesseau\/justice-et-democratie\/","og_locale":"fr_FR","og_type":"article","og_title":"Justice et d\u00e9mocratie - Entretiens d&#039;Aguesseau","og_description":"Justice et d\u00e9mocratie Colloque plac\u00e9 sous le haut patronage du garde des sceaux, ministre de la justice et du secr\u00e9taire g\u00e9n\u00e9ral du Conseil de l&rsquo;Europe, Limoges, 21et 22 nov. 2002. Coordination \u00e9ditoriale par Simone Gaboriau et H\u00e9l\u00e8ne Pauliat Le r\u00f4le de la justice est pr\u00e9pond\u00e9rant dans le d\u00e9veloppement concret de la d\u00e9mocratie, dans nos pays [&hellip;]","og_url":"http:\/\/asso.unilim.fr\/daguesseau\/justice-et-democratie\/","og_site_name":"Entretiens d&#039;Aguesseau","article_modified_time":"2021-03-30T13:23:55+00:00","og_image":[{"url":"https:\/\/www.daguesseau.fr\/wp-content\/uploads\/sites\/10\/2019\/08\/60.gif","type":"","width":"","height":""}],"twitter_card":"summary_large_image","twitter_misc":{"Dur\u00e9e de lecture estim\u00e9e":"2 minutes"},"schema":{"@context":"https:\/\/schema.org","@graph":[{"@type":"WebPage","@id":"http:\/\/asso.unilim.fr\/daguesseau\/justice-et-democratie\/","url":"http:\/\/asso.unilim.fr\/daguesseau\/justice-et-democratie\/","name":"Justice et d\u00e9mocratie - Entretiens d&#039;Aguesseau","isPartOf":{"@id":"http:\/\/asso.unilim.fr\/daguesseau\/#website"},"primaryImageOfPage":{"@id":"http:\/\/asso.unilim.fr\/daguesseau\/justice-et-democratie\/#primaryimage"},"image":{"@id":"http:\/\/asso.unilim.fr\/daguesseau\/justice-et-democratie\/#primaryimage"},"thumbnailUrl":"https:\/\/www.daguesseau.fr\/wp-content\/uploads\/sites\/10\/2019\/08\/60.gif","datePublished":"2019-08-23T13:58:59+00:00","dateModified":"2021-03-30T13:23:55+00:00","breadcrumb":{"@id":"http:\/\/asso.unilim.fr\/daguesseau\/justice-et-democratie\/#breadcrumb"},"inLanguage":"fr-FR","potentialAction":[{"@type":"ReadAction","target":["http:\/\/asso.unilim.fr\/daguesseau\/justice-et-democratie\/"]}]},{"@type":"ImageObject","inLanguage":"fr-FR","@id":"http:\/\/asso.unilim.fr\/daguesseau\/justice-et-democratie\/#primaryimage","url":"https:\/\/www.daguesseau.fr\/wp-content\/uploads\/sites\/10\/2019\/08\/60.gif","contentUrl":"https:\/\/www.daguesseau.fr\/wp-content\/uploads\/sites\/10\/2019\/08\/60.gif"},{"@type":"BreadcrumbList","@id":"http:\/\/asso.unilim.fr\/daguesseau\/justice-et-democratie\/#breadcrumb","itemListElement":[{"@type":"ListItem","position":1,"name":"Accueil","item":"http:\/\/asso.unilim.fr\/daguesseau\/"},{"@type":"ListItem","position":2,"name":"Justice et d\u00e9mocratie"}]},{"@type":"WebSite","@id":"http:\/\/asso.unilim.fr\/daguesseau\/#website","url":"http:\/\/asso.unilim.fr\/daguesseau\/","name":"Entretiens d&#039;Aguesseau","description":"universit\u00e9 ouverte source de r\u00e9ussites","potentialAction":[{"@type":"SearchAction","target":{"@type":"EntryPoint","urlTemplate":"http:\/\/asso.unilim.fr\/daguesseau\/?s={search_term_string}"},"query-input":{"@type":"PropertyValueSpecification","valueRequired":true,"valueName":"search_term_string"}}],"inLanguage":"fr-FR"}]}},"_links":{"self":[{"href":"https:\/\/asso.unilim.fr\/daguesseau\/wp-json\/wp\/v2\/pages\/74","targetHints":{"allow":["GET"]}}],"collection":[{"href":"https:\/\/asso.unilim.fr\/daguesseau\/wp-json\/wp\/v2\/pages"}],"about":[{"href":"https:\/\/asso.unilim.fr\/daguesseau\/wp-json\/wp\/v2\/types\/page"}],"author":[{"embeddable":true,"href":"https:\/\/asso.unilim.fr\/daguesseau\/wp-json\/wp\/v2\/users\/97"}],"replies":[{"embeddable":true,"href":"https:\/\/asso.unilim.fr\/daguesseau\/wp-json\/wp\/v2\/comments?post=74"}],"version-history":[{"count":0,"href":"https:\/\/asso.unilim.fr\/daguesseau\/wp-json\/wp\/v2\/pages\/74\/revisions"}],"wp:attachment":[{"href":"https:\/\/asso.unilim.fr\/daguesseau\/wp-json\/wp\/v2\/media?parent=74"}],"curies":[{"name":"wp","href":"https:\/\/api.w.org\/{rel}","templated":true}]}}