{"id":102,"date":"2019-08-23T16:36:30","date_gmt":"2019-08-23T14:36:30","guid":{"rendered":"http:\/\/asso.unilim.fr\/daguesseau\/?page_id=102"},"modified":"2021-03-30T15:24:39","modified_gmt":"2021-03-30T13:24:39","slug":"justice-et-liberte-dexpression","status":"publish","type":"page","link":"https:\/\/asso.unilim.fr\/daguesseau\/justice-et-liberte-dexpression\/","title":{"rendered":"Justice et libert\u00e9 d&rsquo;expression"},"content":{"rendered":"<p><strong>Justice et libert\u00e9 d&rsquo;expression <img loading=\"lazy\" decoding=\"async\" class=\"size-medium wp-image-103 alignleft\" src=\"https:\/\/www.daguesseau.fr\/wp-content\/uploads\/sites\/10\/2019\/08\/justice-et-liberte-d-expression-9782842876111-188x300.jpg\" alt=\"\" width=\"188\" height=\"300\" srcset=\"https:\/\/www.daguesseau.fr\/wp-content\/uploads\/sites\/10\/2019\/08\/justice-et-liberte-d-expression-9782842876111-188x300.jpg 188w, https:\/\/www.daguesseau.fr\/wp-content\/uploads\/sites\/10\/2019\/08\/justice-et-liberte-d-expression-9782842876111.jpg 198w\" sizes=\"auto, (max-width: 188px) 100vw, 188px\" \/><\/strong><\/p>\n<p>Colloque tenu \u00e0 Limoges, 15 mars 2013<\/p>\n<p>Coordination \u00e9ditoriale par H\u00e9l\u00e8ne Pauliat, Laurent Berthier et Eric N\u00e9gron<\/p>\n<p>L\u2019Association d\u2019Aguesseau a d\u00e9cid\u00e9 de poursuivre ses travaux en s\u2019int\u00e9ressant \u00e0 la question de la libert\u00e9 d\u2019expression, et aux rapports qu\u2019entretiennent les juristes avec cette derni\u00e8re, lorsqu\u2019ils s\u2019en pr\u00e9valent ou tentent d\u2019en fixer les fronti\u00e8res.<\/p>\n<p>Afin de cerner au plus pr\u00e8s les interrogations contemporaines suscit\u00e9es par le th\u00e8me, le colloque du 15 mars 2013 s\u2019est structur\u00e9 en trois temps d\u2019\u00e9tude et de r\u00e9flexions, l\u2019un consacr\u00e9 \u00e0 \u00ab La libert\u00e9 d\u2019expression des professionnels du droit \u00bb, le second \u00e0 \u00ab Justice, expression artistique et libert\u00e9 d\u2019expression en histoire\u00bb et le dernier \u00e0 \u00ab La libert\u00e9 d\u2019expression et les nouveaux moyens de communication \u00bb. Des intervenants issus d\u2019horizons divers, juges, historiens de l\u2019art, sp\u00e9cialistes des nouvelles technologies de l\u2019information et de la communication, universitaires, personnalit\u00e9s du monde th\u00e9\u00e2tral ou avocats ont partag\u00e9 leurs analyses dans le cadre de chacun des volets envisag\u00e9s, tentant ainsi de fixer quelles sont aujourd\u2019hui les garanties offertes \u00e0 cette libert\u00e9, mais \u00e9galement les limites lui \u00e9tant oppos\u00e9es. Ces d\u00e9bats de qualit\u00e9 ont permis de rappeler le caract\u00e8re essentiel de la libert\u00e9 d\u2019expression dans une soci\u00e9t\u00e9 d\u00e9mocratique, mais \u00e9galement \u00e0 quel point cette pr\u00e9rogative suscite et doit continuer \u00e0 susciter vigilance et attention, face aux menaces et d\u00e9rives susceptibles de l\u2019atteindre.<\/p>\n<p>Editeur : Presses Universitaires de Limoges<br \/>\nCollection : Entretiens d&rsquo;Aguesseau<br \/>\nISBN : 978-2-84287-611-1<br \/>\n200 pages &#8211; Parution : 07\/2014<\/p>\n","protected":false},"excerpt":{"rendered":"<p>Justice et libert\u00e9 d&rsquo;expression Colloque tenu \u00e0 Limoges, 15 mars 2013 Coordination \u00e9ditoriale par H\u00e9l\u00e8ne Pauliat, Laurent Berthier et Eric N\u00e9gron L\u2019Association d\u2019Aguesseau a d\u00e9cid\u00e9 de poursuivre ses travaux en s\u2019int\u00e9ressant \u00e0 la question de la libert\u00e9 d\u2019expression, et aux rapports qu\u2019entretiennent les juristes avec cette derni\u00e8re, lorsqu\u2019ils s\u2019en pr\u00e9valent ou tentent d\u2019en fixer les [&hellip;]<\/p>\n","protected":false},"author":97,"featured_media":0,"parent":0,"menu_order":0,"comment_status":"closed","ping_status":"closed","template":"","meta":{"footnotes":""},"class_list":["post-102","page","type-page","status-publish","hentry"],"yoast_head":"<!-- This site is optimized with the Yoast SEO plugin v26.3 - https:\/\/yoast.com\/wordpress\/plugins\/seo\/ -->\n<title>Justice et libert\u00e9 d&#039;expression - Entretiens d&#039;Aguesseau<\/title>\n<meta name=\"robots\" content=\"index, follow, max-snippet:-1, max-image-preview:large, max-video-preview:-1\" \/>\n<link rel=\"canonical\" href=\"http:\/\/asso.unilim.fr\/daguesseau\/justice-et-liberte-dexpression\/\" \/>\n<meta property=\"og:locale\" content=\"fr_FR\" \/>\n<meta property=\"og:type\" content=\"article\" \/>\n<meta property=\"og:title\" content=\"Justice et libert\u00e9 d&#039;expression - Entretiens d&#039;Aguesseau\" \/>\n<meta property=\"og:description\" content=\"Justice et libert\u00e9 d&rsquo;expression Colloque tenu \u00e0 Limoges, 15 mars 2013 Coordination \u00e9ditoriale par H\u00e9l\u00e8ne Pauliat, Laurent Berthier et Eric N\u00e9gron L\u2019Association d\u2019Aguesseau a d\u00e9cid\u00e9 de poursuivre ses travaux en s\u2019int\u00e9ressant \u00e0 la question de la libert\u00e9 d\u2019expression, et aux rapports qu\u2019entretiennent les juristes avec cette derni\u00e8re, lorsqu\u2019ils s\u2019en pr\u00e9valent ou tentent d\u2019en fixer les [&hellip;]\" \/>\n<meta property=\"og:url\" content=\"http:\/\/asso.unilim.fr\/daguesseau\/justice-et-liberte-dexpression\/\" \/>\n<meta property=\"og:site_name\" content=\"Entretiens d&#039;Aguesseau\" \/>\n<meta property=\"article:modified_time\" content=\"2021-03-30T13:24:39+00:00\" \/>\n<meta property=\"og:image\" content=\"https:\/\/www.daguesseau.fr\/wp-content\/uploads\/sites\/10\/2019\/08\/justice-et-liberte-d-expression-9782842876111-188x300.jpg\" \/>\n<meta name=\"twitter:card\" content=\"summary_large_image\" \/>\n<meta name=\"twitter:label1\" content=\"Dur\u00e9e de lecture estim\u00e9e\" \/>\n\t<meta name=\"twitter:data1\" content=\"1 minute\" \/>\n<script type=\"application\/ld+json\" class=\"yoast-schema-graph\">{\"@context\":\"https:\/\/schema.org\",\"@graph\":[{\"@type\":\"WebPage\",\"@id\":\"http:\/\/asso.unilim.fr\/daguesseau\/justice-et-liberte-dexpression\/\",\"url\":\"http:\/\/asso.unilim.fr\/daguesseau\/justice-et-liberte-dexpression\/\",\"name\":\"Justice et libert\u00e9 d'expression - Entretiens d&#039;Aguesseau\",\"isPartOf\":{\"@id\":\"http:\/\/asso.unilim.fr\/daguesseau\/#website\"},\"primaryImageOfPage\":{\"@id\":\"http:\/\/asso.unilim.fr\/daguesseau\/justice-et-liberte-dexpression\/#primaryimage\"},\"image\":{\"@id\":\"http:\/\/asso.unilim.fr\/daguesseau\/justice-et-liberte-dexpression\/#primaryimage\"},\"thumbnailUrl\":\"https:\/\/www.daguesseau.fr\/wp-content\/uploads\/sites\/10\/2019\/08\/justice-et-liberte-d-expression-9782842876111-188x300.jpg\",\"datePublished\":\"2019-08-23T14:36:30+00:00\",\"dateModified\":\"2021-03-30T13:24:39+00:00\",\"breadcrumb\":{\"@id\":\"http:\/\/asso.unilim.fr\/daguesseau\/justice-et-liberte-dexpression\/#breadcrumb\"},\"inLanguage\":\"fr-FR\",\"potentialAction\":[{\"@type\":\"ReadAction\",\"target\":[\"http:\/\/asso.unilim.fr\/daguesseau\/justice-et-liberte-dexpression\/\"]}]},{\"@type\":\"ImageObject\",\"inLanguage\":\"fr-FR\",\"@id\":\"http:\/\/asso.unilim.fr\/daguesseau\/justice-et-liberte-dexpression\/#primaryimage\",\"url\":\"https:\/\/www.daguesseau.fr\/wp-content\/uploads\/sites\/10\/2019\/08\/justice-et-liberte-d-expression-9782842876111-188x300.jpg\",\"contentUrl\":\"https:\/\/www.daguesseau.fr\/wp-content\/uploads\/sites\/10\/2019\/08\/justice-et-liberte-d-expression-9782842876111-188x300.jpg\"},{\"@type\":\"BreadcrumbList\",\"@id\":\"http:\/\/asso.unilim.fr\/daguesseau\/justice-et-liberte-dexpression\/#breadcrumb\",\"itemListElement\":[{\"@type\":\"ListItem\",\"position\":1,\"name\":\"Accueil\",\"item\":\"http:\/\/asso.unilim.fr\/daguesseau\/\"},{\"@type\":\"ListItem\",\"position\":2,\"name\":\"Justice et libert\u00e9 d&rsquo;expression\"}]},{\"@type\":\"WebSite\",\"@id\":\"http:\/\/asso.unilim.fr\/daguesseau\/#website\",\"url\":\"http:\/\/asso.unilim.fr\/daguesseau\/\",\"name\":\"Entretiens d&#039;Aguesseau\",\"description\":\"universit\u00e9 ouverte source de r\u00e9ussites\",\"potentialAction\":[{\"@type\":\"SearchAction\",\"target\":{\"@type\":\"EntryPoint\",\"urlTemplate\":\"http:\/\/asso.unilim.fr\/daguesseau\/?s={search_term_string}\"},\"query-input\":{\"@type\":\"PropertyValueSpecification\",\"valueRequired\":true,\"valueName\":\"search_term_string\"}}],\"inLanguage\":\"fr-FR\"}]}<\/script>\n<!-- \/ Yoast SEO plugin. -->","yoast_head_json":{"title":"Justice et libert\u00e9 d'expression - Entretiens d&#039;Aguesseau","robots":{"index":"index","follow":"follow","max-snippet":"max-snippet:-1","max-image-preview":"max-image-preview:large","max-video-preview":"max-video-preview:-1"},"canonical":"http:\/\/asso.unilim.fr\/daguesseau\/justice-et-liberte-dexpression\/","og_locale":"fr_FR","og_type":"article","og_title":"Justice et libert\u00e9 d'expression - Entretiens d&#039;Aguesseau","og_description":"Justice et libert\u00e9 d&rsquo;expression Colloque tenu \u00e0 Limoges, 15 mars 2013 Coordination \u00e9ditoriale par H\u00e9l\u00e8ne Pauliat, Laurent Berthier et Eric N\u00e9gron L\u2019Association d\u2019Aguesseau a d\u00e9cid\u00e9 de poursuivre ses travaux en s\u2019int\u00e9ressant \u00e0 la question de la libert\u00e9 d\u2019expression, et aux rapports qu\u2019entretiennent les juristes avec cette derni\u00e8re, lorsqu\u2019ils s\u2019en pr\u00e9valent ou tentent d\u2019en fixer les [&hellip;]","og_url":"http:\/\/asso.unilim.fr\/daguesseau\/justice-et-liberte-dexpression\/","og_site_name":"Entretiens d&#039;Aguesseau","article_modified_time":"2021-03-30T13:24:39+00:00","og_image":[{"url":"https:\/\/www.daguesseau.fr\/wp-content\/uploads\/sites\/10\/2019\/08\/justice-et-liberte-d-expression-9782842876111-188x300.jpg","type":"","width":"","height":""}],"twitter_card":"summary_large_image","twitter_misc":{"Dur\u00e9e de lecture estim\u00e9e":"1 minute"},"schema":{"@context":"https:\/\/schema.org","@graph":[{"@type":"WebPage","@id":"http:\/\/asso.unilim.fr\/daguesseau\/justice-et-liberte-dexpression\/","url":"http:\/\/asso.unilim.fr\/daguesseau\/justice-et-liberte-dexpression\/","name":"Justice et libert\u00e9 d'expression - Entretiens d&#039;Aguesseau","isPartOf":{"@id":"http:\/\/asso.unilim.fr\/daguesseau\/#website"},"primaryImageOfPage":{"@id":"http:\/\/asso.unilim.fr\/daguesseau\/justice-et-liberte-dexpression\/#primaryimage"},"image":{"@id":"http:\/\/asso.unilim.fr\/daguesseau\/justice-et-liberte-dexpression\/#primaryimage"},"thumbnailUrl":"https:\/\/www.daguesseau.fr\/wp-content\/uploads\/sites\/10\/2019\/08\/justice-et-liberte-d-expression-9782842876111-188x300.jpg","datePublished":"2019-08-23T14:36:30+00:00","dateModified":"2021-03-30T13:24:39+00:00","breadcrumb":{"@id":"http:\/\/asso.unilim.fr\/daguesseau\/justice-et-liberte-dexpression\/#breadcrumb"},"inLanguage":"fr-FR","potentialAction":[{"@type":"ReadAction","target":["http:\/\/asso.unilim.fr\/daguesseau\/justice-et-liberte-dexpression\/"]}]},{"@type":"ImageObject","inLanguage":"fr-FR","@id":"http:\/\/asso.unilim.fr\/daguesseau\/justice-et-liberte-dexpression\/#primaryimage","url":"https:\/\/www.daguesseau.fr\/wp-content\/uploads\/sites\/10\/2019\/08\/justice-et-liberte-d-expression-9782842876111-188x300.jpg","contentUrl":"https:\/\/www.daguesseau.fr\/wp-content\/uploads\/sites\/10\/2019\/08\/justice-et-liberte-d-expression-9782842876111-188x300.jpg"},{"@type":"BreadcrumbList","@id":"http:\/\/asso.unilim.fr\/daguesseau\/justice-et-liberte-dexpression\/#breadcrumb","itemListElement":[{"@type":"ListItem","position":1,"name":"Accueil","item":"http:\/\/asso.unilim.fr\/daguesseau\/"},{"@type":"ListItem","position":2,"name":"Justice et libert\u00e9 d&rsquo;expression"}]},{"@type":"WebSite","@id":"http:\/\/asso.unilim.fr\/daguesseau\/#website","url":"http:\/\/asso.unilim.fr\/daguesseau\/","name":"Entretiens d&#039;Aguesseau","description":"universit\u00e9 ouverte source de r\u00e9ussites","potentialAction":[{"@type":"SearchAction","target":{"@type":"EntryPoint","urlTemplate":"http:\/\/asso.unilim.fr\/daguesseau\/?s={search_term_string}"},"query-input":{"@type":"PropertyValueSpecification","valueRequired":true,"valueName":"search_term_string"}}],"inLanguage":"fr-FR"}]}},"_links":{"self":[{"href":"https:\/\/asso.unilim.fr\/daguesseau\/wp-json\/wp\/v2\/pages\/102","targetHints":{"allow":["GET"]}}],"collection":[{"href":"https:\/\/asso.unilim.fr\/daguesseau\/wp-json\/wp\/v2\/pages"}],"about":[{"href":"https:\/\/asso.unilim.fr\/daguesseau\/wp-json\/wp\/v2\/types\/page"}],"author":[{"embeddable":true,"href":"https:\/\/asso.unilim.fr\/daguesseau\/wp-json\/wp\/v2\/users\/97"}],"replies":[{"embeddable":true,"href":"https:\/\/asso.unilim.fr\/daguesseau\/wp-json\/wp\/v2\/comments?post=102"}],"version-history":[{"count":0,"href":"https:\/\/asso.unilim.fr\/daguesseau\/wp-json\/wp\/v2\/pages\/102\/revisions"}],"wp:attachment":[{"href":"https:\/\/asso.unilim.fr\/daguesseau\/wp-json\/wp\/v2\/media?parent=102"}],"curies":[{"name":"wp","href":"https:\/\/api.w.org\/{rel}","templated":true}]}}